{"id":708,"date":"2019-06-17T11:14:00","date_gmt":"2019-06-17T09:14:00","guid":{"rendered":"https:\/\/kadan.eu\/de\/?page_id=708"},"modified":"2021-05-25T15:23:47","modified_gmt":"2021-05-25T13:23:47","slug":"das-stadtbefestigungssystem","status":"publish","type":"page","link":"https:\/\/kadan.eu\/de\/sehenswurdigkeiten\/das-stadtbefestigungssystem\/","title":{"rendered":"Das Stadtbefestigungssystem"},"content":{"rendered":"\t\t<div data-elementor-type=\"wp-post\" data-elementor-id=\"708\" class=\"elementor elementor-708\">\n\t\t\t\t\t\t<div class=\"elementor-inner\">\n\t\t\t\t<div class=\"elementor-section-wrap\">\n\t\t\t\t\t\t\t\t\t<section class=\"elementor-section elementor-top-section elementor-element elementor-element-611e00a2 elementor-section-full_width elementor-section-height-default elementor-section-height-default\" data-id=\"611e00a2\" data-element_type=\"section\">\n\t\t\t\t\t\t<div class=\"elementor-container elementor-column-gap-default\">\n\t\t\t\t\t\t\t<div class=\"elementor-row\">\n\t\t\t\t\t<div class=\"elementor-column elementor-col-100 elementor-top-column elementor-element elementor-element-735297d4\" data-id=\"735297d4\" data-element_type=\"column\">\n\t\t\t<div class=\"elementor-column-wrap elementor-element-populated\">\n\t\t\t\t\t\t\t<div class=\"elementor-widget-wrap\">\n\t\t\t\t\t\t<section class=\"elementor-section elementor-inner-section elementor-element elementor-element-334e7e63 elementor-section-boxed elementor-section-height-default elementor-section-height-default\" data-id=\"334e7e63\" data-element_type=\"section\" data-settings=\"{&quot;background_background&quot;:&quot;classic&quot;}\">\n\t\t\t\t\t\t\t<div class=\"elementor-background-overlay\"><\/div>\n\t\t\t\t\t\t\t<div class=\"elementor-container elementor-column-gap-default\">\n\t\t\t\t\t\t\t<div class=\"elementor-row\">\n\t\t\t\t\t<div class=\"elementor-column elementor-col-100 elementor-inner-column elementor-element elementor-element-5653de22\" data-id=\"5653de22\" data-element_type=\"column\">\n\t\t\t<div class=\"elementor-column-wrap elementor-element-populated\">\n\t\t\t\t\t\t\t<div class=\"elementor-widget-wrap\">\n\t\t\t\t\t\t<div class=\"elementor-element elementor-element-34a373de elementor-widget elementor-widget-heading\" data-id=\"34a373de\" data-element_type=\"widget\" data-widget_type=\"heading.default\">\n\t\t\t\t<div class=\"elementor-widget-container\">\n\t\t\t<h3 class=\"elementor-heading-title elementor-size-default\">Das Stadtbefestigungssystem<\/h3>\t\t<\/div>\n\t\t\t\t<\/div>\n\t\t\t\t<div class=\"elementor-element elementor-element-70f860bc elementor-widget elementor-widget-text-editor\" data-id=\"70f860bc\" data-element_type=\"widget\" data-widget_type=\"text-editor.default\">\n\t\t\t\t<div class=\"elementor-widget-container\">\n\t\t\t\t\t\t\t\t<div class=\"elementor-text-editor elementor-clearfix\">\n\t\t\t\t<p>Die Befestigung der k\u00f6niglichen Stadt Kada\u0148 geh\u00f6rte zu den gr\u00f6\u00dften Stadtbefestigungen unseres Landes und geh\u00f6rt gleichzeitig zu den am besten erhaltenen Denkm\u00e4lern dieser Art \u00fcberhaupt. Der Bau begann bereits am Ende des 13. Jahrhunderts. Sp\u00e4ter wurde das Befestigungssystem mehrmals modernisiert und nutzt die vorteilhafte strategische Gestaltung der Stadt bestens aus.<\/p>\t\t\t\t\t<\/div>\n\t\t\t\t\t\t<\/div>\n\t\t\t\t<\/div>\n\t\t\t\t\t\t<\/div>\n\t\t\t\t\t<\/div>\n\t\t<\/div>\n\t\t\t\t\t\t\t\t<\/div>\n\t\t\t\t\t<\/div>\n\t\t<\/section>\n\t\t\t\t\t\t<\/div>\n\t\t\t\t\t<\/div>\n\t\t<\/div>\n\t\t\t\t\t\t\t\t<\/div>\n\t\t\t\t\t<\/div>\n\t\t<\/section>\n\t\t\t\t<section class=\"elementor-section elementor-top-section elementor-element elementor-element-44264402 elementor-section-boxed elementor-section-height-default elementor-section-height-default\" data-id=\"44264402\" data-element_type=\"section\">\n\t\t\t\t\t\t<div class=\"elementor-container elementor-column-gap-default\">\n\t\t\t\t\t\t\t<div class=\"elementor-row\">\n\t\t\t\t\t<div class=\"elementor-column elementor-col-100 elementor-top-column elementor-element elementor-element-5a4c2d0a\" data-id=\"5a4c2d0a\" data-element_type=\"column\">\n\t\t\t<div class=\"elementor-column-wrap elementor-element-populated\">\n\t\t\t\t\t\t\t<div class=\"elementor-widget-wrap\">\n\t\t\t\t\t\t<div class=\"elementor-element elementor-element-5a61ef2c elementor-widget elementor-widget-heading\" data-id=\"5a61ef2c\" data-element_type=\"widget\" data-widget_type=\"heading.default\">\n\t\t\t\t<div class=\"elementor-widget-container\">\n\t\t\t<h2 class=\"elementor-heading-title elementor-size-default\">Das Stadtbefestigungssystem<\/h2>\t\t<\/div>\n\t\t\t\t<\/div>\n\t\t\t\t<div class=\"elementor-element elementor-element-26112099 elementor-widget elementor-widget-text-editor\" data-id=\"26112099\" data-element_type=\"widget\" data-widget_type=\"text-editor.default\">\n\t\t\t\t<div class=\"elementor-widget-container\">\n\t\t\t\t\t\t\t\t<div class=\"elementor-text-editor elementor-clearfix\">\n\t\t\t\t<p>Eine der am besten erhaltenen Wehrbauten finden Sie hier in Kada\u0148. Der Bau, der am Ende des 13. Jahrhunderts begann, wurde durch die \u00f6rtliche Landschaftsgestaltung beeinflusst. Der zentrale Teil der Stadt, die sogenannte Altstadt, befindet sich auf einer strategisch vorteilhaften Bodenerh\u00f6hung, dessen Untergrund aus einem festen Gneisgestein besteht. Dar\u00fcber hinaus ist die Stadt von S\u00fcden durch den Fluss Eger \/Oh\u0159e und von Osten durch den Fluss Wistritz \/Byst\u0159ice (heutzutage entw\u00e4ssert) gesch\u00fctzt. Zus\u00e4tzlich wurde in einigen Abschnitten ein doppelt gemauerter Graben erbaut. Urspr\u00fcnglich bildete die Befestigung ein fast regelm\u00e4\u00dfiges Rechteck, das ungef\u00e4hr 500 Meter von S\u00fcd nach Nord und ungef\u00e4hr 350 Meter von Ost nach West gemessen hat. Mit mehreren Befestigungsstreifen, Ringmauern, vielen Verteidigungsbastionen, T\u00fcrmen, Toren und Pforten geh\u00f6rte die Befestigung der k\u00f6niglichen Stadt Kada\u0148 im Mittelalter zu den massivsten Befestigungssystemen im gesamten tschechischen K\u00f6nigreich. Ab dem 15. Jahrhundert lie\u00df Kada\u0148 sogar seine Vororte befestigen.<\/p>\t\t\t\t\t<\/div>\n\t\t\t\t\t\t<\/div>\n\t\t\t\t<\/div>\n\t\t\t\t<div class=\"elementor-element elementor-element-2d19eaa1 elementor-skin-carousel elementor-arrows-yes elementor-widget elementor-widget-media-carousel\" data-id=\"2d19eaa1\" data-element_type=\"widget\" data-settings=\"{&quot;effect&quot;:&quot;fade&quot;,&quot;space_between&quot;:{&quot;unit&quot;:&quot;px&quot;,&quot;size&quot;:0,&quot;sizes&quot;:[]},&quot;skin&quot;:&quot;carousel&quot;,&quot;show_arrows&quot;:&quot;yes&quot;,&quot;speed&quot;:500,&quot;autoplay&quot;:&quot;yes&quot;,&quot;autoplay_speed&quot;:5000,&quot;loop&quot;:&quot;yes&quot;,&quot;pause_on_hover&quot;:&quot;yes&quot;,&quot;pause_on_interaction&quot;:&quot;yes&quot;,&quot;space_between_tablet&quot;:{&quot;unit&quot;:&quot;px&quot;,&quot;size&quot;:10,&quot;sizes&quot;:[]},&quot;space_between_mobile&quot;:{&quot;unit&quot;:&quot;px&quot;,&quot;size&quot;:10,&quot;sizes&quot;:[]}}\" data-widget_type=\"media-carousel.default\">\n\t\t\t\t<div class=\"elementor-widget-container\">\n\t\t\t\t\t<div class=\"elementor-swiper\">\n\t\t\t<div class=\"elementor-main-swiper swiper-container\">\n\t\t\t\t<div class=\"swiper-wrapper\">\n\t\t\t\t\t\t\t\t\t\t\t<div class=\"swiper-slide\">\n\t\t\t\t\t\t\t\t\t<div class=\"elementor-carousel-image\" style=\"background-image: url(https:\/\/kadan.eu\/de\/wp-content\/uploads\/2019\/06\/hradebni_okruh_2-1.jpg)\">\n\t\t\t\t\t<\/div>\n\t\t\t\t\t\t\t\t<\/div>\n\t\t\t\t\t\t\t\t\t\t\t<div class=\"swiper-slide\">\n\t\t\t\t\t\t\t\t\t<div class=\"elementor-carousel-image\" style=\"background-image: url(https:\/\/kadan.eu\/de\/wp-content\/uploads\/2019\/06\/hradebni_okruh_1.jpg)\">\n\t\t\t\t\t<\/div>\n\t\t\t\t\t\t\t\t<\/div>\n\t\t\t\t\t\t\t\t\t\t\t<div class=\"swiper-slide\">\n\t\t\t\t\t\t\t\t\t<div class=\"elementor-carousel-image\" style=\"background-image: url(https:\/\/kadan.eu\/de\/wp-content\/uploads\/2019\/06\/basta_2.jpg)\">\n\t\t\t\t\t<\/div>\n\t\t\t\t\t\t\t\t<\/div>\n\t\t\t\t\t\t\t\t\t\t\t<div class=\"swiper-slide\">\n\t\t\t\t\t\t\t\t\t<div class=\"elementor-carousel-image\" style=\"background-image: url(https:\/\/kadan.eu\/de\/wp-content\/uploads\/2019\/06\/kadansky_hrad_1.jpg)\">\n\t\t\t\t\t<\/div>\n\t\t\t\t\t\t\t\t<\/div>\n\t\t\t\t\t\t\t\t\t<\/div>\n\t\t\t\t\t\t\t\t\t\t\t\t\t\t\t\t\t\t\t\t<div class=\"elementor-swiper-button elementor-swiper-button-prev\">\n\t\t\t\t\t\t\t<i aria-hidden=\"true\" class=\"eicon-chevron-left\"><\/i>\t\t\t\t\t\t\t<span class=\"elementor-screen-only\">Previous<\/span>\n\t\t\t\t\t\t<\/div>\n\t\t\t\t\t\t<div class=\"elementor-swiper-button elementor-swiper-button-next\">\n\t\t\t\t\t\t\t<i aria-hidden=\"true\" class=\"eicon-chevron-right\"><\/i>\t\t\t\t\t\t\t<span class=\"elementor-screen-only\">Next<\/span>\n\t\t\t\t\t\t<\/div>\n\t\t\t\t\t\t\t\t\t\t\t\t<\/div>\n\t\t<\/div>\n\t\t\t\t<\/div>\n\t\t\t\t<\/div>\n\t\t\t\t<div class=\"elementor-element elementor-element-7c4a107b elementor-widget elementor-widget-heading\" data-id=\"7c4a107b\" data-element_type=\"widget\" data-widget_type=\"heading.default\">\n\t\t\t\t<div class=\"elementor-widget-container\">\n\t\t\t<h2 class=\"elementor-heading-title elementor-size-default\">Ein bisschen Geschichte<\/h2>\t\t<\/div>\n\t\t\t\t<\/div>\n\t\t\t\t<div class=\"elementor-element elementor-element-2bbeb7c7 elementor-widget elementor-widget-text-editor\" data-id=\"2bbeb7c7\" data-element_type=\"widget\" data-widget_type=\"text-editor.default\">\n\t\t\t\t<div class=\"elementor-widget-container\">\n\t\t\t\t\t\t\t\t<div class=\"elementor-text-editor elementor-clearfix\">\n\t\t\t\t<p>Das Herz des Befestigungssystems der Kaadener Altstadt ist die Burg. Die wichtige Funktion des Hauptwachturms \u00fcbernahm der Rathaus-Turm, der strategisch g\u00fcnstig am Schnittpunkt der Diagonalen der Befestigung liegt. Die Altstadt war von bis zu drei Mauerstreifen umgeben, nur im Abschnitt am Fluss Eger \/Oh\u0159e waren es zwei Streifen. Sie wurden jedoch direkt auf dem Felsen gebaut, was ihre St\u00e4rke erh\u00f6hte. Der Befestigungsring wurde von vier Haupttoren durchbrochen: dem Saatzer-Tor (urspr\u00fcnlich auch Prager oder Schmidt-Tor genannt), dem Wasser-Tor, dem Heiligen Tor (auch Mikulowitzer-Tor genannt) und dem Brunnersdorfer-Tor \/ Prun\u00e9\u0159ovsk\u00e1.\u00a0 Klein, aber strategisch wichtig war die Pforte an der Henkergasse. Von den Haupttoren der Stadt ist nur eines erhalten, n\u00e4mlich das gotische, sp\u00e4ter im Renaissance-Stil umgebaute Heilige Tor. Das sp\u00e4tgotische Rondell des Saatzer-Tors ist auch bis heute erhalten geblieben. Dar\u00fcber hinaus wurden die Stadtmauern durch etwa drei\u00dfig Wehrt\u00fcrme und Bastionen verst\u00e4rkt, von denen z.B. die Minoriten-Bastei erhalten geblieben ist. Ein weiteres Element, das zu einer effektiveren Verteidigung der Stadt beitrug, war der sogenannte Befestigungszaun (auch Zwinger genannt). In einigen Abschnitten wurde vor den Stadtmauern auch ein doppelt gemauerter Graben erbaut.<\/p><p>Die Kaadener Befestigung spielte w\u00e4hrend der Hussitenkriege eine sehr wichtige Rolle, insbesondere w\u00e4hrend der Belagerung und Eroberung der Stadt durch Truppen des II. Kreuzzuges am 8. September 1421. Die Kreuzritterarmee konnte trotz ihrer mehrfachen \u00dcberlegenheit die Stadtmauer nicht erobern und war erst durch den Verrat einiger Katholiken aus Kada\u0148 erfolgreich, die die Armee auf einen schw\u00e4cheren Teil der Befestigung in der N\u00e4he der Burg aufmerksam machten. Die Kreuzritter zogen eine schwere Belagerungskanone an die Stadtmauer und sprengten damit die Mauer, mussten aber bei der anschlie\u00dfenden Eroberung die Felsen unter der Kaadener Burg \u00fcberwinden, was ihnen trotz schwerer Verluste schlie\u00dflich gelang. Die Kreuzritter mussten jedoch mehrere Verteidigungsbastionen erobern, selbst nachdem die Stadt in ihre H\u00e4nde gefallen war, da ihre Besatzungen sich weigerten, sie aufzugeben.<\/p><p>Zu Beginn des 19. Jahrhunderts verlor die Befestigung an Bedeutung. 1820 wurde die Torsperre aufgehoben und nach und nach wurden einige Teile der Mauern abgerissen. Auf den freien Pl\u00e4tzen sind G\u00e4rten und Parks errichtet worden.<\/p>\t\t\t\t\t<\/div>\n\t\t\t\t\t\t<\/div>\n\t\t\t\t<\/div>\n\t\t\t\t<div class=\"elementor-element elementor-element-5d13729 elementor-widget elementor-widget-heading\" data-id=\"5d13729\" data-element_type=\"widget\" data-widget_type=\"heading.default\">\n\t\t\t\t<div class=\"elementor-widget-container\">\n\t\t\t<h2 class=\"elementor-heading-title elementor-size-default\">Plan der urspr\u00fcnglichen Wehrbauten<\/h2>\t\t<\/div>\n\t\t\t\t<\/div>\n\t\t\t\t<div class=\"elementor-element elementor-element-1b6b97a elementor-widget elementor-widget-image\" data-id=\"1b6b97a\" data-element_type=\"widget\" data-widget_type=\"image.default\">\n\t\t\t\t<div class=\"elementor-widget-container\">\n\t\t\t\t\t\t\t\t<div class=\"elementor-image\">\n\t\t\t\t\t\t\t\t\t\t\t\t<img width=\"1013\" height=\"794\" src=\"https:\/\/kadan.eu\/de\/wp-content\/uploads\/2021\/01\/Screenshot_3.jpg\" class=\"attachment-full size-full\" alt=\"\" srcset=\"https:\/\/kadan.eu\/de\/wp-content\/uploads\/2021\/01\/Screenshot_3.jpg 1013w, https:\/\/kadan.eu\/de\/wp-content\/uploads\/2021\/01\/Screenshot_3-300x235.jpg 300w, https:\/\/kadan.eu\/de\/wp-content\/uploads\/2021\/01\/Screenshot_3-768x602.jpg 768w\" sizes=\"100vw\" \/>\t\t\t\t\t\t\t\t\t\t\t\t\t\t<\/div>\n\t\t\t\t\t\t<\/div>\n\t\t\t\t<\/div>\n\t\t\t\t\t\t<\/div>\n\t\t\t\t\t<\/div>\n\t\t<\/div>\n\t\t\t\t\t\t\t\t<\/div>\n\t\t\t\t\t<\/div>\n\t\t<\/section>\n\t\t\t\t<section class=\"elementor-section elementor-top-section elementor-element elementor-element-3ebf53f9 elementor-section-full_width elementor-section-height-min-height elementor-section-height-default elementor-section-items-middle\" data-id=\"3ebf53f9\" data-element_type=\"section\">\n\t\t\t\t\t\t<div class=\"elementor-container elementor-column-gap-default\">\n\t\t\t\t\t\t\t<div class=\"elementor-row\">\n\t\t\t\t\t<div class=\"elementor-column elementor-col-100 elementor-top-column elementor-element elementor-element-71efc0df\" data-id=\"71efc0df\" data-element_type=\"column\">\n\t\t\t<div class=\"elementor-column-wrap elementor-element-populated\">\n\t\t\t\t\t\t\t<div class=\"elementor-widget-wrap\">\n\t\t\t\t\t\t<div class=\"elementor-element elementor-element-3f60485c elementor-widget elementor-widget-google_maps\" data-id=\"3f60485c\" data-element_type=\"widget\" data-widget_type=\"google_maps.default\">\n\t\t\t\t<div class=\"elementor-widget-container\">\n\t\t\t\t\t<div class=\"elementor-custom-embed\">\n\t\t\t<iframe frameborder=\"0\" scrolling=\"no\" marginheight=\"0\" marginwidth=\"0\"\n\t\t\t\t\tsrc=\"https:\/\/maps.google.com\/maps?q=M%C4%9Bstsk%C3%A9%20Opevn%C4%9Bn%C3%AD%20Kada%C5%88&#038;t=m&#038;z=15&#038;output=embed&#038;iwloc=near\"\n\t\t\t\t\ttitle=\"M\u011bstsk\u00e9 Opevn\u011bn\u00ed Kada\u0148\"\n\t\t\t\t\taria-label=\"M\u011bstsk\u00e9 Opevn\u011bn\u00ed Kada\u0148\"\n\t\t\t><\/iframe>\n\t\t<\/div>\n\t\t\t\t<\/div>\n\t\t\t\t<\/div>\n\t\t\t\t\t\t<\/div>\n\t\t\t\t\t<\/div>\n\t\t<\/div>\n\t\t\t\t\t\t\t\t<\/div>\n\t\t\t\t\t<\/div>\n\t\t<\/section>\n\t\t\t\t\t\t\t\t\t<\/div>\n\t\t\t<\/div>\n\t\t\t\t\t<\/div>\n\t\t","protected":false},"excerpt":{"rendered":"<p>Das Stadtbefestigungssystem Die Befestigung der k\u00f6niglichen Stadt Kada\u0148 geh\u00f6rte zu den gr\u00f6\u00dften Stadtbefestigungen unseres Landes und geh\u00f6rt gleichzeitig zu den am besten erhaltenen Denkm\u00e4lern dieser Art \u00fcberhaupt. Der Bau begann bereits am Ende des 13. Jahrhunderts. Sp\u00e4ter wurde das Befestigungssystem mehrmals modernisiert und nutzt die vorteilhafte strategische Gestaltung der Stadt bestens aus. Das Stadtbefestigungssystem Eine &hellip; <\/p>\n<p class=\"link-more\"><a href=\"https:\/\/kadan.eu\/de\/sehenswurdigkeiten\/das-stadtbefestigungssystem\/\" class=\"more-link\">Pokra\u010dovat ve \u010dten\u00ed<span class=\"screen-reader-text\"> &#8222;Das Stadtbefestigungssystem&#8220;<\/span><\/a><\/p>\n","protected":false},"author":3,"featured_media":719,"parent":24,"menu_order":0,"comment_status":"closed","ping_status":"closed","template":"elementor_header_footer","meta":{"_mi_skip_tracking":false},"yoast_head":"<!-- This site is optimized with the Yoast SEO plugin v18.4.1 - https:\/\/yoast.com\/wordpress\/plugins\/seo\/ -->\n<title>Turistick\u00e9 str\u00e1nky m\u011bsta Kada\u0148 | Das Stadtbefestigungssystem<\/title>\n<meta name=\"description\" content=\"V\u00fdstavba, kter\u00e1 byla zah\u00e1jena p\u0159ibli\u017en\u011b na konci 13. stolet\u00ed, se siln\u011b pod\u0159izovala zdej\u0161\u00edm ter\u00e9nn\u00edm dispozic\u00edm a slou\u017eila k ochran\u011b m\u011bsta.\" \/>\n<meta name=\"robots\" content=\"index, follow, max-snippet:-1, max-image-preview:large, max-video-preview:-1\" \/>\n<link rel=\"canonical\" href=\"https:\/\/kadan.eu\/de\/sehenswurdigkeiten\/das-stadtbefestigungssystem\/\" \/>\n<meta property=\"og:locale\" content=\"cs_CZ\" \/>\n<meta property=\"og:type\" content=\"article\" \/>\n<meta property=\"og:title\" content=\"Turistick\u00e9 str\u00e1nky m\u011bsta Kada\u0148 | Das Stadtbefestigungssystem\" \/>\n<meta property=\"og:description\" content=\"V\u00fdstavba, kter\u00e1 byla zah\u00e1jena p\u0159ibli\u017en\u011b na konci 13. stolet\u00ed, se siln\u011b pod\u0159izovala zdej\u0161\u00edm ter\u00e9nn\u00edm dispozic\u00edm a slou\u017eila k ochran\u011b m\u011bsta.\" \/>\n<meta property=\"og:url\" content=\"https:\/\/kadan.eu\/de\/sehenswurdigkeiten\/das-stadtbefestigungssystem\/\" \/>\n<meta property=\"og:site_name\" content=\"Turistick\u00e9 str\u00e1nky m\u011bsta Kada\u0148\" \/>\n<meta property=\"article:modified_time\" content=\"2021-05-25T13:23:47+00:00\" \/>\n<meta property=\"og:image\" content=\"https:\/\/kadan.eu\/de\/wp-content\/uploads\/2019\/06\/hradebni_okruh_2-1.jpg\" \/>\n\t<meta property=\"og:image:width\" content=\"800\" \/>\n\t<meta property=\"og:image:height\" content=\"533\" \/>\n\t<meta property=\"og:image:type\" content=\"image\/jpeg\" \/>\n<meta name=\"twitter:card\" content=\"summary_large_image\" \/>\n<meta name=\"twitter:label1\" content=\"Odhadovan\u00e1 doba \u010dten\u00ed\" \/>\n\t<meta name=\"twitter:data1\" content=\"3 minuty\" \/>\n<script type=\"application\/ld+json\" class=\"yoast-schema-graph\">{\"@context\":\"https:\/\/schema.org\",\"@graph\":[{\"@type\":\"Organization\",\"@id\":\"https:\/\/kadan.eu\/de\/#organization\",\"name\":\"Turistick\u00e9 str\u00e1nky m\u011bsta Kada\u0148\",\"url\":\"https:\/\/kadan.eu\/de\/\",\"sameAs\":[],\"logo\":{\"@type\":\"ImageObject\",\"@id\":\"https:\/\/kadan.eu\/de\/#logo\",\"inLanguage\":\"cs\",\"url\":\"https:\/\/kadan.eu\/de\/wp-content\/uploads\/2019\/06\/logo.jpg\",\"contentUrl\":\"https:\/\/kadan.eu\/de\/wp-content\/uploads\/2019\/06\/logo.jpg\",\"width\":669,\"height\":669,\"caption\":\"Turistick\u00e9 str\u00e1nky m\u011bsta Kada\u0148\"},\"image\":{\"@id\":\"https:\/\/kadan.eu\/de\/#logo\"}},{\"@type\":\"WebSite\",\"@id\":\"https:\/\/kadan.eu\/de\/#website\",\"url\":\"https:\/\/kadan.eu\/de\/\",\"name\":\"Turistick\u00e9 str\u00e1nky m\u011bsta Kada\u0148\",\"description\":\"\",\"publisher\":{\"@id\":\"https:\/\/kadan.eu\/de\/#organization\"},\"potentialAction\":[{\"@type\":\"SearchAction\",\"target\":{\"@type\":\"EntryPoint\",\"urlTemplate\":\"https:\/\/kadan.eu\/de\/?s={search_term_string}\"},\"query-input\":\"required name=search_term_string\"}],\"inLanguage\":\"cs\"},{\"@type\":\"ImageObject\",\"@id\":\"https:\/\/kadan.eu\/de\/sehenswurdigkeiten\/das-stadtbefestigungssystem\/#primaryimage\",\"inLanguage\":\"cs\",\"url\":\"https:\/\/kadan.eu\/de\/wp-content\/uploads\/2019\/06\/hradebni_okruh_2-1.jpg\",\"contentUrl\":\"https:\/\/kadan.eu\/de\/wp-content\/uploads\/2019\/06\/hradebni_okruh_2-1.jpg\",\"width\":800,\"height\":533,\"caption\":\"Hradebn\u00ed okruh Kada\u0148\"},{\"@type\":\"WebPage\",\"@id\":\"https:\/\/kadan.eu\/de\/sehenswurdigkeiten\/das-stadtbefestigungssystem\/#webpage\",\"url\":\"https:\/\/kadan.eu\/de\/sehenswurdigkeiten\/das-stadtbefestigungssystem\/\",\"name\":\"Turistick\u00e9 str\u00e1nky m\u011bsta Kada\u0148 | Das Stadtbefestigungssystem\",\"isPartOf\":{\"@id\":\"https:\/\/kadan.eu\/de\/#website\"},\"primaryImageOfPage\":{\"@id\":\"https:\/\/kadan.eu\/de\/sehenswurdigkeiten\/das-stadtbefestigungssystem\/#primaryimage\"},\"datePublished\":\"2019-06-17T09:14:00+00:00\",\"dateModified\":\"2021-05-25T13:23:47+00:00\",\"description\":\"V\u00fdstavba, kter\u00e1 byla zah\u00e1jena p\u0159ibli\u017en\u011b na konci 13. stolet\u00ed, se siln\u011b pod\u0159izovala zdej\u0161\u00edm ter\u00e9nn\u00edm dispozic\u00edm a slou\u017eila k ochran\u011b m\u011bsta.\",\"breadcrumb\":{\"@id\":\"https:\/\/kadan.eu\/de\/sehenswurdigkeiten\/das-stadtbefestigungssystem\/#breadcrumb\"},\"inLanguage\":\"cs\",\"potentialAction\":[{\"@type\":\"ReadAction\",\"target\":[\"https:\/\/kadan.eu\/de\/sehenswurdigkeiten\/das-stadtbefestigungssystem\/\"]}]},{\"@type\":\"BreadcrumbList\",\"@id\":\"https:\/\/kadan.eu\/de\/sehenswurdigkeiten\/das-stadtbefestigungssystem\/#breadcrumb\",\"itemListElement\":[{\"@type\":\"ListItem\",\"position\":1,\"name\":\"Dom\u016f\",\"item\":\"https:\/\/kadan.eu\/de\/\"},{\"@type\":\"ListItem\",\"position\":2,\"name\":\"Sehensw\u00fcrdigkeiten\",\"item\":\"https:\/\/kadan.eu\/de\/sehenswurdigkeiten\/\"},{\"@type\":\"ListItem\",\"position\":3,\"name\":\"Das Stadtbefestigungssystem\"}]}]}<\/script>\n<!-- \/ Yoast SEO plugin. -->","yoast_head_json":{"title":"Turistick\u00e9 str\u00e1nky m\u011bsta Kada\u0148 | Das Stadtbefestigungssystem","description":"V\u00fdstavba, kter\u00e1 byla zah\u00e1jena p\u0159ibli\u017en\u011b na konci 13. stolet\u00ed, se siln\u011b pod\u0159izovala zdej\u0161\u00edm ter\u00e9nn\u00edm dispozic\u00edm a slou\u017eila k ochran\u011b m\u011bsta.","robots":{"index":"index","follow":"follow","max-snippet":"max-snippet:-1","max-image-preview":"max-image-preview:large","max-video-preview":"max-video-preview:-1"},"canonical":"https:\/\/kadan.eu\/de\/sehenswurdigkeiten\/das-stadtbefestigungssystem\/","og_locale":"cs_CZ","og_type":"article","og_title":"Turistick\u00e9 str\u00e1nky m\u011bsta Kada\u0148 | Das Stadtbefestigungssystem","og_description":"V\u00fdstavba, kter\u00e1 byla zah\u00e1jena p\u0159ibli\u017en\u011b na konci 13. stolet\u00ed, se siln\u011b pod\u0159izovala zdej\u0161\u00edm ter\u00e9nn\u00edm dispozic\u00edm a slou\u017eila k ochran\u011b m\u011bsta.","og_url":"https:\/\/kadan.eu\/de\/sehenswurdigkeiten\/das-stadtbefestigungssystem\/","og_site_name":"Turistick\u00e9 str\u00e1nky m\u011bsta Kada\u0148","article_modified_time":"2021-05-25T13:23:47+00:00","og_image":[{"width":800,"height":533,"url":"https:\/\/kadan.eu\/de\/wp-content\/uploads\/2019\/06\/hradebni_okruh_2-1.jpg","type":"image\/jpeg"}],"twitter_card":"summary_large_image","twitter_misc":{"Odhadovan\u00e1 doba \u010dten\u00ed":"3 minuty"},"schema":{"@context":"https:\/\/schema.org","@graph":[{"@type":"Organization","@id":"https:\/\/kadan.eu\/de\/#organization","name":"Turistick\u00e9 str\u00e1nky m\u011bsta Kada\u0148","url":"https:\/\/kadan.eu\/de\/","sameAs":[],"logo":{"@type":"ImageObject","@id":"https:\/\/kadan.eu\/de\/#logo","inLanguage":"cs","url":"https:\/\/kadan.eu\/de\/wp-content\/uploads\/2019\/06\/logo.jpg","contentUrl":"https:\/\/kadan.eu\/de\/wp-content\/uploads\/2019\/06\/logo.jpg","width":669,"height":669,"caption":"Turistick\u00e9 str\u00e1nky m\u011bsta Kada\u0148"},"image":{"@id":"https:\/\/kadan.eu\/de\/#logo"}},{"@type":"WebSite","@id":"https:\/\/kadan.eu\/de\/#website","url":"https:\/\/kadan.eu\/de\/","name":"Turistick\u00e9 str\u00e1nky m\u011bsta Kada\u0148","description":"","publisher":{"@id":"https:\/\/kadan.eu\/de\/#organization"},"potentialAction":[{"@type":"SearchAction","target":{"@type":"EntryPoint","urlTemplate":"https:\/\/kadan.eu\/de\/?s={search_term_string}"},"query-input":"required name=search_term_string"}],"inLanguage":"cs"},{"@type":"ImageObject","@id":"https:\/\/kadan.eu\/de\/sehenswurdigkeiten\/das-stadtbefestigungssystem\/#primaryimage","inLanguage":"cs","url":"https:\/\/kadan.eu\/de\/wp-content\/uploads\/2019\/06\/hradebni_okruh_2-1.jpg","contentUrl":"https:\/\/kadan.eu\/de\/wp-content\/uploads\/2019\/06\/hradebni_okruh_2-1.jpg","width":800,"height":533,"caption":"Hradebn\u00ed okruh Kada\u0148"},{"@type":"WebPage","@id":"https:\/\/kadan.eu\/de\/sehenswurdigkeiten\/das-stadtbefestigungssystem\/#webpage","url":"https:\/\/kadan.eu\/de\/sehenswurdigkeiten\/das-stadtbefestigungssystem\/","name":"Turistick\u00e9 str\u00e1nky m\u011bsta Kada\u0148 | Das Stadtbefestigungssystem","isPartOf":{"@id":"https:\/\/kadan.eu\/de\/#website"},"primaryImageOfPage":{"@id":"https:\/\/kadan.eu\/de\/sehenswurdigkeiten\/das-stadtbefestigungssystem\/#primaryimage"},"datePublished":"2019-06-17T09:14:00+00:00","dateModified":"2021-05-25T13:23:47+00:00","description":"V\u00fdstavba, kter\u00e1 byla zah\u00e1jena p\u0159ibli\u017en\u011b na konci 13. stolet\u00ed, se siln\u011b pod\u0159izovala zdej\u0161\u00edm ter\u00e9nn\u00edm dispozic\u00edm a slou\u017eila k ochran\u011b m\u011bsta.","breadcrumb":{"@id":"https:\/\/kadan.eu\/de\/sehenswurdigkeiten\/das-stadtbefestigungssystem\/#breadcrumb"},"inLanguage":"cs","potentialAction":[{"@type":"ReadAction","target":["https:\/\/kadan.eu\/de\/sehenswurdigkeiten\/das-stadtbefestigungssystem\/"]}]},{"@type":"BreadcrumbList","@id":"https:\/\/kadan.eu\/de\/sehenswurdigkeiten\/das-stadtbefestigungssystem\/#breadcrumb","itemListElement":[{"@type":"ListItem","position":1,"name":"Dom\u016f","item":"https:\/\/kadan.eu\/de\/"},{"@type":"ListItem","position":2,"name":"Sehensw\u00fcrdigkeiten","item":"https:\/\/kadan.eu\/de\/sehenswurdigkeiten\/"},{"@type":"ListItem","position":3,"name":"Das Stadtbefestigungssystem"}]}]}},"_links":{"self":[{"href":"https:\/\/kadan.eu\/de\/wp-json\/wp\/v2\/pages\/708"}],"collection":[{"href":"https:\/\/kadan.eu\/de\/wp-json\/wp\/v2\/pages"}],"about":[{"href":"https:\/\/kadan.eu\/de\/wp-json\/wp\/v2\/types\/page"}],"author":[{"embeddable":true,"href":"https:\/\/kadan.eu\/de\/wp-json\/wp\/v2\/users\/3"}],"replies":[{"embeddable":true,"href":"https:\/\/kadan.eu\/de\/wp-json\/wp\/v2\/comments?post=708"}],"version-history":[{"count":46,"href":"https:\/\/kadan.eu\/de\/wp-json\/wp\/v2\/pages\/708\/revisions"}],"predecessor-version":[{"id":7084,"href":"https:\/\/kadan.eu\/de\/wp-json\/wp\/v2\/pages\/708\/revisions\/7084"}],"up":[{"embeddable":true,"href":"https:\/\/kadan.eu\/de\/wp-json\/wp\/v2\/pages\/24"}],"wp:featuredmedia":[{"embeddable":true,"href":"https:\/\/kadan.eu\/de\/wp-json\/wp\/v2\/media\/719"}],"wp:attachment":[{"href":"https:\/\/kadan.eu\/de\/wp-json\/wp\/v2\/media?parent=708"}],"curies":[{"name":"wp","href":"https:\/\/api.w.org\/{rel}","templated":true}]}}