{"id":351,"date":"2019-06-13T11:05:56","date_gmt":"2019-06-13T09:05:56","guid":{"rendered":"https:\/\/kadan.eu\/de\/?page_id=351"},"modified":"2021-11-22T13:22:01","modified_gmt":"2021-11-22T12:22:01","slug":"die-anderen-kirchen","status":"publish","type":"page","link":"https:\/\/kadan.eu\/de\/sehenswurdigkeiten\/die-anderen-kirchen\/","title":{"rendered":"Die anderen Kirchen"},"content":{"rendered":"\t\t<div data-elementor-type=\"wp-post\" data-elementor-id=\"351\" class=\"elementor elementor-351\">\n\t\t\t\t\t\t<div class=\"elementor-inner\">\n\t\t\t\t<div class=\"elementor-section-wrap\">\n\t\t\t\t\t\t\t\t\t<section class=\"elementor-section elementor-top-section elementor-element elementor-element-16ea17d0 elementor-section-full_width elementor-section-height-default elementor-section-height-default\" data-id=\"16ea17d0\" data-element_type=\"section\">\n\t\t\t\t\t\t<div class=\"elementor-container elementor-column-gap-default\">\n\t\t\t\t\t\t\t<div class=\"elementor-row\">\n\t\t\t\t\t<div class=\"elementor-column elementor-col-100 elementor-top-column elementor-element elementor-element-57cd5fb0\" data-id=\"57cd5fb0\" data-element_type=\"column\">\n\t\t\t<div class=\"elementor-column-wrap elementor-element-populated\">\n\t\t\t\t\t\t\t<div class=\"elementor-widget-wrap\">\n\t\t\t\t\t\t<section class=\"elementor-section elementor-inner-section elementor-element elementor-element-7895ab2d elementor-section-boxed elementor-section-height-default elementor-section-height-default\" data-id=\"7895ab2d\" data-element_type=\"section\" data-settings=\"{&quot;background_background&quot;:&quot;classic&quot;}\">\n\t\t\t\t\t\t\t<div class=\"elementor-background-overlay\"><\/div>\n\t\t\t\t\t\t\t<div class=\"elementor-container elementor-column-gap-default\">\n\t\t\t\t\t\t\t<div class=\"elementor-row\">\n\t\t\t\t\t<div class=\"elementor-column elementor-col-100 elementor-inner-column elementor-element elementor-element-361fa175\" data-id=\"361fa175\" data-element_type=\"column\">\n\t\t\t<div class=\"elementor-column-wrap elementor-element-populated\">\n\t\t\t\t\t\t\t<div class=\"elementor-widget-wrap\">\n\t\t\t\t\t\t<div class=\"elementor-element elementor-element-665ea5c3 elementor-widget elementor-widget-heading\" data-id=\"665ea5c3\" data-element_type=\"widget\" data-widget_type=\"heading.default\">\n\t\t\t\t<div class=\"elementor-widget-container\">\n\t\t\t<h3 class=\"elementor-heading-title elementor-size-default\">Die anderen Kirchen<\/h3>\t\t<\/div>\n\t\t\t\t<\/div>\n\t\t\t\t<div class=\"elementor-element elementor-element-64a1f293 elementor-widget elementor-widget-text-editor\" data-id=\"64a1f293\" data-element_type=\"widget\" data-widget_type=\"text-editor.default\">\n\t\t\t\t<div class=\"elementor-widget-container\">\n\t\t\t\t\t\t\t\t<div class=\"elementor-text-editor elementor-clearfix\">\n\t\t\t\t<p>Die Hauptkirche in Kada\u0148 ist die Dekanatskirche zur Erh\u00f6hung des hl. Kreuzes auf dem zentralen Marktplatz \/M\u00edrov\u00e9 n\u00e1m\u011bst\u00ed in Kada\u0148. Es ist jedoch nicht die einzige Kirche in Kada\u0148 und Umgebung, die einen Besuch wert ist!<\/p>\t\t\t\t\t<\/div>\n\t\t\t\t\t\t<\/div>\n\t\t\t\t<\/div>\n\t\t\t\t<div class=\"elementor-element elementor-element-2ff1521 elementor-align-left elementor-mobile-align-center elementor-widget__width-initial elementor-widget elementor-widget-button\" data-id=\"2ff1521\" data-element_type=\"widget\" data-widget_type=\"button.default\">\n\t\t\t\t<div class=\"elementor-widget-container\">\n\t\t\t\t\t<div class=\"elementor-button-wrapper\">\n\t\t\t<a href=\"https:\/\/kadan.eu\/de\/sehenswurdigkeiten\/die-dreifaltigkeitssaule\/\" class=\"elementor-button-link elementor-button elementor-size-sm\" role=\"button\">\n\t\t\t\t\t\t<span class=\"elementor-button-content-wrapper\">\n\t\t\t\t\t\t\t<span class=\"elementor-button-icon elementor-align-icon-left\">\n\t\t\t\t<i aria-hidden=\"true\" class=\"fas fa-angle-left\"><\/i>\t\t\t<\/span>\n\t\t\t\t\t\t<span class=\"elementor-button-text\">Die vorstehende Sehensw\u00fcrdigkeit<\/span>\n\t\t<\/span>\n\t\t\t\t\t<\/a>\n\t\t<\/div>\n\t\t\t\t<\/div>\n\t\t\t\t<\/div>\n\t\t\t\t<div class=\"elementor-element elementor-element-3de6580 elementor-align-left elementor-mobile-align-center elementor-widget__width-initial elementor-widget elementor-widget-button\" data-id=\"3de6580\" data-element_type=\"widget\" data-widget_type=\"button.default\">\n\t\t\t\t<div class=\"elementor-widget-container\">\n\t\t\t\t\t<div class=\"elementor-button-wrapper\">\n\t\t\t<a href=\"https:\/\/kadan.eu\/de\/sehenswurdigkeiten\/das-elisabethinenkloster\/\" class=\"elementor-button-link elementor-button elementor-size-sm\" role=\"button\">\n\t\t\t\t\t\t<span class=\"elementor-button-content-wrapper\">\n\t\t\t\t\t\t\t<span class=\"elementor-button-icon elementor-align-icon-right\">\n\t\t\t\t<i aria-hidden=\"true\" class=\"fas fa-angle-right\"><\/i>\t\t\t<\/span>\n\t\t\t\t\t\t<span class=\"elementor-button-text\">Die n\u00e4chste Sehensw\u00fcrdigkeit<\/span>\n\t\t<\/span>\n\t\t\t\t\t<\/a>\n\t\t<\/div>\n\t\t\t\t<\/div>\n\t\t\t\t<\/div>\n\t\t\t\t\t\t<\/div>\n\t\t\t\t\t<\/div>\n\t\t<\/div>\n\t\t\t\t\t\t\t\t<\/div>\n\t\t\t\t\t<\/div>\n\t\t<\/section>\n\t\t\t\t\t\t<\/div>\n\t\t\t\t\t<\/div>\n\t\t<\/div>\n\t\t\t\t\t\t\t\t<\/div>\n\t\t\t\t\t<\/div>\n\t\t<\/section>\n\t\t\t\t<section class=\"elementor-section elementor-top-section elementor-element elementor-element-278c9377 elementor-section-boxed elementor-section-height-default elementor-section-height-default\" data-id=\"278c9377\" data-element_type=\"section\">\n\t\t\t\t\t\t<div class=\"elementor-container elementor-column-gap-default\">\n\t\t\t\t\t\t\t<div class=\"elementor-row\">\n\t\t\t\t\t<div class=\"elementor-column elementor-col-100 elementor-top-column elementor-element elementor-element-69534675\" data-id=\"69534675\" data-element_type=\"column\">\n\t\t\t<div class=\"elementor-column-wrap elementor-element-populated\">\n\t\t\t\t\t\t\t<div class=\"elementor-widget-wrap\">\n\t\t\t\t\t\t<div class=\"elementor-element elementor-element-377f64f8 elementor-widget elementor-widget-heading\" data-id=\"377f64f8\" data-element_type=\"widget\" data-widget_type=\"heading.default\">\n\t\t\t\t<div class=\"elementor-widget-container\">\n\t\t\t<h2 class=\"elementor-heading-title elementor-size-default\">Kirche der Enthauptung des hl. Johannes der T\u00e4ufer<\/h2>\t\t<\/div>\n\t\t\t\t<\/div>\n\t\t\t\t<div class=\"elementor-element elementor-element-7f49c5be elementor-widget elementor-widget-text-editor\" data-id=\"7f49c5be\" data-element_type=\"widget\" data-widget_type=\"text-editor.default\">\n\t\t\t\t<div class=\"elementor-widget-container\">\n\t\t\t\t\t\t\t\t<div class=\"elementor-text-editor elementor-clearfix\">\n\t\t\t\t<p>Urspr\u00fcnglich fr\u00fchgotisch, sp\u00e4ter barock renoviert. Die Kirche der Enthauptung des hl. Johannes der T\u00e4ufer befindet sich auf dem Spitalvorort \/\u0160pit\u00e1lsk\u00e9 p\u0159edm\u011bst\u00ed. Sie k\u00f6nnen es nicht verfehlen, wenn Sie vom Zentrum durch das Rondell des Saatzer Tors \/\u017dateck\u00e1 br\u00e1na in Richtung des Flusses Eger \/Oh\u0159e gehen. Die Kirche wird erstmal in 1183 erw\u00e4hnt und soll an der Stelle eines ehemaligen Tempels aus der Zeit der keltischen Besiedlung errichtet worden sein. Der Bau der Kirche und ihre \u00e4lteste Geschichte sind mit den Rittern des heiligen Johannes verbunden. Ab 1186 besa\u00dfen die Johanniter Eigentumsrechte an der Siedlung Kada\u0148. Die Johanniter errichteten in der N\u00e4he der Kirche ein Krankenhaus, das sp\u00e4ter dem umliegenden Stadtteil den Namen gegeben hat. W\u00e4hrend ihrer Existenz brannte die Kirche viele Male nieder und wurde w\u00e4hrend der Kriege mehrmals besch\u00e4digt. Die schlimmste Zeit erlebte sie jedoch erst in der zweiten H\u00e4lfte des 20. Jahrhunderts. Seit den 1980er Jahren war sie in einem Zustand des v\u00f6lligen Verfalls, der Putz br\u00f6ckelte und das Dach war eingest\u00fcrzt. Der vollst\u00e4ndige Wiederaufbau der Kirche erfolgte erst nach 1989, mit der Unterst\u00fctzung des Denkmalschutzes und von Restauratoren aus allen Ecken der Tschechischen Republik. Zum Beispiel war es m\u00f6glich, die barocken Deckenfresken mit Szenen aus dem Leben des hl. Johannes des T\u00e4ufers aus dem Jahr 1774 wiederherzustellen. Aufgrund ihrer hervorragenden Akustik dient die Kirche derzeit haupts\u00e4chlich als Konzertsaal f\u00fcr Musikveranstaltungen, die von der Klement Slavick\u00fd Kunstschule in Kada\u0148 und dem KZK \/Kulturn\u00ed za\u0159\u00edzen\u00ed Kada\u0148, der st\u00e4dtischen Kulturorganisation, organisiert werden.<\/p>\t\t\t\t\t<\/div>\n\t\t\t\t\t\t<\/div>\n\t\t\t\t<\/div>\n\t\t\t\t<div class=\"elementor-element elementor-element-10564230 elementor-skin-carousel elementor-arrows-yes elementor-widget elementor-widget-media-carousel\" data-id=\"10564230\" data-element_type=\"widget\" data-settings=\"{&quot;effect&quot;:&quot;fade&quot;,&quot;space_between&quot;:{&quot;unit&quot;:&quot;px&quot;,&quot;size&quot;:0,&quot;sizes&quot;:[]},&quot;skin&quot;:&quot;carousel&quot;,&quot;show_arrows&quot;:&quot;yes&quot;,&quot;speed&quot;:500,&quot;autoplay&quot;:&quot;yes&quot;,&quot;autoplay_speed&quot;:5000,&quot;loop&quot;:&quot;yes&quot;,&quot;pause_on_hover&quot;:&quot;yes&quot;,&quot;pause_on_interaction&quot;:&quot;yes&quot;,&quot;space_between_tablet&quot;:{&quot;unit&quot;:&quot;px&quot;,&quot;size&quot;:10,&quot;sizes&quot;:[]},&quot;space_between_mobile&quot;:{&quot;unit&quot;:&quot;px&quot;,&quot;size&quot;:10,&quot;sizes&quot;:[]}}\" data-widget_type=\"media-carousel.default\">\n\t\t\t\t<div class=\"elementor-widget-container\">\n\t\t\t\t\t<div class=\"elementor-swiper\">\n\t\t\t<div class=\"elementor-main-swiper swiper-container\">\n\t\t\t\t<div class=\"swiper-wrapper\">\n\t\t\t\t\t\t\t\t\t\t\t<div class=\"swiper-slide\">\n\t\t\t\t\t\t\t\t\t<div class=\"elementor-carousel-image\" style=\"background-image: url(https:\/\/kadan.eu\/de\/wp-content\/uploads\/2019\/06\/kostel_stesti.jpg)\">\n\t\t\t\t\t<\/div>\n\t\t\t\t\t\t\t\t<\/div>\n\t\t\t\t\t\t\t\t\t<\/div>\n\t\t\t\t\t\t\t<\/div>\n\t\t<\/div>\n\t\t\t\t<\/div>\n\t\t\t\t<\/div>\n\t\t\t\t<div class=\"elementor-element elementor-element-51ae7a97 elementor-widget elementor-widget-heading\" data-id=\"51ae7a97\" data-element_type=\"widget\" data-widget_type=\"heading.default\">\n\t\t\t\t<div class=\"elementor-widget-container\">\n\t\t\t<h2 class=\"elementor-heading-title elementor-size-default\">Die Kirche zur Hl. Anna<\/h2>\t\t<\/div>\n\t\t\t\t<\/div>\n\t\t\t\t<div class=\"elementor-element elementor-element-45210334 elementor-widget elementor-widget-text-editor\" data-id=\"45210334\" data-element_type=\"widget\" data-widget_type=\"text-editor.default\">\n\t\t\t\t<div class=\"elementor-widget-container\">\n\t\t\t\t\t\t\t\t<div class=\"elementor-text-editor elementor-clearfix\">\n\t\t\t\t<p>Die Kirche zur Hl. Anna stammt aus dem 16. Jahrhundert. Sie befindet sich an der Ecke des L\u00f6schner Platzes \/L\u00f6schnerovo n\u00e1m\u011bst\u00ed in der N\u00e4he der Minoriten Bastei. Diese Kirche diente w\u00e4hrend ihres Bestehens drei verschiedenen Religionen. Die Kirche wurde urspr\u00fcnglich von Utraquisten und Lutheranern erbaut, von denen sie nach der Schlacht am Wei\u00dfen Berg 1621 beschlagnahmt wurde. Die Kirche diente lange Zeit als Friedhofskirche den Bed\u00fcrfnissen der katholischen Kirche. Der angrenzende Friedhof verschwand 1883 im Zusammenhang mit dem Bau des umliegenden Parks. Nach 1950 wurde die Kirche zur Verwendung an die orthodoxe Kirche \u00fcbergeben, deren Gl\u00e4ubige sich noch immer um die Kirche k\u00fcmmern und sie die Geburtskirche der Heiligen Jungfrau nennen.<\/p>\t\t\t\t\t<\/div>\n\t\t\t\t\t\t<\/div>\n\t\t\t\t<\/div>\n\t\t\t\t<div class=\"elementor-element elementor-element-65ee295 elementor-skin-carousel elementor-arrows-yes elementor-widget elementor-widget-media-carousel\" data-id=\"65ee295\" data-element_type=\"widget\" data-settings=\"{&quot;effect&quot;:&quot;fade&quot;,&quot;space_between&quot;:{&quot;unit&quot;:&quot;px&quot;,&quot;size&quot;:0,&quot;sizes&quot;:[]},&quot;skin&quot;:&quot;carousel&quot;,&quot;show_arrows&quot;:&quot;yes&quot;,&quot;speed&quot;:500,&quot;autoplay&quot;:&quot;yes&quot;,&quot;autoplay_speed&quot;:5000,&quot;loop&quot;:&quot;yes&quot;,&quot;pause_on_hover&quot;:&quot;yes&quot;,&quot;pause_on_interaction&quot;:&quot;yes&quot;,&quot;space_between_tablet&quot;:{&quot;unit&quot;:&quot;px&quot;,&quot;size&quot;:10,&quot;sizes&quot;:[]},&quot;space_between_mobile&quot;:{&quot;unit&quot;:&quot;px&quot;,&quot;size&quot;:10,&quot;sizes&quot;:[]}}\" data-widget_type=\"media-carousel.default\">\n\t\t\t\t<div class=\"elementor-widget-container\">\n\t\t\t\t\t<div class=\"elementor-swiper\">\n\t\t\t<div class=\"elementor-main-swiper swiper-container\">\n\t\t\t\t<div class=\"swiper-wrapper\">\n\t\t\t\t\t\t\t\t\t\t\t<div class=\"swiper-slide\">\n\t\t\t\t\t\t\t\t\t<div class=\"elementor-carousel-image\" style=\"background-image: url(https:\/\/kadan.eu\/de\/wp-content\/uploads\/2019\/06\/kostel_2.jpg)\">\n\t\t\t\t\t<\/div>\n\t\t\t\t\t\t\t\t<\/div>\n\t\t\t\t\t\t\t\t\t<\/div>\n\t\t\t\t\t\t\t<\/div>\n\t\t<\/div>\n\t\t\t\t<\/div>\n\t\t\t\t<\/div>\n\t\t\t\t<div class=\"elementor-element elementor-element-199eafdc elementor-widget elementor-widget-heading\" data-id=\"199eafdc\" data-element_type=\"widget\" data-widget_type=\"heading.default\">\n\t\t\t\t<div class=\"elementor-widget-container\">\n\t\t\t<h3 class=\"elementor-heading-title elementor-size-default\">Die Kirche zum Hl. Peter und Paul<\/h3>\t\t<\/div>\n\t\t\t\t<\/div>\n\t\t\t\t<div class=\"elementor-element elementor-element-17f94000 elementor-widget elementor-widget-text-editor\" data-id=\"17f94000\" data-element_type=\"widget\" data-widget_type=\"text-editor.default\">\n\t\t\t\t<div class=\"elementor-widget-container\">\n\t\t\t\t\t\t\t\t<div class=\"elementor-text-editor elementor-clearfix\">\n\t\t\t\t<p>Kirche zum Hl. Peter und Paul ist eines der j\u00fcngsten Sakraldenkm\u00e4ler in Kada\u0148. Sie wurde 1903 aus Initiative der Deutschen Evangelischen Kirche des Augsburger Bekenntnisses im neugotischen Stil erbaut und ist in Kada\u0148 auch als die Ziegel-Kirche oder die rote Kirche bekannt. Nach der Vertreibung der deutschen Bev\u00f6lkerung im Jahr 1945 wurde sie der tschechoslowakischen Hussiten-Kirche zugeteilt. Hier war die erste Frau \u2013 Pastorin in CZ t\u00e4tig!<\/p>\t\t\t\t\t<\/div>\n\t\t\t\t\t\t<\/div>\n\t\t\t\t<\/div>\n\t\t\t\t<div class=\"elementor-element elementor-element-b0bb951 elementor-skin-carousel elementor-arrows-yes elementor-widget elementor-widget-media-carousel\" data-id=\"b0bb951\" data-element_type=\"widget\" data-settings=\"{&quot;effect&quot;:&quot;fade&quot;,&quot;space_between&quot;:{&quot;unit&quot;:&quot;px&quot;,&quot;size&quot;:0,&quot;sizes&quot;:[]},&quot;skin&quot;:&quot;carousel&quot;,&quot;show_arrows&quot;:&quot;yes&quot;,&quot;speed&quot;:500,&quot;autoplay&quot;:&quot;yes&quot;,&quot;autoplay_speed&quot;:5000,&quot;loop&quot;:&quot;yes&quot;,&quot;pause_on_hover&quot;:&quot;yes&quot;,&quot;pause_on_interaction&quot;:&quot;yes&quot;,&quot;space_between_tablet&quot;:{&quot;unit&quot;:&quot;px&quot;,&quot;size&quot;:10,&quot;sizes&quot;:[]},&quot;space_between_mobile&quot;:{&quot;unit&quot;:&quot;px&quot;,&quot;size&quot;:10,&quot;sizes&quot;:[]}}\" data-widget_type=\"media-carousel.default\">\n\t\t\t\t<div class=\"elementor-widget-container\">\n\t\t\t\t\t<div class=\"elementor-swiper\">\n\t\t\t<div class=\"elementor-main-swiper swiper-container\">\n\t\t\t\t<div class=\"swiper-wrapper\">\n\t\t\t\t\t\t\t\t\t\t\t<div class=\"swiper-slide\">\n\t\t\t\t\t\t\t\t\t<div class=\"elementor-carousel-image\" style=\"background-image: url(https:\/\/kadan.eu\/de\/wp-content\/uploads\/2019\/06\/kostel_sv_pavla_a_petra.jpg)\">\n\t\t\t\t\t<\/div>\n\t\t\t\t\t\t\t\t<\/div>\n\t\t\t\t\t\t\t\t\t<\/div>\n\t\t\t\t\t\t\t<\/div>\n\t\t<\/div>\n\t\t\t\t<\/div>\n\t\t\t\t<\/div>\n\t\t\t\t<div class=\"elementor-element elementor-element-24f57e7 elementor-widget elementor-widget-heading\" data-id=\"24f57e7\" data-element_type=\"widget\" data-widget_type=\"heading.default\">\n\t\t\t\t<div class=\"elementor-widget-container\">\n\t\t\t<h3 class=\"elementor-heading-title elementor-size-default\">Verk\u00fcndigungskirche der Heiligen Maria zu den 14 Nothelfern<\/h3>\t\t<\/div>\n\t\t\t\t<\/div>\n\t\t\t\t<div class=\"elementor-element elementor-element-9f65a3d elementor-widget elementor-widget-text-editor\" data-id=\"9f65a3d\" data-element_type=\"widget\" data-widget_type=\"text-editor.default\">\n\t\t\t\t<div class=\"elementor-widget-container\">\n\t\t\t\t\t\t\t\t<div class=\"elementor-text-editor elementor-clearfix\">\n\t\t\t\t<p>Die Pilgerkirche zu den 14 Nothelfern ist die Klosterkirche des Franziskanerklosters in Kada\u0148. Sie befindet sich am s\u00fcdwestlichen Stadtrand oberhalb des Flusses Eger \/Oh\u0159e. Sie wurde 1480 als urspr\u00fcnglich gotische Franziskanerklosterkirche geweiht und 1749 erweitert. Dieser Wallfahrtsort ist mit einer Legende verbunden, die erz\u00e4hlt, dass der Ort der heutigen Kirche einst ein Hinrichtungsplatz war. Ein Adliger, der durch Erh\u00e4ngen zum Tode verurteilt wurde, sollte auf dem Weg zur Hinrichtung zu den vierzehn Heiligen Helfern beten und seine Taten bereuen. Dann hing er drei Tage und drei N\u00e4chte am Galgen, aber er starb nicht. Der Stadtrat befreite ihn daher, lie\u00df den Hinrichtungsort ans andere Ende der Stadt verlegen und lie\u00df an der Stelle des Wunders eine Kapelle errichten, die den vierzehn heiligen Helfern gewidmet war. Eine andere Legende erz\u00e4hlt, dass eine Frau die vierzehn heiligen Helfer gel\u00e4stert und dann Vierzehnlinge geboren h\u00e4tte. Der tats\u00e4chliche Ursprung der Kirche und des Wallfahrtsortes ist auch interessant. Sein Gr\u00fcnder war Johann von Lobkowitz auf Hassenstein (1450\u20131517), ein Adliger, Gelehrter und Reisender, der die Pilgerkirche nach seiner R\u00fcckkehr aus dem Heiligen Land gr\u00fcnden lie\u00df. Die Pilgerkirche zu den 14 Nothelfern ist in einer solchen Entfernung vom Rathaus-Turm der Stadt Kada\u0148 gebaut worden, dass es der Entfernung von dem Palast des Pilatus zum Berg Golgatha in Jerusalem entspricht, wo Jesus gekreuzigt wurde. Das Innere der Kirche ist mit mehreren einzigartigen sakralen Denkm\u00e4lern ausgestattet. Darunter zum Beispiel der Hauptaltar von 1752 mit dem Bild der Verk\u00fcndigung oder die Grabsteine, die haupts\u00e4chlich Mitgliedern der Familie Lobkowitz geh\u00f6ren. Der ber\u00fchmteste davon ist der Grabstein von Johann von Lobkowitz auf Hassenstein, dass ein menschliches Skelett zeigt, das von tierischem Ungeziefer umgeben ist und eine Allegorie der Verg\u00e4nglichkeit des menschlichen Lebens darstellt. Die gr\u00f6\u00dften Sehensw\u00fcrdigkeiten sind jedoch die Fresken im Inneren der Kirche, die das Werk des bedeutenden deutschen Renaissance-Malers Lucas Cranach originaltreu imitieren und in unserem Gebiet einzigartig sind. Derzeit werden noch Restaurierungsarbeiten an diesen Fresken durchgef\u00fchrt, sodass Sie die einmalige Gelegenheit haben, sich selbst davon zu \u00fcberzeugen, wie diese Fresken schrittweise freigelegt werden.<\/p>\t\t\t\t\t<\/div>\n\t\t\t\t\t\t<\/div>\n\t\t\t\t<\/div>\n\t\t\t\t<div class=\"elementor-element elementor-element-6deb31d elementor-skin-carousel elementor-arrows-yes elementor-widget elementor-widget-media-carousel\" data-id=\"6deb31d\" data-element_type=\"widget\" data-settings=\"{&quot;effect&quot;:&quot;fade&quot;,&quot;space_between&quot;:{&quot;unit&quot;:&quot;px&quot;,&quot;size&quot;:0,&quot;sizes&quot;:[]},&quot;skin&quot;:&quot;carousel&quot;,&quot;show_arrows&quot;:&quot;yes&quot;,&quot;speed&quot;:500,&quot;autoplay&quot;:&quot;yes&quot;,&quot;autoplay_speed&quot;:5000,&quot;loop&quot;:&quot;yes&quot;,&quot;pause_on_hover&quot;:&quot;yes&quot;,&quot;pause_on_interaction&quot;:&quot;yes&quot;,&quot;space_between_tablet&quot;:{&quot;unit&quot;:&quot;px&quot;,&quot;size&quot;:10,&quot;sizes&quot;:[]},&quot;space_between_mobile&quot;:{&quot;unit&quot;:&quot;px&quot;,&quot;size&quot;:10,&quot;sizes&quot;:[]}}\" data-widget_type=\"media-carousel.default\">\n\t\t\t\t<div class=\"elementor-widget-container\">\n\t\t\t\t\t<div class=\"elementor-swiper\">\n\t\t\t<div class=\"elementor-main-swiper swiper-container\">\n\t\t\t\t<div class=\"swiper-wrapper\">\n\t\t\t\t\t\t\t\t\t\t\t<div class=\"swiper-slide\">\n\t\t\t\t\t\t\t\t\t<div class=\"elementor-carousel-image\" style=\"background-image: url(https:\/\/kadan.eu\/de\/wp-content\/uploads\/2019\/06\/franti\u0161k\u00e1nsk\u00fd_kl\u00e1\u0161ter_1.jpg)\">\n\t\t\t\t\t<\/div>\n\t\t\t\t\t\t\t\t<\/div>\n\t\t\t\t\t\t\t\t\t<\/div>\n\t\t\t\t\t\t\t<\/div>\n\t\t<\/div>\n\t\t\t\t<\/div>\n\t\t\t\t<\/div>\n\t\t\t\t<div class=\"elementor-element elementor-element-960da40 elementor-widget elementor-widget-heading\" data-id=\"960da40\" data-element_type=\"widget\" data-widget_type=\"heading.default\">\n\t\t\t\t<div class=\"elementor-widget-container\">\n\t\t\t<h3 class=\"elementor-heading-title elementor-size-default\">Die Kirche der Hl. Familie<\/h3>\t\t<\/div>\n\t\t\t\t<\/div>\n\t\t\t\t<div class=\"elementor-element elementor-element-197f06f elementor-widget elementor-widget-text-editor\" data-id=\"197f06f\" data-element_type=\"widget\" data-widget_type=\"text-editor.default\">\n\t\t\t\t<div class=\"elementor-widget-container\">\n\t\t\t\t\t\t\t\t<div class=\"elementor-text-editor elementor-clearfix\">\n\t\t\t\t<p>Die Kirche der Hl. Familie ist eine Barockklosterkirche im Elisabethinenkloster am Spitalvorort \/\u0160pit\u00e1lsk\u00e9 p\u0159edm\u011bst\u00ed in Kada\u0148. In der einschiffigen Barockkirche der Hl. Familie k\u00f6nnen Sie besonders die Deckengem\u00e4lde von Josef Fux aus dem Jahr 1770, wundersch\u00f6ne Rokoko-M\u00f6bel des Kaadener Schnitzers C. J. Waitzmann oder das Allianzwappen der Klosterspenderin \u00fcber dem Eingangsportal bewundern.<\/p>\t\t\t\t\t<\/div>\n\t\t\t\t\t\t<\/div>\n\t\t\t\t<\/div>\n\t\t\t\t<div class=\"elementor-element elementor-element-9d68885 elementor-skin-carousel elementor-arrows-yes elementor-widget elementor-widget-media-carousel\" data-id=\"9d68885\" data-element_type=\"widget\" data-settings=\"{&quot;effect&quot;:&quot;fade&quot;,&quot;space_between&quot;:{&quot;unit&quot;:&quot;px&quot;,&quot;size&quot;:0,&quot;sizes&quot;:[]},&quot;skin&quot;:&quot;carousel&quot;,&quot;show_arrows&quot;:&quot;yes&quot;,&quot;speed&quot;:500,&quot;autoplay&quot;:&quot;yes&quot;,&quot;autoplay_speed&quot;:5000,&quot;loop&quot;:&quot;yes&quot;,&quot;pause_on_hover&quot;:&quot;yes&quot;,&quot;pause_on_interaction&quot;:&quot;yes&quot;,&quot;space_between_tablet&quot;:{&quot;unit&quot;:&quot;px&quot;,&quot;size&quot;:10,&quot;sizes&quot;:[]},&quot;space_between_mobile&quot;:{&quot;unit&quot;:&quot;px&quot;,&quot;size&quot;:10,&quot;sizes&quot;:[]}}\" data-widget_type=\"media-carousel.default\">\n\t\t\t\t<div class=\"elementor-widget-container\">\n\t\t\t\t\t<div class=\"elementor-swiper\">\n\t\t\t<div class=\"elementor-main-swiper swiper-container\">\n\t\t\t\t<div class=\"swiper-wrapper\">\n\t\t\t\t\t\t\t\t\t\t\t<div class=\"swiper-slide\">\n\t\t\t\t\t\t\t\t\t<div class=\"elementor-carousel-image\" style=\"background-image: url(https:\/\/kadan.eu\/de\/wp-content\/uploads\/2019\/06\/b-Alzbetinky.jpg)\">\n\t\t\t\t\t<\/div>\n\t\t\t\t\t\t\t\t<\/div>\n\t\t\t\t\t\t\t\t\t<\/div>\n\t\t\t\t\t\t\t<\/div>\n\t\t<\/div>\n\t\t\t\t<\/div>\n\t\t\t\t<\/div>\n\t\t\t\t<div class=\"elementor-element elementor-element-cd06dc6 elementor-widget elementor-widget-heading\" data-id=\"cd06dc6\" data-element_type=\"widget\" data-widget_type=\"heading.default\">\n\t\t\t\t<div class=\"elementor-widget-container\">\n\t\t\t<h3 class=\"elementor-heading-title elementor-size-default\">Die Kapelle der Rosenkranzbruderschaft<\/h3>\t\t<\/div>\n\t\t\t\t<\/div>\n\t\t\t\t<div class=\"elementor-element elementor-element-f236d7a elementor-widget elementor-widget-text-editor\" data-id=\"f236d7a\" data-element_type=\"widget\" data-widget_type=\"text-editor.default\">\n\t\t\t\t<div class=\"elementor-widget-container\">\n\t\t\t\t\t\t\t\t<div class=\"elementor-text-editor elementor-clearfix\">\n\t\t\t\t<p>Die Kapelle der Rosenkranzbruderschaft, auch als Rosenkranzkapelle bekannt, ist eines der wertvollsten Sakralgeb\u00e4uden in Kada\u0148. Sie finden sie hinter der Dekanatskirche zur Erh\u00f6hung des hl. Kreuzes, aber besonders gut kann man sie vom Befestigungsring im Abschnitt zwischen der Henkergasse und dem Rondell des Saatzer-Tors bewundern. Der Bau der Kapelle begann sp\u00e4testens 1478, sie wurde als Teil der Johannitengemeinschaft errichtet. Die Rosenkranz-Bruderschaften wurden um die Wende des 15. und 16. Jahrhunderts im katholischen Europa gegr\u00fcndet und hielten gemeinsame Gebete und andere Feiern zu Ehren der Jungfrau Maria ab. Die Kapelle hat nach au\u00dfen sehr massive Mauern, sie wurde so gebaut, um im Falle einer Belagerung als Bastei genutzt werden zu k\u00f6nnen. Es ist interessant, dass sich um 1800 eine Gruppe von Priestern der Aufkl\u00e4rung in der Kapelle traf, von denen einige Mitglieder der Wiener Freimaurerloge waren. Kurz zuvor wurde das Innere der Kapelle umgebaut und als Dekanatsbibliothek genutzt. In dieser Zeit wurden auch klassizistische Szenen mit Motiven antiker Gottheiten und Portr\u00e4ts zweier Dekane von Kada\u0148, Anton Kistenfeger und Maximilian Pannosch, auf das Gew\u00f6lbe gemalt.<\/p>\t\t\t\t\t<\/div>\n\t\t\t\t\t\t<\/div>\n\t\t\t\t<\/div>\n\t\t\t\t<div class=\"elementor-element elementor-element-a5a5570 elementor-skin-carousel elementor-arrows-yes elementor-widget elementor-widget-media-carousel\" data-id=\"a5a5570\" data-element_type=\"widget\" data-settings=\"{&quot;effect&quot;:&quot;fade&quot;,&quot;space_between&quot;:{&quot;unit&quot;:&quot;px&quot;,&quot;size&quot;:0,&quot;sizes&quot;:[]},&quot;skin&quot;:&quot;carousel&quot;,&quot;show_arrows&quot;:&quot;yes&quot;,&quot;speed&quot;:500,&quot;autoplay&quot;:&quot;yes&quot;,&quot;autoplay_speed&quot;:5000,&quot;loop&quot;:&quot;yes&quot;,&quot;pause_on_hover&quot;:&quot;yes&quot;,&quot;pause_on_interaction&quot;:&quot;yes&quot;,&quot;space_between_tablet&quot;:{&quot;unit&quot;:&quot;px&quot;,&quot;size&quot;:10,&quot;sizes&quot;:[]},&quot;space_between_mobile&quot;:{&quot;unit&quot;:&quot;px&quot;,&quot;size&quot;:10,&quot;sizes&quot;:[]}}\" data-widget_type=\"media-carousel.default\">\n\t\t\t\t<div class=\"elementor-widget-container\">\n\t\t\t\t\t<div class=\"elementor-swiper\">\n\t\t\t<div class=\"elementor-main-swiper swiper-container\">\n\t\t\t\t<div class=\"swiper-wrapper\">\n\t\t\t\t\t\t\t\t\t\t\t<div class=\"swiper-slide\">\n\t\t\t\t\t\t\t\t\t<div class=\"elementor-carousel-image\" style=\"background-image: url(https:\/\/kadan.eu\/de\/wp-content\/uploads\/2021\/01\/Screenshot_2.jpg)\">\n\t\t\t\t\t<\/div>\n\t\t\t\t\t\t\t\t<\/div>\n\t\t\t\t\t\t\t\t\t<\/div>\n\t\t\t\t\t\t\t<\/div>\n\t\t<\/div>\n\t\t\t\t<\/div>\n\t\t\t\t<\/div>\n\t\t\t\t\t\t<\/div>\n\t\t\t\t\t<\/div>\n\t\t<\/div>\n\t\t\t\t\t\t\t\t<\/div>\n\t\t\t\t\t<\/div>\n\t\t<\/section>\n\t\t\t\t\t\t\t\t\t<\/div>\n\t\t\t<\/div>\n\t\t\t\t\t<\/div>\n\t\t","protected":false},"excerpt":{"rendered":"<p>Die anderen Kirchen Die Hauptkirche in Kada\u0148 ist die Dekanatskirche zur Erh\u00f6hung des hl. Kreuzes auf dem zentralen Marktplatz \/M\u00edrov\u00e9 n\u00e1m\u011bst\u00ed in Kada\u0148. Es ist jedoch nicht die einzige Kirche in Kada\u0148 und Umgebung, die einen Besuch wert ist! Die vorstehende Sehensw\u00fcrdigkeit Die n\u00e4chste Sehensw\u00fcrdigkeit Kirche der Enthauptung des hl. Johannes der T\u00e4ufer Urspr\u00fcnglich fr\u00fchgotisch, &hellip; <\/p>\n<p class=\"link-more\"><a href=\"https:\/\/kadan.eu\/de\/sehenswurdigkeiten\/die-anderen-kirchen\/\" class=\"more-link\">Pokra\u010dovat ve \u010dten\u00ed<span class=\"screen-reader-text\"> &#8222;Die anderen Kirchen&#8220;<\/span><\/a><\/p>\n","protected":false},"author":3,"featured_media":1194,"parent":24,"menu_order":0,"comment_status":"closed","ping_status":"closed","template":"elementor_header_footer","meta":{"_mi_skip_tracking":false},"yoast_head":"<!-- This site is optimized with the Yoast SEO plugin v18.4.1 - https:\/\/yoast.com\/wordpress\/plugins\/seo\/ -->\n<title>Turistick\u00e9 str\u00e1nky m\u011bsta Kada\u0148 | Die anderen Kirchen<\/title>\n<meta name=\"description\" content=\"Nejv\u011bt\u0161\u00edm a nejzn\u00e1m\u011bj\u0161\u00edm kada\u0148sk\u00fdm kostelem je kostel Pov\u00fd\u0161en\u00ed sv. K\u0159\u00ed\u017ee. M\u00e1me tu ale n\u011bkolik dal\u0161\u00edch kostel\u016f, kter\u00e9 tak\u00e9 stoj\u00ed za vid\u011bn\u00ed!\" \/>\n<meta name=\"robots\" content=\"index, follow, max-snippet:-1, max-image-preview:large, max-video-preview:-1\" \/>\n<link rel=\"canonical\" href=\"https:\/\/kadan.eu\/de\/sehenswurdigkeiten\/die-anderen-kirchen\/\" \/>\n<meta property=\"og:locale\" content=\"cs_CZ\" \/>\n<meta property=\"og:type\" content=\"article\" \/>\n<meta property=\"og:title\" content=\"Turistick\u00e9 str\u00e1nky m\u011bsta Kada\u0148 | Die anderen Kirchen\" \/>\n<meta property=\"og:description\" content=\"Nejv\u011bt\u0161\u00edm a nejzn\u00e1m\u011bj\u0161\u00edm kada\u0148sk\u00fdm kostelem je kostel Pov\u00fd\u0161en\u00ed sv. K\u0159\u00ed\u017ee. M\u00e1me tu ale n\u011bkolik dal\u0161\u00edch kostel\u016f, kter\u00e9 tak\u00e9 stoj\u00ed za vid\u011bn\u00ed!\" \/>\n<meta property=\"og:url\" content=\"https:\/\/kadan.eu\/de\/sehenswurdigkeiten\/die-anderen-kirchen\/\" \/>\n<meta property=\"og:site_name\" content=\"Turistick\u00e9 str\u00e1nky m\u011bsta Kada\u0148\" \/>\n<meta property=\"article:modified_time\" content=\"2021-11-22T12:22:01+00:00\" \/>\n<meta property=\"og:image\" content=\"https:\/\/kadan.eu\/de\/wp-content\/uploads\/2019\/06\/kostel_sv_pavla_a_petra.jpg\" \/>\n\t<meta property=\"og:image:width\" content=\"1280\" \/>\n\t<meta property=\"og:image:height\" content=\"853\" \/>\n\t<meta property=\"og:image:type\" content=\"image\/jpeg\" \/>\n<meta name=\"twitter:card\" content=\"summary_large_image\" \/>\n<meta name=\"twitter:label1\" content=\"Odhadovan\u00e1 doba \u010dten\u00ed\" \/>\n\t<meta name=\"twitter:data1\" content=\"5 minut\" \/>\n<script type=\"application\/ld+json\" class=\"yoast-schema-graph\">{\"@context\":\"https:\/\/schema.org\",\"@graph\":[{\"@type\":\"Organization\",\"@id\":\"https:\/\/kadan.eu\/de\/#organization\",\"name\":\"Turistick\u00e9 str\u00e1nky m\u011bsta Kada\u0148\",\"url\":\"https:\/\/kadan.eu\/de\/\",\"sameAs\":[],\"logo\":{\"@type\":\"ImageObject\",\"@id\":\"https:\/\/kadan.eu\/de\/#logo\",\"inLanguage\":\"cs\",\"url\":\"https:\/\/kadan.eu\/de\/wp-content\/uploads\/2019\/06\/logo.jpg\",\"contentUrl\":\"https:\/\/kadan.eu\/de\/wp-content\/uploads\/2019\/06\/logo.jpg\",\"width\":669,\"height\":669,\"caption\":\"Turistick\u00e9 str\u00e1nky m\u011bsta Kada\u0148\"},\"image\":{\"@id\":\"https:\/\/kadan.eu\/de\/#logo\"}},{\"@type\":\"WebSite\",\"@id\":\"https:\/\/kadan.eu\/de\/#website\",\"url\":\"https:\/\/kadan.eu\/de\/\",\"name\":\"Turistick\u00e9 str\u00e1nky m\u011bsta Kada\u0148\",\"description\":\"\",\"publisher\":{\"@id\":\"https:\/\/kadan.eu\/de\/#organization\"},\"potentialAction\":[{\"@type\":\"SearchAction\",\"target\":{\"@type\":\"EntryPoint\",\"urlTemplate\":\"https:\/\/kadan.eu\/de\/?s={search_term_string}\"},\"query-input\":\"required name=search_term_string\"}],\"inLanguage\":\"cs\"},{\"@type\":\"ImageObject\",\"@id\":\"https:\/\/kadan.eu\/de\/sehenswurdigkeiten\/die-anderen-kirchen\/#primaryimage\",\"inLanguage\":\"cs\",\"url\":\"https:\/\/kadan.eu\/de\/wp-content\/uploads\/2019\/06\/kostel_sv_pavla_a_petra.jpg\",\"contentUrl\":\"https:\/\/kadan.eu\/de\/wp-content\/uploads\/2019\/06\/kostel_sv_pavla_a_petra.jpg\",\"width\":1280,\"height\":853,\"caption\":\"Pam\u00e1tky Kada\u0148\"},{\"@type\":\"WebPage\",\"@id\":\"https:\/\/kadan.eu\/de\/sehenswurdigkeiten\/die-anderen-kirchen\/#webpage\",\"url\":\"https:\/\/kadan.eu\/de\/sehenswurdigkeiten\/die-anderen-kirchen\/\",\"name\":\"Turistick\u00e9 str\u00e1nky m\u011bsta Kada\u0148 | Die anderen Kirchen\",\"isPartOf\":{\"@id\":\"https:\/\/kadan.eu\/de\/#website\"},\"primaryImageOfPage\":{\"@id\":\"https:\/\/kadan.eu\/de\/sehenswurdigkeiten\/die-anderen-kirchen\/#primaryimage\"},\"datePublished\":\"2019-06-13T09:05:56+00:00\",\"dateModified\":\"2021-11-22T12:22:01+00:00\",\"description\":\"Nejv\u011bt\u0161\u00edm a nejzn\u00e1m\u011bj\u0161\u00edm kada\u0148sk\u00fdm kostelem je kostel Pov\u00fd\u0161en\u00ed sv. K\u0159\u00ed\u017ee. M\u00e1me tu ale n\u011bkolik dal\u0161\u00edch kostel\u016f, kter\u00e9 tak\u00e9 stoj\u00ed za vid\u011bn\u00ed!\",\"breadcrumb\":{\"@id\":\"https:\/\/kadan.eu\/de\/sehenswurdigkeiten\/die-anderen-kirchen\/#breadcrumb\"},\"inLanguage\":\"cs\",\"potentialAction\":[{\"@type\":\"ReadAction\",\"target\":[\"https:\/\/kadan.eu\/de\/sehenswurdigkeiten\/die-anderen-kirchen\/\"]}]},{\"@type\":\"BreadcrumbList\",\"@id\":\"https:\/\/kadan.eu\/de\/sehenswurdigkeiten\/die-anderen-kirchen\/#breadcrumb\",\"itemListElement\":[{\"@type\":\"ListItem\",\"position\":1,\"name\":\"Dom\u016f\",\"item\":\"https:\/\/kadan.eu\/de\/\"},{\"@type\":\"ListItem\",\"position\":2,\"name\":\"Sehensw\u00fcrdigkeiten\",\"item\":\"https:\/\/kadan.eu\/de\/sehenswurdigkeiten\/\"},{\"@type\":\"ListItem\",\"position\":3,\"name\":\"Die anderen Kirchen\"}]}]}<\/script>\n<!-- \/ Yoast SEO plugin. -->","yoast_head_json":{"title":"Turistick\u00e9 str\u00e1nky m\u011bsta Kada\u0148 | Die anderen Kirchen","description":"Nejv\u011bt\u0161\u00edm a nejzn\u00e1m\u011bj\u0161\u00edm kada\u0148sk\u00fdm kostelem je kostel Pov\u00fd\u0161en\u00ed sv. K\u0159\u00ed\u017ee. M\u00e1me tu ale n\u011bkolik dal\u0161\u00edch kostel\u016f, kter\u00e9 tak\u00e9 stoj\u00ed za vid\u011bn\u00ed!","robots":{"index":"index","follow":"follow","max-snippet":"max-snippet:-1","max-image-preview":"max-image-preview:large","max-video-preview":"max-video-preview:-1"},"canonical":"https:\/\/kadan.eu\/de\/sehenswurdigkeiten\/die-anderen-kirchen\/","og_locale":"cs_CZ","og_type":"article","og_title":"Turistick\u00e9 str\u00e1nky m\u011bsta Kada\u0148 | Die anderen Kirchen","og_description":"Nejv\u011bt\u0161\u00edm a nejzn\u00e1m\u011bj\u0161\u00edm kada\u0148sk\u00fdm kostelem je kostel Pov\u00fd\u0161en\u00ed sv. K\u0159\u00ed\u017ee. M\u00e1me tu ale n\u011bkolik dal\u0161\u00edch kostel\u016f, kter\u00e9 tak\u00e9 stoj\u00ed za vid\u011bn\u00ed!","og_url":"https:\/\/kadan.eu\/de\/sehenswurdigkeiten\/die-anderen-kirchen\/","og_site_name":"Turistick\u00e9 str\u00e1nky m\u011bsta Kada\u0148","article_modified_time":"2021-11-22T12:22:01+00:00","og_image":[{"width":1280,"height":853,"url":"https:\/\/kadan.eu\/de\/wp-content\/uploads\/2019\/06\/kostel_sv_pavla_a_petra.jpg","type":"image\/jpeg"}],"twitter_card":"summary_large_image","twitter_misc":{"Odhadovan\u00e1 doba \u010dten\u00ed":"5 minut"},"schema":{"@context":"https:\/\/schema.org","@graph":[{"@type":"Organization","@id":"https:\/\/kadan.eu\/de\/#organization","name":"Turistick\u00e9 str\u00e1nky m\u011bsta Kada\u0148","url":"https:\/\/kadan.eu\/de\/","sameAs":[],"logo":{"@type":"ImageObject","@id":"https:\/\/kadan.eu\/de\/#logo","inLanguage":"cs","url":"https:\/\/kadan.eu\/de\/wp-content\/uploads\/2019\/06\/logo.jpg","contentUrl":"https:\/\/kadan.eu\/de\/wp-content\/uploads\/2019\/06\/logo.jpg","width":669,"height":669,"caption":"Turistick\u00e9 str\u00e1nky m\u011bsta Kada\u0148"},"image":{"@id":"https:\/\/kadan.eu\/de\/#logo"}},{"@type":"WebSite","@id":"https:\/\/kadan.eu\/de\/#website","url":"https:\/\/kadan.eu\/de\/","name":"Turistick\u00e9 str\u00e1nky m\u011bsta Kada\u0148","description":"","publisher":{"@id":"https:\/\/kadan.eu\/de\/#organization"},"potentialAction":[{"@type":"SearchAction","target":{"@type":"EntryPoint","urlTemplate":"https:\/\/kadan.eu\/de\/?s={search_term_string}"},"query-input":"required name=search_term_string"}],"inLanguage":"cs"},{"@type":"ImageObject","@id":"https:\/\/kadan.eu\/de\/sehenswurdigkeiten\/die-anderen-kirchen\/#primaryimage","inLanguage":"cs","url":"https:\/\/kadan.eu\/de\/wp-content\/uploads\/2019\/06\/kostel_sv_pavla_a_petra.jpg","contentUrl":"https:\/\/kadan.eu\/de\/wp-content\/uploads\/2019\/06\/kostel_sv_pavla_a_petra.jpg","width":1280,"height":853,"caption":"Pam\u00e1tky Kada\u0148"},{"@type":"WebPage","@id":"https:\/\/kadan.eu\/de\/sehenswurdigkeiten\/die-anderen-kirchen\/#webpage","url":"https:\/\/kadan.eu\/de\/sehenswurdigkeiten\/die-anderen-kirchen\/","name":"Turistick\u00e9 str\u00e1nky m\u011bsta Kada\u0148 | Die anderen Kirchen","isPartOf":{"@id":"https:\/\/kadan.eu\/de\/#website"},"primaryImageOfPage":{"@id":"https:\/\/kadan.eu\/de\/sehenswurdigkeiten\/die-anderen-kirchen\/#primaryimage"},"datePublished":"2019-06-13T09:05:56+00:00","dateModified":"2021-11-22T12:22:01+00:00","description":"Nejv\u011bt\u0161\u00edm a nejzn\u00e1m\u011bj\u0161\u00edm kada\u0148sk\u00fdm kostelem je kostel Pov\u00fd\u0161en\u00ed sv. K\u0159\u00ed\u017ee. M\u00e1me tu ale n\u011bkolik dal\u0161\u00edch kostel\u016f, kter\u00e9 tak\u00e9 stoj\u00ed za vid\u011bn\u00ed!","breadcrumb":{"@id":"https:\/\/kadan.eu\/de\/sehenswurdigkeiten\/die-anderen-kirchen\/#breadcrumb"},"inLanguage":"cs","potentialAction":[{"@type":"ReadAction","target":["https:\/\/kadan.eu\/de\/sehenswurdigkeiten\/die-anderen-kirchen\/"]}]},{"@type":"BreadcrumbList","@id":"https:\/\/kadan.eu\/de\/sehenswurdigkeiten\/die-anderen-kirchen\/#breadcrumb","itemListElement":[{"@type":"ListItem","position":1,"name":"Dom\u016f","item":"https:\/\/kadan.eu\/de\/"},{"@type":"ListItem","position":2,"name":"Sehensw\u00fcrdigkeiten","item":"https:\/\/kadan.eu\/de\/sehenswurdigkeiten\/"},{"@type":"ListItem","position":3,"name":"Die anderen Kirchen"}]}]}},"_links":{"self":[{"href":"https:\/\/kadan.eu\/de\/wp-json\/wp\/v2\/pages\/351"}],"collection":[{"href":"https:\/\/kadan.eu\/de\/wp-json\/wp\/v2\/pages"}],"about":[{"href":"https:\/\/kadan.eu\/de\/wp-json\/wp\/v2\/types\/page"}],"author":[{"embeddable":true,"href":"https:\/\/kadan.eu\/de\/wp-json\/wp\/v2\/users\/3"}],"replies":[{"embeddable":true,"href":"https:\/\/kadan.eu\/de\/wp-json\/wp\/v2\/comments?post=351"}],"version-history":[{"count":50,"href":"https:\/\/kadan.eu\/de\/wp-json\/wp\/v2\/pages\/351\/revisions"}],"predecessor-version":[{"id":7485,"href":"https:\/\/kadan.eu\/de\/wp-json\/wp\/v2\/pages\/351\/revisions\/7485"}],"up":[{"embeddable":true,"href":"https:\/\/kadan.eu\/de\/wp-json\/wp\/v2\/pages\/24"}],"wp:featuredmedia":[{"embeddable":true,"href":"https:\/\/kadan.eu\/de\/wp-json\/wp\/v2\/media\/1194"}],"wp:attachment":[{"href":"https:\/\/kadan.eu\/de\/wp-json\/wp\/v2\/media?parent=351"}],"curies":[{"name":"wp","href":"https:\/\/api.w.org\/{rel}","templated":true}]}}