{"id":2965,"date":"2019-09-11T09:10:33","date_gmt":"2019-09-11T07:10:33","guid":{"rendered":"https:\/\/kadan.eu\/de\/?page_id=2965"},"modified":"2021-05-25T14:19:47","modified_gmt":"2021-05-25T12:19:47","slug":"kaadener-highlights","status":"publish","type":"page","link":"https:\/\/kadan.eu\/de\/kaadener-highlights\/","title":{"rendered":"Kaadener Highlights"},"content":{"rendered":"\t\t<div data-elementor-type=\"wp-post\" data-elementor-id=\"2965\" class=\"elementor elementor-2965\">\n\t\t\t\t\t\t<div class=\"elementor-inner\">\n\t\t\t\t<div class=\"elementor-section-wrap\">\n\t\t\t\t\t\t\t\t\t<section class=\"elementor-section elementor-top-section elementor-element elementor-element-28e5c863 elementor-section-full_width elementor-section-height-default elementor-section-height-default\" data-id=\"28e5c863\" data-element_type=\"section\">\n\t\t\t\t\t\t<div class=\"elementor-container elementor-column-gap-default\">\n\t\t\t\t\t\t\t<div class=\"elementor-row\">\n\t\t\t\t\t<div class=\"elementor-column elementor-col-100 elementor-top-column elementor-element elementor-element-43a69e79\" data-id=\"43a69e79\" data-element_type=\"column\">\n\t\t\t<div class=\"elementor-column-wrap elementor-element-populated\">\n\t\t\t\t\t\t\t<div class=\"elementor-widget-wrap\">\n\t\t\t\t\t\t<section class=\"elementor-section elementor-inner-section elementor-element elementor-element-1dc1cfb elementor-section-boxed elementor-section-height-default elementor-section-height-default\" data-id=\"1dc1cfb\" data-element_type=\"section\" data-settings=\"{&quot;background_background&quot;:&quot;classic&quot;}\">\n\t\t\t\t\t\t\t<div class=\"elementor-background-overlay\"><\/div>\n\t\t\t\t\t\t\t<div class=\"elementor-container elementor-column-gap-default\">\n\t\t\t\t\t\t\t<div class=\"elementor-row\">\n\t\t\t\t\t<div class=\"elementor-column elementor-col-100 elementor-inner-column elementor-element elementor-element-77e3ae0f\" data-id=\"77e3ae0f\" data-element_type=\"column\">\n\t\t\t<div class=\"elementor-column-wrap elementor-element-populated\">\n\t\t\t\t\t\t\t<div class=\"elementor-widget-wrap\">\n\t\t\t\t\t\t<div class=\"elementor-element elementor-element-52d4ac16 elementor-widget elementor-widget-heading\" data-id=\"52d4ac16\" data-element_type=\"widget\" data-widget_type=\"heading.default\">\n\t\t\t\t<div class=\"elementor-widget-container\">\n\t\t\t<h3 class=\"elementor-heading-title elementor-size-default\">Kaadener Highlights <\/h3>\t\t<\/div>\n\t\t\t\t<\/div>\n\t\t\t\t<div class=\"elementor-element elementor-element-b73a9ce elementor-widget elementor-widget-text-editor\" data-id=\"b73a9ce\" data-element_type=\"widget\" data-widget_type=\"text-editor.default\">\n\t\t\t\t<div class=\"elementor-widget-container\">\n\t\t\t\t\t\t\t\t<div class=\"elementor-text-editor elementor-clearfix\">\n\t\t\t\t<p>Werfen Sie einen Blick hinter den Vorhang des Geschehens und genie\u00dfen Sie die Atmosph\u00e4re von Kada\u0148.<\/p>\t\t\t\t\t<\/div>\n\t\t\t\t\t\t<\/div>\n\t\t\t\t<\/div>\n\t\t\t\t\t\t<\/div>\n\t\t\t\t\t<\/div>\n\t\t<\/div>\n\t\t\t\t\t\t\t\t<\/div>\n\t\t\t\t\t<\/div>\n\t\t<\/section>\n\t\t\t\t\t\t<\/div>\n\t\t\t\t\t<\/div>\n\t\t<\/div>\n\t\t\t\t\t\t\t\t<\/div>\n\t\t\t\t\t<\/div>\n\t\t<\/section>\n\t\t\t\t<section class=\"elementor-section elementor-top-section elementor-element elementor-element-2c03d838 elementor-section-boxed elementor-section-height-default elementor-section-height-default\" data-id=\"2c03d838\" data-element_type=\"section\">\n\t\t\t\t\t\t<div class=\"elementor-container elementor-column-gap-default\">\n\t\t\t\t\t\t\t<div class=\"elementor-row\">\n\t\t\t\t\t<div class=\"elementor-column elementor-col-100 elementor-top-column elementor-element elementor-element-62b64618\" data-id=\"62b64618\" data-element_type=\"column\">\n\t\t\t<div class=\"elementor-column-wrap elementor-element-populated\">\n\t\t\t\t\t\t\t<div class=\"elementor-widget-wrap\">\n\t\t\t\t\t\t<div class=\"elementor-element elementor-element-45f0d102 elementor-widget elementor-widget-text-editor\" data-id=\"45f0d102\" data-element_type=\"widget\" data-widget_type=\"text-editor.default\">\n\t\t\t\t<div class=\"elementor-widget-container\">\n\t\t\t\t\t\t\t\t<div class=\"elementor-text-editor elementor-clearfix\">\n\t\t\t\t<p>Kada\u0148 ist nicht nur eine gut erhaltene mittelalterliche Stadt am Ufer des Flusses Eger im Norden der Tschechischen Republik. Dieser Artikel wird Kada\u0148 so darstellen, wie es wirklich ist. Der Besucher unserer Stadt kann nicht alle Dinge auf den ersten Blick bemerken. Wie ist Kada\u0148? Wie nehmen seine Bewohner es wahr? Was bewundern sie am meisten an Kada\u0148? Wir haben die Einheimischen gebeten, zehn Dinge zusammenzustellen, die ihrer Meinung nach das aktuelle Kada\u0148 am besten beschreiben. Schauen Sie mit uns hinter den Vorhang und werden Sie f\u00fcr einen Moment ein &#8222;Kaadener&#8220;.<\/p>\t\t\t\t\t<\/div>\n\t\t\t\t\t\t<\/div>\n\t\t\t\t<\/div>\n\t\t\t\t<div class=\"elementor-element elementor-element-2b0c56ff elementor-widget elementor-widget-heading\" data-id=\"2b0c56ff\" data-element_type=\"widget\" data-widget_type=\"heading.default\">\n\t\t\t\t<div class=\"elementor-widget-container\">\n\t\t\t<h2 class=\"elementor-heading-title elementor-size-default\">Der Norden, der nicht bei\u00dft!<\/h2>\t\t<\/div>\n\t\t\t\t<\/div>\n\t\t\t\t<div class=\"elementor-element elementor-element-974048d elementor-widget elementor-widget-text-editor\" data-id=\"974048d\" data-element_type=\"widget\" data-widget_type=\"text-editor.default\">\n\t\t\t\t<div class=\"elementor-widget-container\">\n\t\t\t\t\t\t\t\t<div class=\"elementor-text-editor elementor-clearfix\">\n\t\t\t\t<p>Eine Landschaft, die wie eine Mondlandschaft aussieht, Kraftwerke \u00fcberall, ein Ort, an dem man schwer leben kann, eine dunkle Region &#8211; das ist eine verbreitete Vorstellung \u00fcber die Region \u00dast\u00ed nad Labem \/Au\u00dfig. Aber die Realit\u00e4t ist anders. Trotz der Probleme, unter denen diese Region in der Vergangenheit gelitten hat, ist Nordb\u00f6hmen \u00fcberhaupt kein schlechter Ort zum Leben. Und Kada\u0148 ist ein Beweis daf\u00fcr! In den drei\u00dfig Jahren hat sich viel ver\u00e4ndert. Die k\u00f6nigliche Stadt Kada\u0148 wird oft mit \u010cesk\u00fd Krumlov \/B\u00f6hmisch Krumau verglichen, mit dem Unterschied, dass unser nordb\u00f6hmische Krumau verloren gegangen ist und nun wiederentdeckt wurde.<\/p>\t\t\t\t\t<\/div>\n\t\t\t\t\t\t<\/div>\n\t\t\t\t<\/div>\n\t\t\t\t<section class=\"elementor-section elementor-inner-section elementor-element elementor-element-593efdb elementor-section-boxed elementor-section-height-default elementor-section-height-default\" data-id=\"593efdb\" data-element_type=\"section\">\n\t\t\t\t\t\t<div class=\"elementor-container elementor-column-gap-default\">\n\t\t\t\t\t\t\t<div class=\"elementor-row\">\n\t\t\t\t\t<div class=\"elementor-column elementor-col-50 elementor-inner-column elementor-element elementor-element-291ac71\" data-id=\"291ac71\" data-element_type=\"column\">\n\t\t\t<div class=\"elementor-column-wrap elementor-element-populated\">\n\t\t\t\t\t\t\t<div class=\"elementor-widget-wrap\">\n\t\t\t\t\t\t<div class=\"elementor-element elementor-element-74228a6 elementor-widget elementor-widget-heading\" data-id=\"74228a6\" data-element_type=\"widget\" data-widget_type=\"heading.default\">\n\t\t\t\t<div class=\"elementor-widget-container\">\n\t\t\t<h2 class=\"elementor-heading-title elementor-size-default\">Erwartungen<\/h2>\t\t<\/div>\n\t\t\t\t<\/div>\n\t\t\t\t<div class=\"elementor-element elementor-element-5493ae9 elementor-widget elementor-widget-image\" data-id=\"5493ae9\" data-element_type=\"widget\" data-widget_type=\"image.default\">\n\t\t\t\t<div class=\"elementor-widget-container\">\n\t\t\t\t\t\t\t\t<div class=\"elementor-image\">\n\t\t\t\t\t\t\t\t\t\t\t\t\t<a href=\"https:\/\/kadan.eu\/de\/wp-content\/uploads\/2019\/09\/Doly-nastup-Tusimice.jpg\" data-elementor-open-lightbox=\"yes\" data-elementor-lightbox-title=\"Doly-nastup-Tusimice\" e-action-hash=\"#elementor-action%3Aaction%3Dlightbox%26settings%3DeyJpZCI6Mjk3OCwidXJsIjoiaHR0cHM6XC9cL2thZGFuLmV1XC9kZVwvd3AtY29udGVudFwvdXBsb2Fkc1wvMjAxOVwvMDlcL0RvbHktbmFzdHVwLVR1c2ltaWNlLmpwZyJ9\">\n\t\t\t\t\t\t\t<img src=\"https:\/\/kadan.eu\/de\/wp-content\/uploads\/elementor\/thumbs\/Doly-nastup-Tusimice-odloemyci61ecvhq4whfvtgp3tcrjtctljcfkpjs1w.jpg\" title=\"Doly-nastup-Tusimice\" alt=\"Doly Most\" \/>\t\t\t\t\t\t\t\t<\/a>\n\t\t\t\t\t\t\t\t\t\t\t\t\t\t<\/div>\n\t\t\t\t\t\t<\/div>\n\t\t\t\t<\/div>\n\t\t\t\t\t\t<\/div>\n\t\t\t\t\t<\/div>\n\t\t<\/div>\n\t\t\t\t<div class=\"elementor-column elementor-col-50 elementor-inner-column elementor-element elementor-element-7ae2479\" data-id=\"7ae2479\" data-element_type=\"column\">\n\t\t\t<div class=\"elementor-column-wrap elementor-element-populated\">\n\t\t\t\t\t\t\t<div class=\"elementor-widget-wrap\">\n\t\t\t\t\t\t<div class=\"elementor-element elementor-element-ef3f9f6 elementor-widget elementor-widget-heading\" data-id=\"ef3f9f6\" data-element_type=\"widget\" data-widget_type=\"heading.default\">\n\t\t\t\t<div class=\"elementor-widget-container\">\n\t\t\t<h2 class=\"elementor-heading-title elementor-size-default\">Wirklichkeit<\/h2>\t\t<\/div>\n\t\t\t\t<\/div>\n\t\t\t\t<div class=\"elementor-element elementor-element-e6fcf6e elementor-widget elementor-widget-image\" data-id=\"e6fcf6e\" data-element_type=\"widget\" data-widget_type=\"image.default\">\n\t\t\t\t<div class=\"elementor-widget-container\">\n\t\t\t\t\t\t\t\t<div class=\"elementor-image\">\n\t\t\t\t\t\t\t\t\t\t\t\t\t<a href=\"https:\/\/kadan.eu\/de\/wp-content\/uploads\/2019\/06\/3.Klaster_denni_Renner.jpg\" data-elementor-open-lightbox=\"yes\" data-elementor-lightbox-title=\"3.Klaster_denni_Renner\" e-action-hash=\"#elementor-action%3Aaction%3Dlightbox%26settings%3DeyJpZCI6MjgsInVybCI6Imh0dHBzOlwvXC9rYWRhbi5ldVwvZGVcL3dwLWNvbnRlbnRcL3VwbG9hZHNcLzIwMTlcLzA2XC8zLktsYXN0ZXJfZGVubmlfUmVubmVyLmpwZyJ9\">\n\t\t\t\t\t\t\t<img src=\"https:\/\/kadan.eu\/de\/wp-content\/uploads\/elementor\/thumbs\/3.Klaster_denni_Renner-o95j6ekoji5kmcvp1jbsie431q6cc69bd5usv1dsck.jpg\" title=\"3.Klaster_denni_Renner\" alt=\"Franti\u0161k\u00e1nsk\u00fd kl\u00e1\u0161ter Kada\u0148\" \/>\t\t\t\t\t\t\t\t<\/a>\n\t\t\t\t\t\t\t\t\t\t\t\t\t\t<\/div>\n\t\t\t\t\t\t<\/div>\n\t\t\t\t<\/div>\n\t\t\t\t\t\t<\/div>\n\t\t\t\t\t<\/div>\n\t\t<\/div>\n\t\t\t\t\t\t\t\t<\/div>\n\t\t\t\t\t<\/div>\n\t\t<\/section>\n\t\t\t\t<div class=\"elementor-element elementor-element-120b2af elementor-widget elementor-widget-text-editor\" data-id=\"120b2af\" data-element_type=\"widget\" data-widget_type=\"text-editor.default\">\n\t\t\t\t<div class=\"elementor-widget-container\">\n\t\t\t\t\t\t\t\t<div class=\"elementor-text-editor elementor-clearfix\">\n\t\t\t\t<p>Der Name Doln\u00ed Pooh\u0159\u00ed \u2013 das untere Egerland wurde als Benennung der Region verwendet, zu der Kada\u0148 geh\u00f6rt. Wenn Sie nach Kada\u0148 reisen, lohnt es sich, Ihren Aufenthalt so zu planen, um gen\u00fcgend Zeit f\u00fcr Erkundung weiterer Orte zu haben. Entdecken Sie weitere magische Ecken von Doln\u00ed Pooh\u0159\u00ed \u2013 dem unteren Egerland. Sie sind zweifellos einen Besuch wert.<\/p>\t\t\t\t\t<\/div>\n\t\t\t\t\t\t<\/div>\n\t\t\t\t<\/div>\n\t\t\t\t\t\t<\/div>\n\t\t\t\t\t<\/div>\n\t\t<\/div>\n\t\t\t\t\t\t\t\t<\/div>\n\t\t\t\t\t<\/div>\n\t\t<\/section>\n\t\t\t\t<section class=\"elementor-section elementor-top-section elementor-element elementor-element-9640c5c elementor-section-boxed elementor-section-height-default elementor-section-height-default\" data-id=\"9640c5c\" data-element_type=\"section\">\n\t\t\t\t\t\t<div class=\"elementor-container elementor-column-gap-default\">\n\t\t\t\t\t\t\t<div class=\"elementor-row\">\n\t\t\t\t\t<div class=\"elementor-column elementor-col-100 elementor-top-column elementor-element elementor-element-7b53b43\" data-id=\"7b53b43\" data-element_type=\"column\">\n\t\t\t<div class=\"elementor-column-wrap elementor-element-populated\">\n\t\t\t\t\t\t\t<div class=\"elementor-widget-wrap\">\n\t\t\t\t\t\t<div class=\"elementor-element elementor-element-e12bd3f elementor-widget elementor-widget-heading\" data-id=\"e12bd3f\" data-element_type=\"widget\" data-widget_type=\"heading.default\">\n\t\t\t\t<div class=\"elementor-widget-container\">\n\t\t\t<h2 class=\"elementor-heading-title elementor-size-default\">Architektur mit Flair!<\/h2>\t\t<\/div>\n\t\t\t\t<\/div>\n\t\t\t\t<div class=\"elementor-element elementor-element-e9326ed elementor-widget elementor-widget-text-editor\" data-id=\"e9326ed\" data-element_type=\"widget\" data-widget_type=\"text-editor.default\">\n\t\t\t\t<div class=\"elementor-widget-container\">\n\t\t\t\t\t\t\t\t<div class=\"elementor-text-editor elementor-clearfix\">\n\t\t\t\t<p>Eine Stadt, in der sich das Alte mit dem Neuen verbindet. Ein neu renoviertes modernes Kino, eine neue Sporthalle und zwei neue Pl\u00e4tze \u2013 der Studenten- und L\u00f6schnerplatz. Zu den modernen &#8222;Wundern&#8220; von Kada\u0148 geh\u00f6rt bestimmt die Egerpromenade \u201eN\u00e1b\u0159e\u017e\u00ed Maxipsa F\u00edka\u201c, die in die Wettbewerbsausstellung von Werken der Landschaftsarchitektur der Visegr\u00e1d-Gruppe aufgenommen wurde. An dem Bau Promenade waren mehrere Architekten beteiligt &#8211; \u0160t\u011bp\u00e1n \u0160poula, Michal Fi\u0161er, Petr Uhl\u00edk und das Projektil Architekten-Studio s.r.o.<\/p>\t\t\t\t\t<\/div>\n\t\t\t\t\t\t<\/div>\n\t\t\t\t<\/div>\n\t\t\t\t<section class=\"elementor-section elementor-inner-section elementor-element elementor-element-79acc13 elementor-section-boxed elementor-section-height-default elementor-section-height-default\" data-id=\"79acc13\" data-element_type=\"section\">\n\t\t\t\t\t\t<div class=\"elementor-container elementor-column-gap-default\">\n\t\t\t\t\t\t\t<div class=\"elementor-row\">\n\t\t\t\t\t<div class=\"elementor-column elementor-col-33 elementor-inner-column elementor-element elementor-element-92d3a02\" data-id=\"92d3a02\" data-element_type=\"column\">\n\t\t\t<div class=\"elementor-column-wrap elementor-element-populated\">\n\t\t\t\t\t\t\t<div class=\"elementor-widget-wrap\">\n\t\t\t\t\t\t<div class=\"elementor-element elementor-element-10f8cd0 elementor-cta--skin-cover elementor-bg-transform elementor-bg-transform-zoom-out elementor-animated-content elementor-widget elementor-widget-call-to-action\" data-id=\"10f8cd0\" data-element_type=\"widget\" data-widget_type=\"call-to-action.default\">\n\t\t\t\t<div class=\"elementor-widget-container\">\n\t\t\t\t\t<a class=\"elementor-cta\" href=\"https:\/\/cs.wikipedia.org\/wiki\/Studentsk%C3%A9_n%C3%A1m%C4%9Bst%C3%AD\">\n\t\t\t\t\t<div class=\"elementor-cta__bg-wrapper\">\n\t\t\t\t<div class=\"elementor-cta__bg elementor-bg\" style=\"background-image: url(https:\/\/kadan.eu\/de\/wp-content\/uploads\/2019\/06\/mikulovicka_brana-1.jpg);\"><\/div>\n\t\t\t\t<div class=\"elementor-cta__bg-overlay\"><\/div>\n\t\t\t<\/div>\n\t\t\t\t\t\t\t<div class=\"elementor-cta__content\">\n\t\t\t\t\n\t\t\t\t\n\t\t\t\t\t\t\t\t\t<div class=\"elementor-cta__description elementor-cta__content-item elementor-content-item elementor-animated-item--grow\">\n\t\t\t\t\t\t \t\t\t\t\t<\/div>\n\t\t\t\t\n\t\t\t\t\t\t\t<\/div>\n\t\t\t\t\t\t<\/a>\n\t\t\t\t<\/div>\n\t\t\t\t<\/div>\n\t\t\t\t\t\t<\/div>\n\t\t\t\t\t<\/div>\n\t\t<\/div>\n\t\t\t\t<div class=\"elementor-column elementor-col-33 elementor-inner-column elementor-element elementor-element-bc7876f\" data-id=\"bc7876f\" data-element_type=\"column\">\n\t\t\t<div class=\"elementor-column-wrap elementor-element-populated\">\n\t\t\t\t\t\t\t<div class=\"elementor-widget-wrap\">\n\t\t\t\t\t\t<div class=\"elementor-element elementor-element-056dd67 elementor-cta--skin-cover elementor-bg-transform elementor-bg-transform-zoom-out elementor-animated-content elementor-widget elementor-widget-call-to-action\" data-id=\"056dd67\" data-element_type=\"widget\" data-widget_type=\"call-to-action.default\">\n\t\t\t\t<div class=\"elementor-widget-container\">\n\t\t\t\t\t<a class=\"elementor-cta\" href=\"https:\/\/kadan.eu\/de\/aktivity\/nabrezi-maxipsa-fika\/\">\n\t\t\t\t\t<div class=\"elementor-cta__bg-wrapper\">\n\t\t\t\t<div class=\"elementor-cta__bg elementor-bg\" style=\"background-image: url(https:\/\/kadan.eu\/de\/wp-content\/uploads\/2019\/07\/L\u00e1vka_V\u00edtka_Brandy-1024x663.jpg);\"><\/div>\n\t\t\t\t<div class=\"elementor-cta__bg-overlay\"><\/div>\n\t\t\t<\/div>\n\t\t\t\t\t\t\t<div class=\"elementor-cta__content\">\n\t\t\t\t\n\t\t\t\t\n\t\t\t\t\t\t\t\t\t<div class=\"elementor-cta__description elementor-cta__content-item elementor-content-item elementor-animated-item--grow\">\n\t\t\t\t\t\t \t\t\t\t\t<\/div>\n\t\t\t\t\n\t\t\t\t\t\t\t<\/div>\n\t\t\t\t\t\t<\/a>\n\t\t\t\t<\/div>\n\t\t\t\t<\/div>\n\t\t\t\t\t\t<\/div>\n\t\t\t\t\t<\/div>\n\t\t<\/div>\n\t\t\t\t<div class=\"elementor-column elementor-col-33 elementor-inner-column elementor-element elementor-element-3ff2896\" data-id=\"3ff2896\" data-element_type=\"column\">\n\t\t\t<div class=\"elementor-column-wrap elementor-element-populated\">\n\t\t\t\t\t\t\t<div class=\"elementor-widget-wrap\">\n\t\t\t\t\t\t<div class=\"elementor-element elementor-element-479bd7c elementor-cta--skin-cover elementor-bg-transform elementor-bg-transform-zoom-out elementor-animated-content elementor-widget elementor-widget-call-to-action\" data-id=\"479bd7c\" data-element_type=\"widget\" data-widget_type=\"call-to-action.default\">\n\t\t\t\t<div class=\"elementor-widget-container\">\n\t\t\t\t\t<a class=\"elementor-cta\" href=\"https:\/\/kadan.eu\/de\/aktivity\/kino-hvezda\/\">\n\t\t\t\t\t<div class=\"elementor-cta__bg-wrapper\">\n\t\t\t\t<div class=\"elementor-cta__bg elementor-bg\" style=\"background-image: url(https:\/\/kadan.eu\/de\/wp-content\/uploads\/2019\/07\/picture_2464_1.jpg-1920x450-1024x694.jpg);\"><\/div>\n\t\t\t\t<div class=\"elementor-cta__bg-overlay\"><\/div>\n\t\t\t<\/div>\n\t\t\t\t\t\t\t<div class=\"elementor-cta__content\">\n\t\t\t\t\n\t\t\t\t\n\t\t\t\t\t\t\t\t\t<div class=\"elementor-cta__description elementor-cta__content-item elementor-content-item elementor-animated-item--grow\">\n\t\t\t\t\t\t \t\t\t\t\t<\/div>\n\t\t\t\t\n\t\t\t\t\t\t\t<\/div>\n\t\t\t\t\t\t<\/a>\n\t\t\t\t<\/div>\n\t\t\t\t<\/div>\n\t\t\t\t\t\t<\/div>\n\t\t\t\t\t<\/div>\n\t\t<\/div>\n\t\t\t\t\t\t\t\t<\/div>\n\t\t\t\t\t<\/div>\n\t\t<\/section>\n\t\t\t\t<div class=\"elementor-element elementor-element-fa109a2 elementor-widget elementor-widget-text-editor\" data-id=\"fa109a2\" data-element_type=\"widget\" data-widget_type=\"text-editor.default\">\n\t\t\t\t<div class=\"elementor-widget-container\">\n\t\t\t\t\t\t\t\t<div class=\"elementor-text-editor elementor-clearfix\">\n\t\t\t\t<p>Der Name des Regionalarchitekten V\u00edt Branda ist untrennbar mit Kada\u0148 verbunden. Er ist Autor des Entwurfes der Fu\u00dfg\u00e4ngerbr\u00fccke zum Wasserkraftwerk, die auf nat\u00fcrliche Weise die Promenade beendet. Im Jahr 2010 verlieh die Jury des Grand Prix of Architects im Rahmen des nationalen Wettbewerbs den Hauptpreis f\u00fcr die Fu\u00dfg\u00e4ngerbr\u00fccke in der Kategorie Landschaftsarchitektur und Gartengestaltung. Sp\u00e4ter wurde das Projekt auch f\u00fcr den renommierten europ\u00e4ischen Architekturpreis Mies van der Rohe Award im Jahre 2011 nominiert.<\/p><p>Sehen Sie sich einen der Teile von Gebrian VS im Fernsehen Seznam an, der \u00fcber die Promenade \u201eN\u00e1b\u0159e\u017e\u00ed Maxipsa F\u00edka\u201c gedreht wurde.<\/p>\t\t\t\t\t<\/div>\n\t\t\t\t\t\t<\/div>\n\t\t\t\t<\/div>\n\t\t\t\t<div class=\"elementor-element elementor-element-4c142329 elementor-align-center elementor-mobile-align-center elementor-widget elementor-widget-button\" data-id=\"4c142329\" data-element_type=\"widget\" data-widget_type=\"button.default\">\n\t\t\t\t<div class=\"elementor-widget-container\">\n\t\t\t\t\t<div class=\"elementor-button-wrapper\">\n\t\t\t<a href=\"https:\/\/www.televizeseznam.cz\/video\/gebrianvs\/nabrezi-maxipsa-fika-v-kadani-vyjimecne-povedene-propojeni-mesta-a-reky-206932%20\" class=\"elementor-button-link elementor-button elementor-size-sm\" role=\"button\">\n\t\t\t\t\t\t<span class=\"elementor-button-content-wrapper\">\n\t\t\t\t\t\t<span class=\"elementor-button-text\">Video anzeigen<\/span>\n\t\t<\/span>\n\t\t\t\t\t<\/a>\n\t\t<\/div>\n\t\t\t\t<\/div>\n\t\t\t\t<\/div>\n\t\t\t\t\t\t<\/div>\n\t\t\t\t\t<\/div>\n\t\t<\/div>\n\t\t\t\t\t\t\t\t<\/div>\n\t\t\t\t\t<\/div>\n\t\t<\/section>\n\t\t\t\t<section class=\"elementor-section elementor-top-section elementor-element elementor-element-ced8f38 elementor-section-boxed elementor-section-height-default elementor-section-height-default\" data-id=\"ced8f38\" data-element_type=\"section\">\n\t\t\t\t\t\t<div class=\"elementor-container elementor-column-gap-default\">\n\t\t\t\t\t\t\t<div class=\"elementor-row\">\n\t\t\t\t\t<div class=\"elementor-column elementor-col-100 elementor-top-column elementor-element elementor-element-e1a89e8\" data-id=\"e1a89e8\" data-element_type=\"column\">\n\t\t\t<div class=\"elementor-column-wrap elementor-element-populated\">\n\t\t\t\t\t\t\t<div class=\"elementor-widget-wrap\">\n\t\t\t\t\t\t<div class=\"elementor-element elementor-element-3e080e2 elementor-widget elementor-widget-heading\" data-id=\"3e080e2\" data-element_type=\"widget\" data-widget_type=\"heading.default\">\n\t\t\t\t<div class=\"elementor-widget-container\">\n\t\t\t<h2 class=\"elementor-heading-title elementor-size-default\">Kada\u0148 in der UNESCO?<\/h2>\t\t<\/div>\n\t\t\t\t<\/div>\n\t\t\t\t<div class=\"elementor-element elementor-element-9c46908 elementor-widget elementor-widget-text-editor\" data-id=\"9c46908\" data-element_type=\"widget\" data-widget_type=\"text-editor.default\">\n\t\t\t\t<div class=\"elementor-widget-container\">\n\t\t\t\t\t\t\t\t<div class=\"elementor-text-editor elementor-clearfix\">\n\t\t\t\t<p>Seit 2014 bem\u00fcht sich die Stadt Kada\u0148 in Zusammenarbeit mit dem Bistum Litom\u011b\u0159ice \/Leitmeritz, das Franziskanerkloster zu den Vierzehn Nothelfern in Kada\u0148 auf die nationale Indikativliste der &#8222;Kandidaten&#8220; f\u00fcr die Aufnahme in das UNESCO-Weltkulturerbe einzubeziehen.<\/p><p>Im M\u00e4rz 2017 reichte die Stadt Kada\u0148 beim tschechischen Kulturministerium einen offiziellen Antrag ein, um das Kloster in die sogenannte nationale Indikativliste aufzunehmen. Das Kulturministerium der Tschechischen Republik bat das tschechische Nationalkomitee des internationalen Rates der Denkm\u00e4ler und St\u00e4tten ICOMOS, dass ein nationales Beratungsgremium der UNESCO ist, und die Zentrale des Nationalen Denkmalinstituts (NP\u00da) in Prag um Gutachten. W\u00e4hrend ICOMOS die Aufnahme des Klosters in die Liste empfahl, erkl\u00e4rte der NP\u00da die Einzigartigkeit des Denkmals, aber seine Position war zur\u00fcckhaltend. Trotzdem empfahl er, die Forschung und insbesondere die F\u00f6rderung des Klosters im internationalen Kontext fortzusetzen.<\/p><p>Nach weiteren Konsultationen mit Experten des Kulturministeriums der Tschechischen Republik und des Bistums Litom\u011b\u0159ice \/Leitmeritz, dem das Kloster geh\u00f6rt, beschloss der Stadtrat von Kada\u0148 auf seiner Sitzung am 7. September 2017, dass Kada\u0148 seine Bem\u00fchungen fortsetzen wird. Die Nominierungsdokumente werden erweitert und andere professionelle, f\u00f6rdernde und strategische Schritte werden unternommen.<\/p><p>Weniger als 15 Kilometer von Kada\u0148 entfernt befindet sich jedoch eines der UNESCO-Denkm\u00e4ler. Die Bergbauregion Erzgebirge \/ Kru\u0161noho\u0159\u00ed wurde 2019 in die Liste des Weltkulturerbes aufgenommen. Der n\u00e4chstgelegene Ort ist die Bergbaulandschaft Kupferh\u00fcbel M\u011bdn\u00edk bei Kupferberg M\u011bd\u011bnec.<\/p>\t\t\t\t\t<\/div>\n\t\t\t\t\t\t<\/div>\n\t\t\t\t<\/div>\n\t\t\t\t\t\t<\/div>\n\t\t\t\t\t<\/div>\n\t\t<\/div>\n\t\t\t\t\t\t\t\t<\/div>\n\t\t\t\t\t<\/div>\n\t\t<\/section>\n\t\t\t\t<section class=\"elementor-section elementor-top-section elementor-element elementor-element-a72612e elementor-section-boxed elementor-section-height-default elementor-section-height-default\" data-id=\"a72612e\" data-element_type=\"section\">\n\t\t\t\t\t\t<div class=\"elementor-container elementor-column-gap-default\">\n\t\t\t\t\t\t\t<div class=\"elementor-row\">\n\t\t\t\t\t<div class=\"elementor-column elementor-col-100 elementor-top-column elementor-element elementor-element-22f3ec9\" data-id=\"22f3ec9\" data-element_type=\"column\">\n\t\t\t<div class=\"elementor-column-wrap elementor-element-populated\">\n\t\t\t\t\t\t\t<div class=\"elementor-widget-wrap\">\n\t\t\t\t\t\t<div class=\"elementor-element elementor-element-e54f22c elementor-widget elementor-widget-heading\" data-id=\"e54f22c\" data-element_type=\"widget\" data-widget_type=\"heading.default\">\n\t\t\t\t<div class=\"elementor-widget-container\">\n\t\t\t<h2 class=\"elementor-heading-title elementor-size-default\">Eine Stadt, die lebt <\/h2>\t\t<\/div>\n\t\t\t\t<\/div>\n\t\t\t\t<div class=\"elementor-element elementor-element-c17c560 elementor-widget elementor-widget-text-editor\" data-id=\"c17c560\" data-element_type=\"widget\" data-widget_type=\"text-editor.default\">\n\t\t\t\t<div class=\"elementor-widget-container\">\n\t\t\t\t\t\t\t\t<div class=\"elementor-text-editor elementor-clearfix\">\n\t\t\t\t<p>Neben gro\u00dfen saisonalen Veranstaltungen wie dem Fasching, dem Food Festival, dem Bierfest, dem Kaisertag, dem Weinfest und dem Advent k\u00f6nnen Sie auch nach Kada\u0148 kommen, um interessante kulturelle Veranstaltungen zu sehen. Jede Woche gibt es mehrere davon &#8211; Diskussionen mit interessanten Menschen, Ausstellungen, Konzerte und Veranstaltungen f\u00fcr die Kleinen. Kada\u0148 lebt wirklich!<\/p>\t\t\t\t\t<\/div>\n\t\t\t\t\t\t<\/div>\n\t\t\t\t<\/div>\n\t\t\t\t\t\t<\/div>\n\t\t\t\t\t<\/div>\n\t\t<\/div>\n\t\t\t\t\t\t\t\t<\/div>\n\t\t\t\t\t<\/div>\n\t\t<\/section>\n\t\t\t\t<section class=\"elementor-section elementor-top-section elementor-element elementor-element-e8a6c9 elementor-section-full_width elementor-section-height-default elementor-section-height-default\" data-id=\"e8a6c9\" data-element_type=\"section\">\n\t\t\t\t\t\t<div class=\"elementor-container elementor-column-gap-default\">\n\t\t\t\t\t\t\t<div class=\"elementor-row\">\n\t\t\t\t\t<div class=\"elementor-column elementor-col-100 elementor-top-column elementor-element elementor-element-45b2fc1b\" data-id=\"45b2fc1b\" data-element_type=\"column\">\n\t\t\t<div class=\"elementor-column-wrap elementor-element-populated\">\n\t\t\t\t\t\t\t<div class=\"elementor-widget-wrap\">\n\t\t\t\t\t\t<section class=\"elementor-section elementor-inner-section elementor-element elementor-element-302ef950 elementor-section-boxed elementor-section-height-default elementor-section-height-default\" data-id=\"302ef950\" data-element_type=\"section\" data-settings=\"{&quot;background_background&quot;:&quot;classic&quot;}\">\n\t\t\t\t\t\t\t<div class=\"elementor-background-overlay\"><\/div>\n\t\t\t\t\t\t\t<div class=\"elementor-container elementor-column-gap-default\">\n\t\t\t\t\t\t\t<div class=\"elementor-row\">\n\t\t\t\t\t<div class=\"elementor-column elementor-col-100 elementor-inner-column elementor-element elementor-element-297ffcd1\" data-id=\"297ffcd1\" data-element_type=\"column\">\n\t\t\t<div class=\"elementor-column-wrap elementor-element-populated\">\n\t\t\t\t\t\t\t<div class=\"elementor-widget-wrap\">\n\t\t\t\t\t\t<div class=\"elementor-element elementor-element-386a183 elementor-widget elementor-widget-image\" data-id=\"386a183\" data-element_type=\"widget\" data-widget_type=\"image.default\">\n\t\t\t\t<div class=\"elementor-widget-container\">\n\t\t\t\t\t\t\t\t<div class=\"elementor-image\">\n\t\t\t\t\t\t\t\t\t\t\t\t<img width=\"525\" height=\"100\" src=\"https:\/\/kadan.eu\/de\/wp-content\/uploads\/2019\/06\/KZK_Kadan_2radky_CMYK_bile-1024x195.png\" class=\"attachment-large size-large\" alt=\"Kulturn\u00ed za\u0159\u00edzen\u00ed Kada\u0148\" srcset=\"https:\/\/kadan.eu\/de\/wp-content\/uploads\/2019\/06\/KZK_Kadan_2radky_CMYK_bile-1024x195.png 1024w, https:\/\/kadan.eu\/de\/wp-content\/uploads\/2019\/06\/KZK_Kadan_2radky_CMYK_bile-300x57.png 300w, https:\/\/kadan.eu\/de\/wp-content\/uploads\/2019\/06\/KZK_Kadan_2radky_CMYK_bile-768x146.png 768w, https:\/\/kadan.eu\/de\/wp-content\/uploads\/2019\/06\/KZK_Kadan_2radky_CMYK_bile-1536x293.png 1536w, https:\/\/kadan.eu\/de\/wp-content\/uploads\/2019\/06\/KZK_Kadan_2radky_CMYK_bile-2048x390.png 2048w, https:\/\/kadan.eu\/de\/wp-content\/uploads\/2019\/06\/KZK_Kadan_2radky_CMYK_bile.png 1280w\" sizes=\"100vw\" \/>\t\t\t\t\t\t\t\t\t\t\t\t\t\t<\/div>\n\t\t\t\t\t\t<\/div>\n\t\t\t\t<\/div>\n\t\t\t\t<div class=\"elementor-element elementor-element-29f3e7e7 elementor-widget elementor-widget-heading\" data-id=\"29f3e7e7\" data-element_type=\"widget\" data-widget_type=\"heading.default\">\n\t\t\t\t<div class=\"elementor-widget-container\">\n\t\t\t<h3 class=\"elementor-heading-title elementor-size-default\">Kaadener Kulturkalender <\/h3>\t\t<\/div>\n\t\t\t\t<\/div>\n\t\t\t\t<div class=\"elementor-element elementor-element-4e937a9b elementor-widget elementor-widget-text-editor\" data-id=\"4e937a9b\" data-element_type=\"widget\" data-widget_type=\"text-editor.default\">\n\t\t\t\t<div class=\"elementor-widget-container\">\n\t\t\t\t\t\t\t\t<div class=\"elementor-text-editor elementor-clearfix\">\n\t\t\t\t<p>Umfassender \u00dcberblick \u00fcber aktuelle kulturelle Ereignisse in Kada\u0148<\/p>\t\t\t\t\t<\/div>\n\t\t\t\t\t\t<\/div>\n\t\t\t\t<\/div>\n\t\t\t\t<div class=\"elementor-element elementor-element-e081abb elementor-align-center elementor-widget elementor-widget-button\" data-id=\"e081abb\" data-element_type=\"widget\" data-widget_type=\"button.default\">\n\t\t\t\t<div class=\"elementor-widget-container\">\n\t\t\t\t\t<div class=\"elementor-button-wrapper\">\n\t\t\t<a href=\"http:\/\/www.kultura-kadan.cz%20\" class=\"elementor-button-link elementor-button elementor-size-sm\" role=\"button\">\n\t\t\t\t\t\t<span class=\"elementor-button-content-wrapper\">\n\t\t\t\t\t\t<span class=\"elementor-button-text\">Seiten anzeigen <\/span>\n\t\t<\/span>\n\t\t\t\t\t<\/a>\n\t\t<\/div>\n\t\t\t\t<\/div>\n\t\t\t\t<\/div>\n\t\t\t\t\t\t<\/div>\n\t\t\t\t\t<\/div>\n\t\t<\/div>\n\t\t\t\t\t\t\t\t<\/div>\n\t\t\t\t\t<\/div>\n\t\t<\/section>\n\t\t\t\t\t\t<\/div>\n\t\t\t\t\t<\/div>\n\t\t<\/div>\n\t\t\t\t\t\t\t\t<\/div>\n\t\t\t\t\t<\/div>\n\t\t<\/section>\n\t\t\t\t<section class=\"elementor-section elementor-top-section elementor-element elementor-element-07c51df elementor-section-boxed elementor-section-height-default elementor-section-height-default\" data-id=\"07c51df\" data-element_type=\"section\">\n\t\t\t\t\t\t<div class=\"elementor-container elementor-column-gap-default\">\n\t\t\t\t\t\t\t<div class=\"elementor-row\">\n\t\t\t\t\t<div class=\"elementor-column elementor-col-100 elementor-top-column elementor-element elementor-element-b7bf984\" data-id=\"b7bf984\" data-element_type=\"column\">\n\t\t\t<div class=\"elementor-column-wrap elementor-element-populated\">\n\t\t\t\t\t\t\t<div class=\"elementor-widget-wrap\">\n\t\t\t\t\t\t<div class=\"elementor-element elementor-element-466c49e elementor-widget elementor-widget-heading\" data-id=\"466c49e\" data-element_type=\"widget\" data-widget_type=\"heading.default\">\n\t\t\t\t<div class=\"elementor-widget-container\">\n\t\t\t<h2 class=\"elementor-heading-title elementor-size-default\">Das \u00f6kologische Kada\u0148<\/h2>\t\t<\/div>\n\t\t\t\t<\/div>\n\t\t\t\t<div class=\"elementor-element elementor-element-8fd186f elementor-widget elementor-widget-text-editor\" data-id=\"8fd186f\" data-element_type=\"widget\" data-widget_type=\"text-editor.default\">\n\t\t\t\t<div class=\"elementor-widget-container\">\n\t\t\t\t\t\t\t\t<div class=\"elementor-text-editor elementor-clearfix\">\n\t\t\t\t<p>Auch wir in Kada\u0148 sind uns der Mitverantwortung f\u00fcr eine nachhaltige Zukunft bewusst. In letzter Zeit wurden in Kada\u0148 viele Projekte durchgef\u00fchrt, um den \u00f6ffentlichen Raum mit der Natur zu verbinden, Gr\u00fcn in die Stadt zur\u00fcckzubringen, Regenwasser zu verwenden oder die Anzahl der Beh\u00e4lter f\u00fcr sortierte Abf\u00e4lle f\u00fcr die gesamte Stadt zu erh\u00f6hen.<\/p>\t\t\t\t\t<\/div>\n\t\t\t\t\t\t<\/div>\n\t\t\t\t<\/div>\n\t\t\t\t\t\t<\/div>\n\t\t\t\t\t<\/div>\n\t\t<\/div>\n\t\t\t\t\t\t\t\t<\/div>\n\t\t\t\t\t<\/div>\n\t\t<\/section>\n\t\t\t\t<section class=\"elementor-section elementor-top-section elementor-element elementor-element-0f122fa elementor-section-boxed elementor-section-height-default elementor-section-height-default\" data-id=\"0f122fa\" data-element_type=\"section\">\n\t\t\t\t\t\t<div class=\"elementor-container elementor-column-gap-default\">\n\t\t\t\t\t\t\t<div class=\"elementor-row\">\n\t\t\t\t\t<div class=\"elementor-column elementor-col-100 elementor-top-column elementor-element elementor-element-8e9f617\" data-id=\"8e9f617\" data-element_type=\"column\">\n\t\t\t<div class=\"elementor-column-wrap elementor-element-populated\">\n\t\t\t\t\t\t\t<div class=\"elementor-widget-wrap\">\n\t\t\t\t\t\t<div class=\"elementor-element elementor-element-8fb8781 elementor-widget elementor-widget-heading\" data-id=\"8fb8781\" data-element_type=\"widget\" data-widget_type=\"heading.default\">\n\t\t\t\t<div class=\"elementor-widget-container\">\n\t\t\t<h2 class=\"elementor-heading-title elementor-size-default\">Auszeichnungen, die nicht jeder hat<\/h2>\t\t<\/div>\n\t\t\t\t<\/div>\n\t\t\t\t<div class=\"elementor-element elementor-element-b0aeff6 elementor-widget elementor-widget-text-editor\" data-id=\"b0aeff6\" data-element_type=\"widget\" data-widget_type=\"text-editor.default\">\n\t\t\t\t<div class=\"elementor-widget-container\">\n\t\t\t\t\t\t\t\t<div class=\"elementor-text-editor elementor-clearfix\">\n\t\t\t\t<p>Jahr f\u00fcr Jahr steigt Kada\u0148 in der Rangliste der Besucher und der Beliebtheit bei Besuchern aus allen Ecken nicht nur der Tschechischen Republik, sondern auch Europas auf. Nur dank Ihnen wurden wir mehrfach geehrt, Titel und Auszeichnungen zu gewinnen, auf die wir zu Recht stolz sind. Danke noch einmal!<\/p>\t\t\t\t\t<\/div>\n\t\t\t\t\t\t<\/div>\n\t\t\t\t<\/div>\n\t\t\t\t<section class=\"elementor-section elementor-inner-section elementor-element elementor-element-ea9221a elementor-section-height-min-height elementor-section-boxed elementor-section-height-default\" data-id=\"ea9221a\" data-element_type=\"section\">\n\t\t\t\t\t\t<div class=\"elementor-container elementor-column-gap-default\">\n\t\t\t\t\t\t\t<div class=\"elementor-row\">\n\t\t\t\t\t<div class=\"elementor-column elementor-col-50 elementor-inner-column elementor-element elementor-element-cfd4532\" data-id=\"cfd4532\" data-element_type=\"column\">\n\t\t\t<div class=\"elementor-column-wrap elementor-element-populated\">\n\t\t\t\t\t\t\t<div class=\"elementor-widget-wrap\">\n\t\t\t\t\t\t<div class=\"elementor-element elementor-element-c650b7c elementor-widget__width-initial elementor-widget elementor-widget-image\" data-id=\"c650b7c\" data-element_type=\"widget\" data-widget_type=\"image.default\">\n\t\t\t\t<div class=\"elementor-widget-container\">\n\t\t\t\t\t\t\t\t<div class=\"elementor-image\">\n\t\t\t\t\t\t\t\t\t\t\t\t<img width=\"256\" height=\"256\" src=\"https:\/\/kadan.eu\/de\/wp-content\/uploads\/2019\/09\/award.png\" class=\"attachment-large size-large\" alt=\"Ocen\u011bn\u00ed Kada\u0148\" srcset=\"https:\/\/kadan.eu\/de\/wp-content\/uploads\/2019\/09\/award.png 256w, https:\/\/kadan.eu\/de\/wp-content\/uploads\/2019\/09\/award-150x150.png 150w, https:\/\/kadan.eu\/de\/wp-content\/uploads\/2019\/09\/award-100x100.png 100w\" sizes=\"100vw\" \/>\t\t\t\t\t\t\t\t\t\t\t\t\t\t<\/div>\n\t\t\t\t\t\t<\/div>\n\t\t\t\t<\/div>\n\t\t\t\t\t\t<\/div>\n\t\t\t\t\t<\/div>\n\t\t<\/div>\n\t\t\t\t<div class=\"elementor-column elementor-col-50 elementor-inner-column elementor-element elementor-element-3160c67\" data-id=\"3160c67\" data-element_type=\"column\">\n\t\t\t<div class=\"elementor-column-wrap elementor-element-populated\">\n\t\t\t\t\t\t\t<div class=\"elementor-widget-wrap\">\n\t\t\t\t\t\t<div class=\"elementor-element elementor-element-2a18abb elementor-widget__width-inherit elementor-widget elementor-widget-text-editor\" data-id=\"2a18abb\" data-element_type=\"widget\" data-widget_type=\"text-editor.default\">\n\t\t\t\t<div class=\"elementor-widget-container\">\n\t\t\t\t\t\t\t\t<div class=\"elementor-text-editor elementor-clearfix\">\n\t\t\t\t<p><strong>1995<\/strong> \u2013 Kada\u0148 wurde zur historischen Stadt des Jahres erkl\u00e4rt. Diese Prestigeauszeichnung wird vom Verband der historischen Siedlungen B\u00f6hmens, M\u00e4hrens und Schlesiens verliehen.<\/p>\t\t\t\t\t<\/div>\n\t\t\t\t\t\t<\/div>\n\t\t\t\t<\/div>\n\t\t\t\t\t\t<\/div>\n\t\t\t\t\t<\/div>\n\t\t<\/div>\n\t\t\t\t\t\t\t\t<\/div>\n\t\t\t\t\t<\/div>\n\t\t<\/section>\n\t\t\t\t<section class=\"elementor-section elementor-inner-section elementor-element elementor-element-c0b52db elementor-section-height-min-height elementor-section-boxed elementor-section-height-default\" data-id=\"c0b52db\" data-element_type=\"section\">\n\t\t\t\t\t\t<div class=\"elementor-container elementor-column-gap-default\">\n\t\t\t\t\t\t\t<div class=\"elementor-row\">\n\t\t\t\t\t<div class=\"elementor-column elementor-col-50 elementor-inner-column elementor-element elementor-element-ce11204\" data-id=\"ce11204\" data-element_type=\"column\">\n\t\t\t<div class=\"elementor-column-wrap elementor-element-populated\">\n\t\t\t\t\t\t\t<div class=\"elementor-widget-wrap\">\n\t\t\t\t\t\t<div class=\"elementor-element elementor-element-ddac57a elementor-widget__width-initial elementor-widget elementor-widget-image\" data-id=\"ddac57a\" data-element_type=\"widget\" data-widget_type=\"image.default\">\n\t\t\t\t<div class=\"elementor-widget-container\">\n\t\t\t\t\t\t\t\t<div class=\"elementor-image\">\n\t\t\t\t\t\t\t\t\t\t\t\t<img width=\"256\" height=\"256\" src=\"https:\/\/kadan.eu\/de\/wp-content\/uploads\/2019\/09\/trophy.png\" class=\"attachment-large size-large\" alt=\"Ocen\u011bn\u00ed Kada\u0148\" srcset=\"https:\/\/kadan.eu\/de\/wp-content\/uploads\/2019\/09\/trophy.png 256w, https:\/\/kadan.eu\/de\/wp-content\/uploads\/2019\/09\/trophy-150x150.png 150w, https:\/\/kadan.eu\/de\/wp-content\/uploads\/2019\/09\/trophy-100x100.png 100w\" sizes=\"100vw\" \/>\t\t\t\t\t\t\t\t\t\t\t\t\t\t<\/div>\n\t\t\t\t\t\t<\/div>\n\t\t\t\t<\/div>\n\t\t\t\t\t\t<\/div>\n\t\t\t\t\t<\/div>\n\t\t<\/div>\n\t\t\t\t<div class=\"elementor-column elementor-col-50 elementor-inner-column elementor-element elementor-element-b0a9bb4\" data-id=\"b0a9bb4\" data-element_type=\"column\">\n\t\t\t<div class=\"elementor-column-wrap elementor-element-populated\">\n\t\t\t\t\t\t\t<div class=\"elementor-widget-wrap\">\n\t\t\t\t\t\t<div class=\"elementor-element elementor-element-1d2466e elementor-widget__width-inherit elementor-widget elementor-widget-text-editor\" data-id=\"1d2466e\" data-element_type=\"widget\" data-widget_type=\"text-editor.default\">\n\t\t\t\t<div class=\"elementor-widget-container\">\n\t\t\t\t\t\t\t\t<div class=\"elementor-text-editor elementor-clearfix\">\n\t\t\t\t<p><strong>2010<\/strong> \u2013 Gewinner des Wettbewerbs die sch\u00f6nste Stadt und das sch\u00f6nste Dorf in B\u00f6hmen und M\u00e4hren. Diese Umfrage wird von der Agentur REGIONWEB organisiert.<\/p>\t\t\t\t\t<\/div>\n\t\t\t\t\t\t<\/div>\n\t\t\t\t<\/div>\n\t\t\t\t\t\t<\/div>\n\t\t\t\t\t<\/div>\n\t\t<\/div>\n\t\t\t\t\t\t\t\t<\/div>\n\t\t\t\t\t<\/div>\n\t\t<\/section>\n\t\t\t\t<section class=\"elementor-section elementor-inner-section elementor-element elementor-element-7ba567a elementor-section-height-min-height elementor-section-boxed elementor-section-height-default\" data-id=\"7ba567a\" data-element_type=\"section\">\n\t\t\t\t\t\t<div class=\"elementor-container elementor-column-gap-default\">\n\t\t\t\t\t\t\t<div class=\"elementor-row\">\n\t\t\t\t\t<div class=\"elementor-column elementor-col-50 elementor-inner-column elementor-element elementor-element-6bae0a1\" data-id=\"6bae0a1\" data-element_type=\"column\">\n\t\t\t<div class=\"elementor-column-wrap elementor-element-populated\">\n\t\t\t\t\t\t\t<div class=\"elementor-widget-wrap\">\n\t\t\t\t\t\t<div class=\"elementor-element elementor-element-2e1f9a7 elementor-widget__width-initial elementor-widget elementor-widget-image\" data-id=\"2e1f9a7\" data-element_type=\"widget\" data-widget_type=\"image.default\">\n\t\t\t\t<div class=\"elementor-widget-container\">\n\t\t\t\t\t\t\t\t<div class=\"elementor-image\">\n\t\t\t\t\t\t\t\t\t\t\t\t<img width=\"256\" height=\"256\" src=\"https:\/\/kadan.eu\/de\/wp-content\/uploads\/2019\/09\/winner.png\" class=\"attachment-large size-large\" alt=\"Ocen\u011bn\u00ed Kada\u0148\" srcset=\"https:\/\/kadan.eu\/de\/wp-content\/uploads\/2019\/09\/winner.png 256w, https:\/\/kadan.eu\/de\/wp-content\/uploads\/2019\/09\/winner-150x150.png 150w, https:\/\/kadan.eu\/de\/wp-content\/uploads\/2019\/09\/winner-100x100.png 100w\" sizes=\"100vw\" \/>\t\t\t\t\t\t\t\t\t\t\t\t\t\t<\/div>\n\t\t\t\t\t\t<\/div>\n\t\t\t\t<\/div>\n\t\t\t\t\t\t<\/div>\n\t\t\t\t\t<\/div>\n\t\t<\/div>\n\t\t\t\t<div class=\"elementor-column elementor-col-50 elementor-inner-column elementor-element elementor-element-f3602b6\" data-id=\"f3602b6\" data-element_type=\"column\">\n\t\t\t<div class=\"elementor-column-wrap elementor-element-populated\">\n\t\t\t\t\t\t\t<div class=\"elementor-widget-wrap\">\n\t\t\t\t\t\t<div class=\"elementor-element elementor-element-f3a0185 elementor-widget__width-inherit elementor-widget elementor-widget-text-editor\" data-id=\"f3a0185\" data-element_type=\"widget\" data-widget_type=\"text-editor.default\">\n\t\t\t\t<div class=\"elementor-widget-container\">\n\t\t\t\t\t\t\t\t<div class=\"elementor-text-editor elementor-clearfix\">\n\t\t\t\t<p><strong>2011<\/strong> \u2013 Gewinner des Wettbewerbs die sch\u00f6nste Stadt und das sch\u00f6nste Dorf in B\u00f6hmen und M\u00e4hren. Diese Umfrage wird von der Agentur REGIONWEB organisiert.<\/p>\t\t\t\t\t<\/div>\n\t\t\t\t\t\t<\/div>\n\t\t\t\t<\/div>\n\t\t\t\t\t\t<\/div>\n\t\t\t\t\t<\/div>\n\t\t<\/div>\n\t\t\t\t\t\t\t\t<\/div>\n\t\t\t\t\t<\/div>\n\t\t<\/section>\n\t\t\t\t<section class=\"elementor-section elementor-inner-section elementor-element elementor-element-a508b54 elementor-section-height-min-height elementor-section-boxed elementor-section-height-default\" data-id=\"a508b54\" data-element_type=\"section\">\n\t\t\t\t\t\t<div class=\"elementor-container elementor-column-gap-default\">\n\t\t\t\t\t\t\t<div class=\"elementor-row\">\n\t\t\t\t\t<div class=\"elementor-column elementor-col-50 elementor-inner-column elementor-element elementor-element-a64a4be\" data-id=\"a64a4be\" data-element_type=\"column\">\n\t\t\t<div class=\"elementor-column-wrap elementor-element-populated\">\n\t\t\t\t\t\t\t<div class=\"elementor-widget-wrap\">\n\t\t\t\t\t\t<div class=\"elementor-element elementor-element-adfbf55 elementor-widget__width-initial elementor-widget elementor-widget-image\" data-id=\"adfbf55\" data-element_type=\"widget\" data-widget_type=\"image.default\">\n\t\t\t\t<div class=\"elementor-widget-container\">\n\t\t\t\t\t\t\t\t<div class=\"elementor-image\">\n\t\t\t\t\t\t\t\t\t\t\t\t<img width=\"256\" height=\"256\" src=\"https:\/\/kadan.eu\/de\/wp-content\/uploads\/2019\/09\/trophy-1.png\" class=\"attachment-large size-large\" alt=\"Ocen\u011bn\u00ed Kada\u0148\" srcset=\"https:\/\/kadan.eu\/de\/wp-content\/uploads\/2019\/09\/trophy-1.png 256w, https:\/\/kadan.eu\/de\/wp-content\/uploads\/2019\/09\/trophy-1-150x150.png 150w, https:\/\/kadan.eu\/de\/wp-content\/uploads\/2019\/09\/trophy-1-100x100.png 100w\" sizes=\"100vw\" \/>\t\t\t\t\t\t\t\t\t\t\t\t\t\t<\/div>\n\t\t\t\t\t\t<\/div>\n\t\t\t\t<\/div>\n\t\t\t\t\t\t<\/div>\n\t\t\t\t\t<\/div>\n\t\t<\/div>\n\t\t\t\t<div class=\"elementor-column elementor-col-50 elementor-inner-column elementor-element elementor-element-e1e691d\" data-id=\"e1e691d\" data-element_type=\"column\">\n\t\t\t<div class=\"elementor-column-wrap elementor-element-populated\">\n\t\t\t\t\t\t\t<div class=\"elementor-widget-wrap\">\n\t\t\t\t\t\t<div class=\"elementor-element elementor-element-9c7a1fa elementor-widget__width-inherit elementor-widget elementor-widget-text-editor\" data-id=\"9c7a1fa\" data-element_type=\"widget\" data-widget_type=\"text-editor.default\">\n\t\t\t\t<div class=\"elementor-widget-container\">\n\t\t\t\t\t\t\t\t<div class=\"elementor-text-editor elementor-clearfix\">\n\t\t\t\t<p><strong>2012<\/strong> \u2013 Gewinner des Wettbewerbs die sch\u00f6nste Stadt und das sch\u00f6nste Dorf in B\u00f6hmen und M\u00e4hren. Diese Umfrage wird von der Agentur REGIONWEB organisiert.<\/p>\t\t\t\t\t<\/div>\n\t\t\t\t\t\t<\/div>\n\t\t\t\t<\/div>\n\t\t\t\t\t\t<\/div>\n\t\t\t\t\t<\/div>\n\t\t<\/div>\n\t\t\t\t\t\t\t\t<\/div>\n\t\t\t\t\t<\/div>\n\t\t<\/section>\n\t\t\t\t<section class=\"elementor-section elementor-inner-section elementor-element elementor-element-afffe3a elementor-section-height-min-height elementor-section-boxed elementor-section-height-default\" data-id=\"afffe3a\" data-element_type=\"section\">\n\t\t\t\t\t\t<div class=\"elementor-container elementor-column-gap-default\">\n\t\t\t\t\t\t\t<div class=\"elementor-row\">\n\t\t\t\t\t<div class=\"elementor-column elementor-col-50 elementor-inner-column elementor-element elementor-element-4cfc2cf\" data-id=\"4cfc2cf\" data-element_type=\"column\">\n\t\t\t<div class=\"elementor-column-wrap elementor-element-populated\">\n\t\t\t\t\t\t\t<div class=\"elementor-widget-wrap\">\n\t\t\t\t\t\t<div class=\"elementor-element elementor-element-4726534 elementor-widget__width-initial elementor-widget elementor-widget-image\" data-id=\"4726534\" data-element_type=\"widget\" data-widget_type=\"image.default\">\n\t\t\t\t<div class=\"elementor-widget-container\">\n\t\t\t\t\t\t\t\t<div class=\"elementor-image\">\n\t\t\t\t\t\t\t\t\t\t\t\t<img width=\"256\" height=\"256\" src=\"https:\/\/kadan.eu\/de\/wp-content\/uploads\/2019\/09\/bronze-medal.png\" class=\"attachment-large size-large\" alt=\"Ocen\u011bn\u00ed Kada\u0148\" srcset=\"https:\/\/kadan.eu\/de\/wp-content\/uploads\/2019\/09\/bronze-medal.png 256w, https:\/\/kadan.eu\/de\/wp-content\/uploads\/2019\/09\/bronze-medal-150x150.png 150w, https:\/\/kadan.eu\/de\/wp-content\/uploads\/2019\/09\/bronze-medal-100x100.png 100w\" sizes=\"100vw\" \/>\t\t\t\t\t\t\t\t\t\t\t\t\t\t<\/div>\n\t\t\t\t\t\t<\/div>\n\t\t\t\t<\/div>\n\t\t\t\t\t\t<\/div>\n\t\t\t\t\t<\/div>\n\t\t<\/div>\n\t\t\t\t<div class=\"elementor-column elementor-col-50 elementor-inner-column elementor-element elementor-element-1a53862\" data-id=\"1a53862\" data-element_type=\"column\">\n\t\t\t<div class=\"elementor-column-wrap elementor-element-populated\">\n\t\t\t\t\t\t\t<div class=\"elementor-widget-wrap\">\n\t\t\t\t\t\t<div class=\"elementor-element elementor-element-c619af3 elementor-widget__width-inherit elementor-widget elementor-widget-text-editor\" data-id=\"c619af3\" data-element_type=\"widget\" data-widget_type=\"text-editor.default\">\n\t\t\t\t<div class=\"elementor-widget-container\">\n\t\t\t\t\t\t\t\t<div class=\"elementor-text-editor elementor-clearfix\">\n\t\t\t\t<p><strong>2014<\/strong> \u2013 der 3. Platz im Wettbewerb die sch\u00f6nste Stadt und das sch\u00f6nste Dorf in B\u00f6hmen und M\u00e4hren. Diese Umfrage wird von der Agentur REGIONWEB organisiert.<\/p>\t\t\t\t\t<\/div>\n\t\t\t\t\t\t<\/div>\n\t\t\t\t<\/div>\n\t\t\t\t\t\t<\/div>\n\t\t\t\t\t<\/div>\n\t\t<\/div>\n\t\t\t\t\t\t\t\t<\/div>\n\t\t\t\t\t<\/div>\n\t\t<\/section>\n\t\t\t\t<section class=\"elementor-section elementor-inner-section elementor-element elementor-element-c61c9a3 elementor-section-height-min-height elementor-section-boxed elementor-section-height-default\" data-id=\"c61c9a3\" data-element_type=\"section\">\n\t\t\t\t\t\t<div class=\"elementor-container elementor-column-gap-default\">\n\t\t\t\t\t\t\t<div class=\"elementor-row\">\n\t\t\t\t\t<div class=\"elementor-column elementor-col-50 elementor-inner-column elementor-element elementor-element-fcfb63f\" data-id=\"fcfb63f\" data-element_type=\"column\">\n\t\t\t<div class=\"elementor-column-wrap elementor-element-populated\">\n\t\t\t\t\t\t\t<div class=\"elementor-widget-wrap\">\n\t\t\t\t\t\t<div class=\"elementor-element elementor-element-88aca36 elementor-widget__width-initial elementor-widget elementor-widget-image\" data-id=\"88aca36\" data-element_type=\"widget\" data-widget_type=\"image.default\">\n\t\t\t\t<div class=\"elementor-widget-container\">\n\t\t\t\t\t\t\t\t<div class=\"elementor-image\">\n\t\t\t\t\t\t\t\t\t\t\t\t<img width=\"256\" height=\"256\" src=\"https:\/\/kadan.eu\/de\/wp-content\/uploads\/2019\/09\/medal.png\" class=\"attachment-large size-large\" alt=\"Ocen\u011bn\u00ed Kada\u0148\" srcset=\"https:\/\/kadan.eu\/de\/wp-content\/uploads\/2019\/09\/medal.png 256w, https:\/\/kadan.eu\/de\/wp-content\/uploads\/2019\/09\/medal-150x150.png 150w, https:\/\/kadan.eu\/de\/wp-content\/uploads\/2019\/09\/medal-100x100.png 100w\" sizes=\"100vw\" \/>\t\t\t\t\t\t\t\t\t\t\t\t\t\t<\/div>\n\t\t\t\t\t\t<\/div>\n\t\t\t\t<\/div>\n\t\t\t\t\t\t<\/div>\n\t\t\t\t\t<\/div>\n\t\t<\/div>\n\t\t\t\t<div class=\"elementor-column elementor-col-50 elementor-inner-column elementor-element elementor-element-09071af\" data-id=\"09071af\" data-element_type=\"column\">\n\t\t\t<div class=\"elementor-column-wrap elementor-element-populated\">\n\t\t\t\t\t\t\t<div class=\"elementor-widget-wrap\">\n\t\t\t\t\t\t<div class=\"elementor-element elementor-element-7e0a2ff elementor-widget__width-inherit elementor-widget elementor-widget-text-editor\" data-id=\"7e0a2ff\" data-element_type=\"widget\" data-widget_type=\"text-editor.default\">\n\t\t\t\t<div class=\"elementor-widget-container\">\n\t\t\t\t\t\t\t\t<div class=\"elementor-text-editor elementor-clearfix\">\n\t\t\t\t<p><strong>2014<\/strong> \u2013 im nationalen Finale des Wettbewerbs f\u00fcr die historische Stadt des Jahres. Diese Prestigeauszeichnung wird vom Verband der historischen Siedlungen B\u00f6hmens, M\u00e4hrens und Schlesiens verliehen.<\/p>\t\t\t\t\t<\/div>\n\t\t\t\t\t\t<\/div>\n\t\t\t\t<\/div>\n\t\t\t\t\t\t<\/div>\n\t\t\t\t\t<\/div>\n\t\t<\/div>\n\t\t\t\t\t\t\t\t<\/div>\n\t\t\t\t\t<\/div>\n\t\t<\/section>\n\t\t\t\t<section class=\"elementor-section elementor-inner-section elementor-element elementor-element-3615da8 elementor-section-height-min-height elementor-section-boxed elementor-section-height-default\" data-id=\"3615da8\" data-element_type=\"section\">\n\t\t\t\t\t\t<div class=\"elementor-container elementor-column-gap-default\">\n\t\t\t\t\t\t\t<div class=\"elementor-row\">\n\t\t\t\t\t<div class=\"elementor-column elementor-col-50 elementor-inner-column elementor-element elementor-element-e845774\" data-id=\"e845774\" data-element_type=\"column\">\n\t\t\t<div class=\"elementor-column-wrap elementor-element-populated\">\n\t\t\t\t\t\t\t<div class=\"elementor-widget-wrap\">\n\t\t\t\t\t\t<div class=\"elementor-element elementor-element-cc05aa2 elementor-widget__width-initial elementor-widget elementor-widget-image\" data-id=\"cc05aa2\" data-element_type=\"widget\" data-widget_type=\"image.default\">\n\t\t\t\t<div class=\"elementor-widget-container\">\n\t\t\t\t\t\t\t\t<div class=\"elementor-image\">\n\t\t\t\t\t\t\t\t\t\t\t\t<img width=\"256\" height=\"256\" src=\"https:\/\/kadan.eu\/de\/wp-content\/uploads\/2019\/09\/medal-1.png\" class=\"attachment-large size-large\" alt=\"Ocen\u011bn\u00ed Kada\u0148\" srcset=\"https:\/\/kadan.eu\/de\/wp-content\/uploads\/2019\/09\/medal-1.png 256w, https:\/\/kadan.eu\/de\/wp-content\/uploads\/2019\/09\/medal-1-150x150.png 150w, https:\/\/kadan.eu\/de\/wp-content\/uploads\/2019\/09\/medal-1-100x100.png 100w\" sizes=\"100vw\" \/>\t\t\t\t\t\t\t\t\t\t\t\t\t\t<\/div>\n\t\t\t\t\t\t<\/div>\n\t\t\t\t<\/div>\n\t\t\t\t\t\t<\/div>\n\t\t\t\t\t<\/div>\n\t\t<\/div>\n\t\t\t\t<div class=\"elementor-column elementor-col-50 elementor-inner-column elementor-element elementor-element-b765292\" data-id=\"b765292\" data-element_type=\"column\">\n\t\t\t<div class=\"elementor-column-wrap elementor-element-populated\">\n\t\t\t\t\t\t\t<div class=\"elementor-widget-wrap\">\n\t\t\t\t\t\t<div class=\"elementor-element elementor-element-18e2f2c elementor-widget__width-inherit elementor-widget elementor-widget-text-editor\" data-id=\"18e2f2c\" data-element_type=\"widget\" data-widget_type=\"text-editor.default\">\n\t\t\t\t<div class=\"elementor-widget-container\">\n\t\t\t\t\t\t\t\t<div class=\"elementor-text-editor elementor-clearfix\">\n\t\t\t\t<p><strong>2015<\/strong> \u2013 der 4. Platz im Wettbewerb die sch\u00f6nste Stadt und das sch\u00f6nste Dorf in B\u00f6hmen und M\u00e4hren. Diese Umfrage wird von der Agentur REGIONWEB organisiert.<\/p>\t\t\t\t\t<\/div>\n\t\t\t\t\t\t<\/div>\n\t\t\t\t<\/div>\n\t\t\t\t\t\t<\/div>\n\t\t\t\t\t<\/div>\n\t\t<\/div>\n\t\t\t\t\t\t\t\t<\/div>\n\t\t\t\t\t<\/div>\n\t\t<\/section>\n\t\t\t\t<section class=\"elementor-section elementor-inner-section elementor-element elementor-element-0338f15 elementor-section-height-min-height elementor-section-boxed elementor-section-height-default\" data-id=\"0338f15\" data-element_type=\"section\">\n\t\t\t\t\t\t<div class=\"elementor-container elementor-column-gap-default\">\n\t\t\t\t\t\t\t<div class=\"elementor-row\">\n\t\t\t\t\t<div class=\"elementor-column elementor-col-50 elementor-inner-column elementor-element elementor-element-d32efd9\" data-id=\"d32efd9\" data-element_type=\"column\">\n\t\t\t<div class=\"elementor-column-wrap elementor-element-populated\">\n\t\t\t\t\t\t\t<div class=\"elementor-widget-wrap\">\n\t\t\t\t\t\t<div class=\"elementor-element elementor-element-d0ae480 elementor-widget__width-initial elementor-widget elementor-widget-image\" data-id=\"d0ae480\" data-element_type=\"widget\" data-widget_type=\"image.default\">\n\t\t\t\t<div class=\"elementor-widget-container\">\n\t\t\t\t\t\t\t\t<div class=\"elementor-image\">\n\t\t\t\t\t\t\t\t\t\t\t\t<img width=\"256\" height=\"256\" src=\"https:\/\/kadan.eu\/de\/wp-content\/uploads\/2019\/09\/success.png\" class=\"attachment-large size-large\" alt=\"Ocen\u011bn\u00ed Kada\u0148\" srcset=\"https:\/\/kadan.eu\/de\/wp-content\/uploads\/2019\/09\/success.png 256w, https:\/\/kadan.eu\/de\/wp-content\/uploads\/2019\/09\/success-150x150.png 150w, https:\/\/kadan.eu\/de\/wp-content\/uploads\/2019\/09\/success-100x100.png 100w\" sizes=\"100vw\" \/>\t\t\t\t\t\t\t\t\t\t\t\t\t\t<\/div>\n\t\t\t\t\t\t<\/div>\n\t\t\t\t<\/div>\n\t\t\t\t\t\t<\/div>\n\t\t\t\t\t<\/div>\n\t\t<\/div>\n\t\t\t\t<div class=\"elementor-column elementor-col-50 elementor-inner-column elementor-element elementor-element-a6c27b4\" data-id=\"a6c27b4\" data-element_type=\"column\">\n\t\t\t<div class=\"elementor-column-wrap elementor-element-populated\">\n\t\t\t\t\t\t\t<div class=\"elementor-widget-wrap\">\n\t\t\t\t\t\t<div class=\"elementor-element elementor-element-8cf331f elementor-widget__width-inherit elementor-widget elementor-widget-text-editor\" data-id=\"8cf331f\" data-element_type=\"widget\" data-widget_type=\"text-editor.default\">\n\t\t\t\t<div class=\"elementor-widget-container\">\n\t\t\t\t\t\t\t\t<div class=\"elementor-text-editor elementor-clearfix\">\n\t\t\t\t<p><strong>2016<\/strong> \u2013 Gewinner der Touristenumfrage f\u00fcr das attraktivste Reiseziel in der Tschechischen Republik. Dieser Wettbewerb wird von der Agentur CzechTourism organisiert.<\/p>\t\t\t\t\t<\/div>\n\t\t\t\t\t\t<\/div>\n\t\t\t\t<\/div>\n\t\t\t\t\t\t<\/div>\n\t\t\t\t\t<\/div>\n\t\t<\/div>\n\t\t\t\t\t\t\t\t<\/div>\n\t\t\t\t\t<\/div>\n\t\t<\/section>\n\t\t\t\t\t\t<\/div>\n\t\t\t\t\t<\/div>\n\t\t<\/div>\n\t\t\t\t\t\t\t\t<\/div>\n\t\t\t\t\t<\/div>\n\t\t<\/section>\n\t\t\t\t<section class=\"elementor-section elementor-top-section elementor-element elementor-element-2fdd11e elementor-section-boxed elementor-section-height-default elementor-section-height-default\" data-id=\"2fdd11e\" data-element_type=\"section\">\n\t\t\t\t\t\t<div class=\"elementor-container elementor-column-gap-default\">\n\t\t\t\t\t\t\t<div class=\"elementor-row\">\n\t\t\t\t\t<div class=\"elementor-column elementor-col-100 elementor-top-column elementor-element elementor-element-1310d95\" data-id=\"1310d95\" data-element_type=\"column\">\n\t\t\t<div class=\"elementor-column-wrap elementor-element-populated\">\n\t\t\t\t\t\t\t<div class=\"elementor-widget-wrap\">\n\t\t\t\t\t\t<div class=\"elementor-element elementor-element-80a1857 elementor-widget elementor-widget-heading\" data-id=\"80a1857\" data-element_type=\"widget\" data-widget_type=\"heading.default\">\n\t\t\t\t<div class=\"elementor-widget-container\">\n\t\t\t<h2 class=\"elementor-heading-title elementor-size-default\">Stadt der Innovationen und Innovatoren<\/h2>\t\t<\/div>\n\t\t\t\t<\/div>\n\t\t\t\t<div class=\"elementor-element elementor-element-308e014 elementor-widget elementor-widget-text-editor\" data-id=\"308e014\" data-element_type=\"widget\" data-widget_type=\"text-editor.default\">\n\t\t\t\t<div class=\"elementor-widget-container\">\n\t\t\t\t\t\t\t\t<div class=\"elementor-text-editor elementor-clearfix\">\n\t\t\t\t<p>Die Stadt Kada\u0148 ist nicht r\u00fcckst\u00e4ndig und versucht vieles zu erneuern und zu verbessern. Im Rahmen des Smart Cities-Konzepts wurden in den letzten Jahren viele Projekte umgesetzt, dank derer unsere historische Stadt in die \u00c4ra moderner Technologien und intelligenter mobiler Ger\u00e4te eingetreten ist.<\/p>\t\t\t\t\t<\/div>\n\t\t\t\t\t\t<\/div>\n\t\t\t\t<\/div>\n\t\t\t\t\t\t<\/div>\n\t\t\t\t\t<\/div>\n\t\t<\/div>\n\t\t\t\t\t\t\t\t<\/div>\n\t\t\t\t\t<\/div>\n\t\t<\/section>\n\t\t\t\t<section class=\"elementor-section elementor-top-section elementor-element elementor-element-70ff841 elementor-section-boxed elementor-section-height-default elementor-section-height-default\" data-id=\"70ff841\" data-element_type=\"section\">\n\t\t\t\t\t\t<div class=\"elementor-container elementor-column-gap-default\">\n\t\t\t\t\t\t\t<div class=\"elementor-row\">\n\t\t\t\t\t<div class=\"elementor-column elementor-col-100 elementor-top-column elementor-element elementor-element-5435784c\" data-id=\"5435784c\" data-element_type=\"column\">\n\t\t\t<div class=\"elementor-column-wrap elementor-element-populated\">\n\t\t\t\t\t\t\t<div class=\"elementor-widget-wrap\">\n\t\t\t\t\t\t<div class=\"elementor-element elementor-element-7692a023 elementor-cta--valign-bottom elementor-widget__width-initial elementor-widget-tablet__width-initial elementor-widget-mobile__width-initial elementor-cta--skin-classic elementor-widget elementor-widget-call-to-action\" data-id=\"7692a023\" data-element_type=\"widget\" data-widget_type=\"call-to-action.default\">\n\t\t\t\t<div class=\"elementor-widget-container\">\n\t\t\t\t\t<a class=\"elementor-cta\" href=\"https:\/\/chomutovsky.denik.cz\/zpravy_region\/chytra-lavicka-za-ctvrt-milionu-nas-stala-par-tisic-zni-z-kadane-20180426.html\">\n\t\t\t\t\t<div class=\"elementor-cta__bg-wrapper\">\n\t\t\t\t<div class=\"elementor-cta__bg elementor-bg\" style=\"background-image: url(https:\/\/kadan.eu\/de\/wp-content\/uploads\/2019\/09\/IMG-3829-768x576.jpg);\"><\/div>\n\t\t\t\t<div class=\"elementor-cta__bg-overlay\"><\/div>\n\t\t\t<\/div>\n\t\t\t\t\t\t\t<div class=\"elementor-cta__content\">\n\t\t\t\t\n\t\t\t\t<h2 class=\"elementor-cta__title elementor-cta__content-item elementor-content-item\">Intelligente B\u00e4nke<\/h2>\n\t\t\t\t\t\t\t\t\t<div class=\"elementor-cta__description elementor-cta__content-item elementor-content-item\">\n\t\t\t\t\t\tLaden Sie Ihr Telefon und loggen Sie sich ins WLAN ein!\t\t\t\t\t<\/div>\n\t\t\t\t\n\t\t\t\t\t\t\t<\/div>\n\t\t\t\t\t\t<\/a>\n\t\t\t\t<\/div>\n\t\t\t\t<\/div>\n\t\t\t\t<div class=\"elementor-element elementor-element-b7ce3b1 elementor-cta--valign-bottom elementor-widget__width-initial elementor-widget-tablet__width-initial elementor-widget-mobile__width-initial elementor-cta--skin-classic elementor-widget elementor-widget-call-to-action\" data-id=\"b7ce3b1\" data-element_type=\"widget\" data-widget_type=\"call-to-action.default\">\n\t\t\t\t<div class=\"elementor-widget-container\">\n\t\t\t\t\t<a class=\"elementor-cta\" href=\"https:\/\/www.instagram.com\/discover_kadan\/\">\n\t\t\t\t\t<div class=\"elementor-cta__bg-wrapper\">\n\t\t\t\t<div class=\"elementor-cta__bg elementor-bg\" style=\"background-image: url(https:\/\/kadan.eu\/de\/wp-content\/uploads\/2019\/09\/blurred-background-cellphone-communication-1092671.jpg);\"><\/div>\n\t\t\t\t<div class=\"elementor-cta__bg-overlay\"><\/div>\n\t\t\t<\/div>\n\t\t\t\t\t\t\t<div class=\"elementor-cta__content\">\n\t\t\t\t\n\t\t\t\t<h2 class=\"elementor-cta__title elementor-cta__content-item elementor-content-item\">Erfolgreiches Instagram<\/h2>\n\t\t\t\t\t\t\t\t\t<div class=\"elementor-cta__description elementor-cta__content-item elementor-content-item\">\n\t\t\t\t\t\tEine der ersten St\u00e4dte in der Tschechischen Republik auf Instagram!\t\t\t\t\t<\/div>\n\t\t\t\t\n\t\t\t\t\t\t\t<\/div>\n\t\t\t\t\t\t<\/a>\n\t\t\t\t<\/div>\n\t\t\t\t<\/div>\n\t\t\t\t<div class=\"elementor-element elementor-element-e8843d4 elementor-cta--valign-bottom elementor-widget__width-initial elementor-widget-tablet__width-initial elementor-widget-mobile__width-initial elementor-cta--skin-classic elementor-widget elementor-widget-call-to-action\" data-id=\"e8843d4\" data-element_type=\"widget\" data-widget_type=\"call-to-action.default\">\n\t\t\t\t<div class=\"elementor-widget-container\">\n\t\t\t\t\t<a class=\"elementor-cta\" href=\"https:\/\/www.idnes.cz\/usti\/zpravy\/studentske-namesti-v-kadani-je-hotove.A160820_2267752_usti-zpravy_vac2\">\n\t\t\t\t\t<div class=\"elementor-cta__bg-wrapper\">\n\t\t\t\t<div class=\"elementor-cta__bg elementor-bg\" style=\"background-image: url(https:\/\/kadan.eu\/de\/wp-content\/uploads\/2021\/04\/P4270116-768x576.jpg);\"><\/div>\n\t\t\t\t<div class=\"elementor-cta__bg-overlay\"><\/div>\n\t\t\t<\/div>\n\t\t\t\t\t\t\t<div class=\"elementor-cta__content\">\n\t\t\t\t\n\t\t\t\t<h2 class=\"elementor-cta__title elementor-cta__content-item elementor-content-item\">Marktplatz \u201eStudentsk\u00e9 n\u00e1m\u011bst\u00ed\u201c <\/h2>\n\t\t\t\t\t\t\t\t\t<div class=\"elementor-cta__description elementor-cta__content-item elementor-content-item\">\n\t\t\t\t\t\tEin Platz, der von einem Kaadener Studenten entworfen wurde.\t\t\t\t\t<\/div>\n\t\t\t\t\n\t\t\t\t\t\t\t<\/div>\n\t\t\t\t\t\t<\/a>\n\t\t\t\t<\/div>\n\t\t\t\t<\/div>\n\t\t\t\t<div class=\"elementor-element elementor-element-15428a0 elementor-cta--valign-bottom elementor-widget__width-initial elementor-widget-tablet__width-initial elementor-widget-mobile__width-initial elementor-cta--skin-classic elementor-widget elementor-widget-call-to-action\" data-id=\"15428a0\" data-element_type=\"widget\" data-widget_type=\"call-to-action.default\">\n\t\t\t\t<div class=\"elementor-widget-container\">\n\t\t\t\t\t<a class=\"elementor-cta\" href=\"https:\/\/chomutovsky.denik.cz\/zpravy_region\/kadan-ma-mobilni-rozhlas-radnice-prinasi-dulezite-informace-formou-textovek-20190413.html\">\n\t\t\t\t\t<div class=\"elementor-cta__bg-wrapper\">\n\t\t\t\t<div class=\"elementor-cta__bg elementor-bg\" style=\"background-image: url(https:\/\/kadan.eu\/de\/wp-content\/uploads\/2019\/09\/iphone-410311_640.jpg);\"><\/div>\n\t\t\t\t<div class=\"elementor-cta__bg-overlay\"><\/div>\n\t\t\t<\/div>\n\t\t\t\t\t\t\t<div class=\"elementor-cta__content\">\n\t\t\t\t\n\t\t\t\t<h2 class=\"elementor-cta__title elementor-cta__content-item elementor-content-item\">Applikation Tschechische Gemeinde<\/h2>\n\t\t\t\t\t\t\t\t\t<div class=\"elementor-cta__description elementor-cta__content-item elementor-content-item\">\n\t\t\t\t\t\tMobile Applikation f\u00fcr die Kommunikation mit B\u00fcrgern.\t\t\t\t\t<\/div>\n\t\t\t\t\n\t\t\t\t\t\t\t<\/div>\n\t\t\t\t\t\t<\/a>\n\t\t\t\t<\/div>\n\t\t\t\t<\/div>\n\t\t\t\t\t\t<\/div>\n\t\t\t\t\t<\/div>\n\t\t<\/div>\n\t\t\t\t\t\t\t\t<\/div>\n\t\t\t\t\t<\/div>\n\t\t<\/section>\n\t\t\t\t\t\t\t\t\t<\/div>\n\t\t\t<\/div>\n\t\t\t\t\t<\/div>\n\t\t","protected":false},"excerpt":{"rendered":"<p>Kaadener Highlights Werfen Sie einen Blick hinter den Vorhang des Geschehens und genie\u00dfen Sie die Atmosph\u00e4re von Kada\u0148. Kada\u0148 ist nicht nur eine gut erhaltene mittelalterliche Stadt am Ufer des Flusses Eger im Norden der Tschechischen Republik. Dieser Artikel wird Kada\u0148 so darstellen, wie es wirklich ist. Der Besucher unserer Stadt kann nicht alle Dinge &hellip; <\/p>\n<p class=\"link-more\"><a href=\"https:\/\/kadan.eu\/de\/kaadener-highlights\/\" class=\"more-link\">Pokra\u010dovat ve \u010dten\u00ed<span class=\"screen-reader-text\"> &#8222;Kaadener Highlights&#8220;<\/span><\/a><\/p>\n","protected":false},"author":2,"featured_media":3993,"parent":0,"menu_order":0,"comment_status":"closed","ping_status":"closed","template":"elementor_header_footer","meta":{"_mi_skip_tracking":false},"yoast_head":"<!-- This site is optimized with the Yoast SEO plugin v18.4.1 - https:\/\/yoast.com\/wordpress\/plugins\/seo\/ -->\n<title>Turistick\u00e9 str\u00e1nky m\u011bsta Kada\u0148 | Kaadener Highlights<\/title>\n<meta name=\"description\" content=\"Kada\u0148, to nen\u00ed jen zachoval\u00e9 st\u0159edov\u011bk\u00e9 m\u011bsto na b\u0159ehu \u0159eky Oh\u0159e na severu \u010cesk\u00e9 republiky. Tento \u010dl\u00e1nek v\u00e1m odhal\u00ed Kada\u0148 takovou, jak\u00e1 opravdu je.\" \/>\n<meta name=\"robots\" content=\"index, follow, max-snippet:-1, max-image-preview:large, max-video-preview:-1\" \/>\n<link rel=\"canonical\" href=\"https:\/\/kadan.eu\/de\/kaadener-highlights\/\" \/>\n<meta property=\"og:locale\" content=\"cs_CZ\" \/>\n<meta property=\"og:type\" content=\"article\" \/>\n<meta property=\"og:title\" content=\"Turistick\u00e9 str\u00e1nky m\u011bsta Kada\u0148 | Kaadener Highlights\" \/>\n<meta property=\"og:description\" content=\"Kada\u0148, to nen\u00ed jen zachoval\u00e9 st\u0159edov\u011bk\u00e9 m\u011bsto na b\u0159ehu \u0159eky Oh\u0159e na severu \u010cesk\u00e9 republiky. Tento \u010dl\u00e1nek v\u00e1m odhal\u00ed Kada\u0148 takovou, jak\u00e1 opravdu je.\" \/>\n<meta property=\"og:url\" content=\"https:\/\/kadan.eu\/de\/kaadener-highlights\/\" \/>\n<meta property=\"og:site_name\" content=\"Turistick\u00e9 str\u00e1nky m\u011bsta Kada\u0148\" \/>\n<meta property=\"article:modified_time\" content=\"2021-05-25T12:19:47+00:00\" \/>\n<meta property=\"og:image\" content=\"https:\/\/kadan.eu\/de\/wp-content\/uploads\/2019\/09\/42124206_2034112303566159_5192740117994799104_o.jpg\" \/>\n\t<meta property=\"og:image:width\" content=\"1280\" \/>\n\t<meta property=\"og:image:height\" content=\"766\" \/>\n\t<meta property=\"og:image:type\" content=\"image\/jpeg\" \/>\n<meta name=\"twitter:card\" content=\"summary_large_image\" \/>\n<meta name=\"twitter:label1\" content=\"Odhadovan\u00e1 doba \u010dten\u00ed\" \/>\n\t<meta name=\"twitter:data1\" content=\"8 minut\" \/>\n<script type=\"application\/ld+json\" class=\"yoast-schema-graph\">{\"@context\":\"https:\/\/schema.org\",\"@graph\":[{\"@type\":\"Organization\",\"@id\":\"https:\/\/kadan.eu\/de\/#organization\",\"name\":\"Turistick\u00e9 str\u00e1nky m\u011bsta Kada\u0148\",\"url\":\"https:\/\/kadan.eu\/de\/\",\"sameAs\":[],\"logo\":{\"@type\":\"ImageObject\",\"@id\":\"https:\/\/kadan.eu\/de\/#logo\",\"inLanguage\":\"cs\",\"url\":\"https:\/\/kadan.eu\/de\/wp-content\/uploads\/2019\/06\/logo.jpg\",\"contentUrl\":\"https:\/\/kadan.eu\/de\/wp-content\/uploads\/2019\/06\/logo.jpg\",\"width\":669,\"height\":669,\"caption\":\"Turistick\u00e9 str\u00e1nky m\u011bsta Kada\u0148\"},\"image\":{\"@id\":\"https:\/\/kadan.eu\/de\/#logo\"}},{\"@type\":\"WebSite\",\"@id\":\"https:\/\/kadan.eu\/de\/#website\",\"url\":\"https:\/\/kadan.eu\/de\/\",\"name\":\"Turistick\u00e9 str\u00e1nky m\u011bsta Kada\u0148\",\"description\":\"\",\"publisher\":{\"@id\":\"https:\/\/kadan.eu\/de\/#organization\"},\"potentialAction\":[{\"@type\":\"SearchAction\",\"target\":{\"@type\":\"EntryPoint\",\"urlTemplate\":\"https:\/\/kadan.eu\/de\/?s={search_term_string}\"},\"query-input\":\"required name=search_term_string\"}],\"inLanguage\":\"cs\"},{\"@type\":\"ImageObject\",\"@id\":\"https:\/\/kadan.eu\/de\/kaadener-highlights\/#primaryimage\",\"inLanguage\":\"cs\",\"url\":\"https:\/\/kadan.eu\/de\/wp-content\/uploads\/2019\/09\/42124206_2034112303566159_5192740117994799104_o.jpg\",\"contentUrl\":\"https:\/\/kadan.eu\/de\/wp-content\/uploads\/2019\/09\/42124206_2034112303566159_5192740117994799104_o.jpg\",\"width\":1280,\"height\":766,\"caption\":\"N\u00e1b\u0159e\u017e\u00ed maxipsa F\u00edka Kada\u0148\"},{\"@type\":\"WebPage\",\"@id\":\"https:\/\/kadan.eu\/de\/kaadener-highlights\/#webpage\",\"url\":\"https:\/\/kadan.eu\/de\/kaadener-highlights\/\",\"name\":\"Turistick\u00e9 str\u00e1nky m\u011bsta Kada\u0148 | Kaadener Highlights\",\"isPartOf\":{\"@id\":\"https:\/\/kadan.eu\/de\/#website\"},\"primaryImageOfPage\":{\"@id\":\"https:\/\/kadan.eu\/de\/kaadener-highlights\/#primaryimage\"},\"datePublished\":\"2019-09-11T07:10:33+00:00\",\"dateModified\":\"2021-05-25T12:19:47+00:00\",\"description\":\"Kada\u0148, to nen\u00ed jen zachoval\u00e9 st\u0159edov\u011bk\u00e9 m\u011bsto na b\u0159ehu \u0159eky Oh\u0159e na severu \u010cesk\u00e9 republiky. Tento \u010dl\u00e1nek v\u00e1m odhal\u00ed Kada\u0148 takovou, jak\u00e1 opravdu je.\",\"breadcrumb\":{\"@id\":\"https:\/\/kadan.eu\/de\/kaadener-highlights\/#breadcrumb\"},\"inLanguage\":\"cs\",\"potentialAction\":[{\"@type\":\"ReadAction\",\"target\":[\"https:\/\/kadan.eu\/de\/kaadener-highlights\/\"]}]},{\"@type\":\"BreadcrumbList\",\"@id\":\"https:\/\/kadan.eu\/de\/kaadener-highlights\/#breadcrumb\",\"itemListElement\":[{\"@type\":\"ListItem\",\"position\":1,\"name\":\"Dom\u016f\",\"item\":\"https:\/\/kadan.eu\/de\/\"},{\"@type\":\"ListItem\",\"position\":2,\"name\":\"Kaadener Highlights\"}]}]}<\/script>\n<!-- \/ Yoast SEO plugin. -->","yoast_head_json":{"title":"Turistick\u00e9 str\u00e1nky m\u011bsta Kada\u0148 | Kaadener Highlights","description":"Kada\u0148, to nen\u00ed jen zachoval\u00e9 st\u0159edov\u011bk\u00e9 m\u011bsto na b\u0159ehu \u0159eky Oh\u0159e na severu \u010cesk\u00e9 republiky. Tento \u010dl\u00e1nek v\u00e1m odhal\u00ed Kada\u0148 takovou, jak\u00e1 opravdu je.","robots":{"index":"index","follow":"follow","max-snippet":"max-snippet:-1","max-image-preview":"max-image-preview:large","max-video-preview":"max-video-preview:-1"},"canonical":"https:\/\/kadan.eu\/de\/kaadener-highlights\/","og_locale":"cs_CZ","og_type":"article","og_title":"Turistick\u00e9 str\u00e1nky m\u011bsta Kada\u0148 | Kaadener Highlights","og_description":"Kada\u0148, to nen\u00ed jen zachoval\u00e9 st\u0159edov\u011bk\u00e9 m\u011bsto na b\u0159ehu \u0159eky Oh\u0159e na severu \u010cesk\u00e9 republiky. Tento \u010dl\u00e1nek v\u00e1m odhal\u00ed Kada\u0148 takovou, jak\u00e1 opravdu je.","og_url":"https:\/\/kadan.eu\/de\/kaadener-highlights\/","og_site_name":"Turistick\u00e9 str\u00e1nky m\u011bsta Kada\u0148","article_modified_time":"2021-05-25T12:19:47+00:00","og_image":[{"width":1280,"height":766,"url":"https:\/\/kadan.eu\/de\/wp-content\/uploads\/2019\/09\/42124206_2034112303566159_5192740117994799104_o.jpg","type":"image\/jpeg"}],"twitter_card":"summary_large_image","twitter_misc":{"Odhadovan\u00e1 doba \u010dten\u00ed":"8 minut"},"schema":{"@context":"https:\/\/schema.org","@graph":[{"@type":"Organization","@id":"https:\/\/kadan.eu\/de\/#organization","name":"Turistick\u00e9 str\u00e1nky m\u011bsta Kada\u0148","url":"https:\/\/kadan.eu\/de\/","sameAs":[],"logo":{"@type":"ImageObject","@id":"https:\/\/kadan.eu\/de\/#logo","inLanguage":"cs","url":"https:\/\/kadan.eu\/de\/wp-content\/uploads\/2019\/06\/logo.jpg","contentUrl":"https:\/\/kadan.eu\/de\/wp-content\/uploads\/2019\/06\/logo.jpg","width":669,"height":669,"caption":"Turistick\u00e9 str\u00e1nky m\u011bsta Kada\u0148"},"image":{"@id":"https:\/\/kadan.eu\/de\/#logo"}},{"@type":"WebSite","@id":"https:\/\/kadan.eu\/de\/#website","url":"https:\/\/kadan.eu\/de\/","name":"Turistick\u00e9 str\u00e1nky m\u011bsta Kada\u0148","description":"","publisher":{"@id":"https:\/\/kadan.eu\/de\/#organization"},"potentialAction":[{"@type":"SearchAction","target":{"@type":"EntryPoint","urlTemplate":"https:\/\/kadan.eu\/de\/?s={search_term_string}"},"query-input":"required name=search_term_string"}],"inLanguage":"cs"},{"@type":"ImageObject","@id":"https:\/\/kadan.eu\/de\/kaadener-highlights\/#primaryimage","inLanguage":"cs","url":"https:\/\/kadan.eu\/de\/wp-content\/uploads\/2019\/09\/42124206_2034112303566159_5192740117994799104_o.jpg","contentUrl":"https:\/\/kadan.eu\/de\/wp-content\/uploads\/2019\/09\/42124206_2034112303566159_5192740117994799104_o.jpg","width":1280,"height":766,"caption":"N\u00e1b\u0159e\u017e\u00ed maxipsa F\u00edka Kada\u0148"},{"@type":"WebPage","@id":"https:\/\/kadan.eu\/de\/kaadener-highlights\/#webpage","url":"https:\/\/kadan.eu\/de\/kaadener-highlights\/","name":"Turistick\u00e9 str\u00e1nky m\u011bsta Kada\u0148 | Kaadener Highlights","isPartOf":{"@id":"https:\/\/kadan.eu\/de\/#website"},"primaryImageOfPage":{"@id":"https:\/\/kadan.eu\/de\/kaadener-highlights\/#primaryimage"},"datePublished":"2019-09-11T07:10:33+00:00","dateModified":"2021-05-25T12:19:47+00:00","description":"Kada\u0148, to nen\u00ed jen zachoval\u00e9 st\u0159edov\u011bk\u00e9 m\u011bsto na b\u0159ehu \u0159eky Oh\u0159e na severu \u010cesk\u00e9 republiky. Tento \u010dl\u00e1nek v\u00e1m odhal\u00ed Kada\u0148 takovou, jak\u00e1 opravdu je.","breadcrumb":{"@id":"https:\/\/kadan.eu\/de\/kaadener-highlights\/#breadcrumb"},"inLanguage":"cs","potentialAction":[{"@type":"ReadAction","target":["https:\/\/kadan.eu\/de\/kaadener-highlights\/"]}]},{"@type":"BreadcrumbList","@id":"https:\/\/kadan.eu\/de\/kaadener-highlights\/#breadcrumb","itemListElement":[{"@type":"ListItem","position":1,"name":"Dom\u016f","item":"https:\/\/kadan.eu\/de\/"},{"@type":"ListItem","position":2,"name":"Kaadener Highlights"}]}]}},"_links":{"self":[{"href":"https:\/\/kadan.eu\/de\/wp-json\/wp\/v2\/pages\/2965"}],"collection":[{"href":"https:\/\/kadan.eu\/de\/wp-json\/wp\/v2\/pages"}],"about":[{"href":"https:\/\/kadan.eu\/de\/wp-json\/wp\/v2\/types\/page"}],"author":[{"embeddable":true,"href":"https:\/\/kadan.eu\/de\/wp-json\/wp\/v2\/users\/2"}],"replies":[{"embeddable":true,"href":"https:\/\/kadan.eu\/de\/wp-json\/wp\/v2\/comments?post=2965"}],"version-history":[{"count":152,"href":"https:\/\/kadan.eu\/de\/wp-json\/wp\/v2\/pages\/2965\/revisions"}],"predecessor-version":[{"id":6942,"href":"https:\/\/kadan.eu\/de\/wp-json\/wp\/v2\/pages\/2965\/revisions\/6942"}],"wp:featuredmedia":[{"embeddable":true,"href":"https:\/\/kadan.eu\/de\/wp-json\/wp\/v2\/media\/3993"}],"wp:attachment":[{"href":"https:\/\/kadan.eu\/de\/wp-json\/wp\/v2\/media?parent=2965"}],"curies":[{"name":"wp","href":"https:\/\/api.w.org\/{rel}","templated":true}]}}