{"id":2099,"date":"2019-08-13T14:54:20","date_gmt":"2019-08-13T12:54:20","guid":{"rendered":"https:\/\/kadan.eu\/de\/?page_id=2099"},"modified":"2021-05-25T14:51:26","modified_gmt":"2021-05-25T12:51:26","slug":"die-stadt-der-geschichten","status":"publish","type":"page","link":"https:\/\/kadan.eu\/de\/die-stadt-der-geschichten\/","title":{"rendered":"Die Stadt der Geschichten"},"content":{"rendered":"\t\t<div data-elementor-type=\"wp-post\" data-elementor-id=\"2099\" class=\"elementor elementor-2099\">\n\t\t\t\t\t\t<div class=\"elementor-inner\">\n\t\t\t\t<div class=\"elementor-section-wrap\">\n\t\t\t\t\t\t\t\t\t<section class=\"elementor-section elementor-top-section elementor-element elementor-element-5f78e1e7 elementor-section-full_width elementor-section-height-default elementor-section-height-default\" data-id=\"5f78e1e7\" data-element_type=\"section\">\n\t\t\t\t\t\t<div class=\"elementor-container elementor-column-gap-default\">\n\t\t\t\t\t\t\t<div class=\"elementor-row\">\n\t\t\t\t\t<div class=\"elementor-column elementor-col-100 elementor-top-column elementor-element elementor-element-7e6a8bdd\" data-id=\"7e6a8bdd\" data-element_type=\"column\">\n\t\t\t<div class=\"elementor-column-wrap elementor-element-populated\">\n\t\t\t\t\t\t\t<div class=\"elementor-widget-wrap\">\n\t\t\t\t\t\t<section class=\"elementor-section elementor-inner-section elementor-element elementor-element-3897ea6f elementor-section-boxed elementor-section-height-default elementor-section-height-default\" data-id=\"3897ea6f\" data-element_type=\"section\" data-settings=\"{&quot;background_background&quot;:&quot;classic&quot;}\">\n\t\t\t\t\t\t\t<div class=\"elementor-background-overlay\"><\/div>\n\t\t\t\t\t\t\t<div class=\"elementor-container elementor-column-gap-default\">\n\t\t\t\t\t\t\t<div class=\"elementor-row\">\n\t\t\t\t\t<div class=\"elementor-column elementor-col-100 elementor-inner-column elementor-element elementor-element-1195f301\" data-id=\"1195f301\" data-element_type=\"column\">\n\t\t\t<div class=\"elementor-column-wrap elementor-element-populated\">\n\t\t\t\t\t\t\t<div class=\"elementor-widget-wrap\">\n\t\t\t\t\t\t<div class=\"elementor-element elementor-element-4a89bc1e elementor-widget elementor-widget-heading\" data-id=\"4a89bc1e\" data-element_type=\"widget\" data-widget_type=\"heading.default\">\n\t\t\t\t<div class=\"elementor-widget-container\">\n\t\t\t<h3 class=\"elementor-heading-title elementor-size-default\">Die Stadt der Geschichten<\/h3>\t\t<\/div>\n\t\t\t\t<\/div>\n\t\t\t\t<div class=\"elementor-element elementor-element-48a8e3b6 elementor-widget elementor-widget-text-editor\" data-id=\"48a8e3b6\" data-element_type=\"widget\" data-widget_type=\"text-editor.default\">\n\t\t\t\t<div class=\"elementor-widget-container\">\n\t\t\t\t\t\t\t\t<div class=\"elementor-text-editor elementor-clearfix\">\n\t\t\t\t<p>Kada\u0148 und dessen Umgebung sind Schauplatz vieler Geschichten, Erz\u00e4hlungen und Legenden, die seit uralten Zeiten erz\u00e4hlt wurden.<\/p>\t\t\t\t\t<\/div>\n\t\t\t\t\t\t<\/div>\n\t\t\t\t<\/div>\n\t\t\t\t\t\t<\/div>\n\t\t\t\t\t<\/div>\n\t\t<\/div>\n\t\t\t\t\t\t\t\t<\/div>\n\t\t\t\t\t<\/div>\n\t\t<\/section>\n\t\t\t\t\t\t<\/div>\n\t\t\t\t\t<\/div>\n\t\t<\/div>\n\t\t\t\t\t\t\t\t<\/div>\n\t\t\t\t\t<\/div>\n\t\t<\/section>\n\t\t\t\t<section class=\"elementor-section elementor-top-section elementor-element elementor-element-578d5295 elementor-section-boxed elementor-section-height-default elementor-section-height-default\" data-id=\"578d5295\" data-element_type=\"section\">\n\t\t\t\t\t\t<div class=\"elementor-container elementor-column-gap-default\">\n\t\t\t\t\t\t\t<div class=\"elementor-row\">\n\t\t\t\t\t<div class=\"elementor-column elementor-col-100 elementor-top-column elementor-element elementor-element-429fee79\" data-id=\"429fee79\" data-element_type=\"column\">\n\t\t\t<div class=\"elementor-column-wrap elementor-element-populated\">\n\t\t\t\t\t\t\t<div class=\"elementor-widget-wrap\">\n\t\t\t\t\t\t<div class=\"elementor-element elementor-element-57a69276 elementor-widget elementor-widget-heading\" data-id=\"57a69276\" data-element_type=\"widget\" data-widget_type=\"heading.default\">\n\t\t\t\t<div class=\"elementor-widget-container\">\n\t\t\t<h3 class=\"elementor-heading-title elementor-size-default\">Der Kaadener Knochenmann<\/h3>\t\t<\/div>\n\t\t\t\t<\/div>\n\t\t\t\t<div class=\"elementor-element elementor-element-b04a0a8 elementor-widget elementor-widget-text-editor\" data-id=\"b04a0a8\" data-element_type=\"widget\" data-widget_type=\"text-editor.default\">\n\t\t\t\t<div class=\"elementor-widget-container\">\n\t\t\t\t\t\t\t\t<div class=\"elementor-text-editor elementor-clearfix\">\n\t\t\t\t<p>Die Legende stammt aus der Zeit, als sich auf dem Kaadener Marktplatz noch ein Friedhof ausbreitete. Es wird erz\u00e4hlt, dass jeden Tag genau um Mitternacht ein schrecklicher Knochenmann sein Grab verlie\u00df. Es war ein ehemaliger B\u00fcrgermeister von Kada\u0148, ber\u00fchmt f\u00fcr seine Selbstsucht und Grausamkeit. Nachts legte der Geist sein Totenhemd nieder und ging durch die Stra\u00dfen der Stadt, in die Vororte und sogar in die umliegenden D\u00f6rfer. Der Turmw\u00e4chter Urban, der mit seiner Tochter Judith in einer kleinen Kammer im Turm lebte, beobachtete sein Treiben von der Galerie des Rathauses aus. Die Menschen in der Stadt, der Stadtrat und der Pfarrer waren wegen des Geistes bereits vollkommen verzweifelt und so beschloss Urban etwas zu unternehmen. Als er sah, dass der Geist nachts die Stadt verlassen hatte, rannte er zu seinem Grab und zog sein Totenhemd an. Darin rannte er schnell zu seiner Kammer im Rathaus. Er war erst auf halber H\u00f6he der Treppe, als der Geist zu seinem Grab zur\u00fcckkehrte und verzweifelt nach seinem Totenhemd suchte, ohne das er nicht in das Reich der Toten zur\u00fcckkehren konnte. In kurzer Zeit erkannte der Geist, wo er nach dem Totenhemd suchen sollte, und begann verzweifelt, die Au\u00dfenmauer des Rathausturms zu erklimmen! Der Kampf um das Leben des Turmw\u00e4chters begann, dem die ver\u00e4ngstigten Stadtbewohner in ihren fest verschlossenen H\u00e4usern zuh\u00f6rten. In dem Moment, als sich der Geist der Steinstatue des Hundes n\u00e4herte, sah Judith aus dem Fenster. Sie sah die drohende Gefahr und zog verzweifelt an den Riemen des Hammers an der Turmuhr. Daraufhin schlug die Turmuhr und beendete die Geisterstunde schlagartig. Der Knochenmann st\u00fcrzte ab und am n\u00e4chsten Tag lag nur noch ein Haufen Asche auf dem Boden.<\/p>\t\t\t\t\t<\/div>\n\t\t\t\t\t\t<\/div>\n\t\t\t\t<\/div>\n\t\t\t\t<div class=\"elementor-element elementor-element-5dafb2b elementor-widget elementor-widget-heading\" data-id=\"5dafb2b\" data-element_type=\"widget\" data-widget_type=\"heading.default\">\n\t\t\t\t<div class=\"elementor-widget-container\">\n\t\t\t<h3 class=\"elementor-heading-title elementor-size-default\">Von der geizigen B\u00fcrgerin<\/h3>\t\t<\/div>\n\t\t\t\t<\/div>\n\t\t\t\t<div class=\"elementor-element elementor-element-2d3ad5c elementor-widget elementor-widget-text-editor\" data-id=\"2d3ad5c\" data-element_type=\"widget\" data-widget_type=\"text-editor.default\">\n\t\t\t\t<div class=\"elementor-widget-container\">\n\t\t\t\t\t\t\t\t<div class=\"elementor-text-editor elementor-clearfix\">\n\t\t\t\t<p>Eine andere Legende erz\u00e4hlt von einer B\u00fcrgerin, der einst in Kada\u0148 lebte. Sie war reich, aber auch sehr geizig. Als ihr Ehemann, der Stadtrat, vorzeitig starb, kaufte die B\u00fcrgerin sieben Katzen, davon war der einer Kater schwarz wie Kohle. Ihre pelzigen Lieblinge speisten mit ihr auf silbernen Tellern und schliefen in Seidenbetten. Als die Dame sp\u00fcrte, dass sich ihre letzten Tage n\u00e4herten, schrieb sie ein Testament, in dem sie ihren Katzen ihr gesamtes Eigentum vermachte. Im Testament erkl\u00e4rte sie auch, dass sie in der Krypta des Franziskanerklosters zu den 14 Nothelfern begraben werden wollte. Die Stadtbewohner waren dar\u00fcber sehr \u00fcberrascht und es verbreiteten sich Ger\u00fcchte, dass sie eine Hexe war und es mit dem Teufel zu tun hatte! Kurz nach ihrem Tod geschahen seltsame Dinge. Nacht f\u00fcr Nacht rannte eine Herde brennender Katzen durch die Stadt und verbreiteten Angst und Schrecken. Aber niemand wusste, was man tun solle. Am Ende wurde beschlossen, den K\u00f6rper aus der Krypta entfernen zu lassen. Dann wurde der ganze Sarg von den Felsen in den Fluss geworfen und die Prozession der brennenden Katzen h\u00f6rte tats\u00e4chlich auf zu erscheinen. Wenn Sie jedoch nachts den Weg um die Klostermauer entlang gehen, h\u00f6ren Sie m\u00f6glicherweise Katzen schreien und miauen. Die verzauberte Herde von Katzen trauert immer noch um ihre geliebte, langen verstorbene Herrin.<\/p>\t\t\t\t\t<\/div>\n\t\t\t\t\t\t<\/div>\n\t\t\t\t<\/div>\n\t\t\t\t<div class=\"elementor-element elementor-element-69e492b elementor-widget elementor-widget-heading\" data-id=\"69e492b\" data-element_type=\"widget\" data-widget_type=\"heading.default\">\n\t\t\t\t<div class=\"elementor-widget-container\">\n\t\t\t<h3 class=\"elementor-heading-title elementor-size-default\">Der gruselige Ritter<\/h3>\t\t<\/div>\n\t\t\t\t<\/div>\n\t\t\t\t<div class=\"elementor-element elementor-element-5904d4d elementor-widget elementor-widget-text-editor\" data-id=\"5904d4d\" data-element_type=\"widget\" data-widget_type=\"text-editor.default\">\n\t\t\t\t<div class=\"elementor-widget-container\">\n\t\t\t\t\t\t\t\t<div class=\"elementor-text-editor elementor-clearfix\">\n\t\t\t\t<p>Der Knochenmann war (sicherlich) nicht der einzige Geist, der in Kada\u0148 auftauchte. Jan Kraupner, der Franziskaner-Terti\u00e4r, der jeden Tag an der Morgenmesse in der Klosterkirche der Vierzehn Heiligen Helfer teilnahm, wusste das. Eines Tages, kurz vor Mitternacht, wurde er von einem L\u00e4uten geweckt, und da er glaubte, zum Gottesdienst gerufen zu werden, zog er sich schnell an und ging ins Kloster. Er traf einen Ritter in R\u00fcstung am Platz \u201e\u0160pit\u00e1lsk\u00e9 p\u0159edm\u011bst\u00ed\u201c genannt. Der B\u00fcrger lief erstaunt um ihn herum und blieb erst beim Franziskanerkloster stehen. Die Uhr des Rathauses schlug gerade Mitternacht, und der B\u00fcrger hatte erst jetzt seinen Fehler erkannt und wollte nach Hause zur\u00fcckkehren. Pl\u00f6tzlich sah er den mysteri\u00f6sen Ritter an der Klostermauer. Er h\u00f6rte die Orgel aus der Kirche spielen und den Gesang der Franziskanerbr\u00fcder. Jan Kraupner bekreuzigte sich schnell und eilte nach Hause. Unter der Kaadener Burg h\u00f6rte er das Klappern von R\u00fcstungen hinter ihm, und der Ritter erschien direkt vor ihm! Zum Gl\u00fcck entkam ihm Kraupner und kam ver\u00e4ngstigt nach Hause.<\/p><p>Wenn Sie bis hierher gelesen haben, m\u00f6chten Sie wahrscheinlich eine weitere Legende \u00fcber Kada\u0148 entdecken. Wenn Sie zum Beispiel etwas \u00fcber den letzten Kaadener Henker, \u00fcber den tapferen Kadan, K\u00f6nigin Egeria oder \u00fcber die grausame Frau aus P\u011btipsy erfahren m\u00f6chten, greifen Sie nach einem der B\u00fccher der Kaadener Legenden von Petr Hlav\u00e1\u010dek. Besuchen Sie das Touristeninformationszentrum Kada\u0148 in der Stra\u00dfe Jana \u0160vermy und sehen Sie sich andere B\u00fccher \u00fcber Kada\u0148 an. Sie finden alle Souvenirs in unserem Online-Katalog.<\/p>\t\t\t\t\t<\/div>\n\t\t\t\t\t\t<\/div>\n\t\t\t\t<\/div>\n\t\t\t\t<div class=\"elementor-element elementor-element-1eb31e3e elementor-align-center elementor-mobile-align-center elementor-widget elementor-widget-button\" data-id=\"1eb31e3e\" data-element_type=\"widget\" data-widget_type=\"button.default\">\n\t\t\t\t<div class=\"elementor-widget-container\">\n\t\t\t\t\t<div class=\"elementor-button-wrapper\">\n\t\t\t<a href=\"https:\/\/kadan.eu\/de\/katalog-der-souvenirs\/\" class=\"elementor-button-link elementor-button elementor-size-sm\" role=\"button\">\n\t\t\t\t\t\t<span class=\"elementor-button-content-wrapper\">\n\t\t\t\t\t\t<span class=\"elementor-button-text\">Den Souvenirkatalog zeigen<\/span>\n\t\t<\/span>\n\t\t\t\t\t<\/a>\n\t\t<\/div>\n\t\t\t\t<\/div>\n\t\t\t\t<\/div>\n\t\t\t\t\t\t<\/div>\n\t\t\t\t\t<\/div>\n\t\t<\/div>\n\t\t\t\t\t\t\t\t<\/div>\n\t\t\t\t\t<\/div>\n\t\t<\/section>\n\t\t\t\t\t\t\t\t\t<\/div>\n\t\t\t<\/div>\n\t\t\t\t\t<\/div>\n\t\t","protected":false},"excerpt":{"rendered":"<p>Die Stadt der Geschichten Kada\u0148 und dessen Umgebung sind Schauplatz vieler Geschichten, Erz\u00e4hlungen und Legenden, die seit uralten Zeiten erz\u00e4hlt wurden. Der Kaadener Knochenmann Die Legende stammt aus der Zeit, als sich auf dem Kaadener Marktplatz noch ein Friedhof ausbreitete. Es wird erz\u00e4hlt, dass jeden Tag genau um Mitternacht ein schrecklicher Knochenmann sein Grab verlie\u00df. &hellip; <\/p>\n<p class=\"link-more\"><a href=\"https:\/\/kadan.eu\/de\/die-stadt-der-geschichten\/\" class=\"more-link\">Pokra\u010dovat ve \u010dten\u00ed<span class=\"screen-reader-text\"> &#8222;Die Stadt der Geschichten&#8220;<\/span><\/a><\/p>\n","protected":false},"author":2,"featured_media":3993,"parent":0,"menu_order":0,"comment_status":"closed","ping_status":"closed","template":"elementor_header_footer","meta":{"_mi_skip_tracking":false},"yoast_head":"<!-- This site is optimized with the Yoast SEO plugin v18.4.1 - https:\/\/yoast.com\/wordpress\/plugins\/seo\/ -->\n<title>Turistick\u00e9 str\u00e1nky m\u011bsta Kada\u0148 | Die Stadt der Geschichten<\/title>\n<meta name=\"description\" content=\"S Kadan\u00ed, se poj\u00ed mnoho p\u0159\u00edb\u011bh\u016f a legend. Nejdete v nich b\u00e1jn\u00e9 bytosti, ryt\u00ed\u0159e, katy, stra\u0161idla, v\u00edly i trpasl\u00edky. Dovolte n\u00e1m p\u0159estavit v\u00e1m n\u011bkter\u00e9 z nich.\" \/>\n<meta name=\"robots\" content=\"index, follow, max-snippet:-1, max-image-preview:large, max-video-preview:-1\" \/>\n<link rel=\"canonical\" href=\"https:\/\/kadan.eu\/de\/die-stadt-der-geschichten\/\" \/>\n<meta property=\"og:locale\" content=\"cs_CZ\" \/>\n<meta property=\"og:type\" content=\"article\" \/>\n<meta property=\"og:title\" content=\"Turistick\u00e9 str\u00e1nky m\u011bsta Kada\u0148 | Die Stadt der Geschichten\" \/>\n<meta property=\"og:description\" content=\"S Kadan\u00ed, se poj\u00ed mnoho p\u0159\u00edb\u011bh\u016f a legend. Nejdete v nich b\u00e1jn\u00e9 bytosti, ryt\u00ed\u0159e, katy, stra\u0161idla, v\u00edly i trpasl\u00edky. Dovolte n\u00e1m p\u0159estavit v\u00e1m n\u011bkter\u00e9 z nich.\" \/>\n<meta property=\"og:url\" content=\"https:\/\/kadan.eu\/de\/die-stadt-der-geschichten\/\" \/>\n<meta property=\"og:site_name\" content=\"Turistick\u00e9 str\u00e1nky m\u011bsta Kada\u0148\" \/>\n<meta property=\"article:modified_time\" content=\"2021-05-25T12:51:26+00:00\" \/>\n<meta property=\"og:image\" content=\"https:\/\/kadan.eu\/de\/wp-content\/uploads\/2019\/09\/42124206_2034112303566159_5192740117994799104_o.jpg\" \/>\n\t<meta property=\"og:image:width\" content=\"1280\" \/>\n\t<meta property=\"og:image:height\" content=\"766\" \/>\n\t<meta property=\"og:image:type\" content=\"image\/jpeg\" \/>\n<meta name=\"twitter:card\" content=\"summary_large_image\" \/>\n<meta name=\"twitter:label1\" content=\"Odhadovan\u00e1 doba \u010dten\u00ed\" \/>\n\t<meta name=\"twitter:data1\" content=\"4 minuty\" \/>\n<script type=\"application\/ld+json\" class=\"yoast-schema-graph\">{\"@context\":\"https:\/\/schema.org\",\"@graph\":[{\"@type\":\"Organization\",\"@id\":\"https:\/\/kadan.eu\/de\/#organization\",\"name\":\"Turistick\u00e9 str\u00e1nky m\u011bsta Kada\u0148\",\"url\":\"https:\/\/kadan.eu\/de\/\",\"sameAs\":[],\"logo\":{\"@type\":\"ImageObject\",\"@id\":\"https:\/\/kadan.eu\/de\/#logo\",\"inLanguage\":\"cs\",\"url\":\"https:\/\/kadan.eu\/de\/wp-content\/uploads\/2019\/06\/logo.jpg\",\"contentUrl\":\"https:\/\/kadan.eu\/de\/wp-content\/uploads\/2019\/06\/logo.jpg\",\"width\":669,\"height\":669,\"caption\":\"Turistick\u00e9 str\u00e1nky m\u011bsta Kada\u0148\"},\"image\":{\"@id\":\"https:\/\/kadan.eu\/de\/#logo\"}},{\"@type\":\"WebSite\",\"@id\":\"https:\/\/kadan.eu\/de\/#website\",\"url\":\"https:\/\/kadan.eu\/de\/\",\"name\":\"Turistick\u00e9 str\u00e1nky m\u011bsta Kada\u0148\",\"description\":\"\",\"publisher\":{\"@id\":\"https:\/\/kadan.eu\/de\/#organization\"},\"potentialAction\":[{\"@type\":\"SearchAction\",\"target\":{\"@type\":\"EntryPoint\",\"urlTemplate\":\"https:\/\/kadan.eu\/de\/?s={search_term_string}\"},\"query-input\":\"required name=search_term_string\"}],\"inLanguage\":\"cs\"},{\"@type\":\"ImageObject\",\"@id\":\"https:\/\/kadan.eu\/de\/die-stadt-der-geschichten\/#primaryimage\",\"inLanguage\":\"cs\",\"url\":\"https:\/\/kadan.eu\/de\/wp-content\/uploads\/2019\/09\/42124206_2034112303566159_5192740117994799104_o.jpg\",\"contentUrl\":\"https:\/\/kadan.eu\/de\/wp-content\/uploads\/2019\/09\/42124206_2034112303566159_5192740117994799104_o.jpg\",\"width\":1280,\"height\":766,\"caption\":\"N\u00e1b\u0159e\u017e\u00ed maxipsa F\u00edka Kada\u0148\"},{\"@type\":\"WebPage\",\"@id\":\"https:\/\/kadan.eu\/de\/die-stadt-der-geschichten\/#webpage\",\"url\":\"https:\/\/kadan.eu\/de\/die-stadt-der-geschichten\/\",\"name\":\"Turistick\u00e9 str\u00e1nky m\u011bsta Kada\u0148 | Die Stadt der Geschichten\",\"isPartOf\":{\"@id\":\"https:\/\/kadan.eu\/de\/#website\"},\"primaryImageOfPage\":{\"@id\":\"https:\/\/kadan.eu\/de\/die-stadt-der-geschichten\/#primaryimage\"},\"datePublished\":\"2019-08-13T12:54:20+00:00\",\"dateModified\":\"2021-05-25T12:51:26+00:00\",\"description\":\"S Kadan\u00ed, se poj\u00ed mnoho p\u0159\u00edb\u011bh\u016f a legend. Nejdete v nich b\u00e1jn\u00e9 bytosti, ryt\u00ed\u0159e, katy, stra\u0161idla, v\u00edly i trpasl\u00edky. Dovolte n\u00e1m p\u0159estavit v\u00e1m n\u011bkter\u00e9 z nich.\",\"breadcrumb\":{\"@id\":\"https:\/\/kadan.eu\/de\/die-stadt-der-geschichten\/#breadcrumb\"},\"inLanguage\":\"cs\",\"potentialAction\":[{\"@type\":\"ReadAction\",\"target\":[\"https:\/\/kadan.eu\/de\/die-stadt-der-geschichten\/\"]}]},{\"@type\":\"BreadcrumbList\",\"@id\":\"https:\/\/kadan.eu\/de\/die-stadt-der-geschichten\/#breadcrumb\",\"itemListElement\":[{\"@type\":\"ListItem\",\"position\":1,\"name\":\"Dom\u016f\",\"item\":\"https:\/\/kadan.eu\/de\/\"},{\"@type\":\"ListItem\",\"position\":2,\"name\":\"Die Stadt der Geschichten\"}]}]}<\/script>\n<!-- \/ Yoast SEO plugin. -->","yoast_head_json":{"title":"Turistick\u00e9 str\u00e1nky m\u011bsta Kada\u0148 | Die Stadt der Geschichten","description":"S Kadan\u00ed, se poj\u00ed mnoho p\u0159\u00edb\u011bh\u016f a legend. Nejdete v nich b\u00e1jn\u00e9 bytosti, ryt\u00ed\u0159e, katy, stra\u0161idla, v\u00edly i trpasl\u00edky. Dovolte n\u00e1m p\u0159estavit v\u00e1m n\u011bkter\u00e9 z nich.","robots":{"index":"index","follow":"follow","max-snippet":"max-snippet:-1","max-image-preview":"max-image-preview:large","max-video-preview":"max-video-preview:-1"},"canonical":"https:\/\/kadan.eu\/de\/die-stadt-der-geschichten\/","og_locale":"cs_CZ","og_type":"article","og_title":"Turistick\u00e9 str\u00e1nky m\u011bsta Kada\u0148 | Die Stadt der Geschichten","og_description":"S Kadan\u00ed, se poj\u00ed mnoho p\u0159\u00edb\u011bh\u016f a legend. Nejdete v nich b\u00e1jn\u00e9 bytosti, ryt\u00ed\u0159e, katy, stra\u0161idla, v\u00edly i trpasl\u00edky. Dovolte n\u00e1m p\u0159estavit v\u00e1m n\u011bkter\u00e9 z nich.","og_url":"https:\/\/kadan.eu\/de\/die-stadt-der-geschichten\/","og_site_name":"Turistick\u00e9 str\u00e1nky m\u011bsta Kada\u0148","article_modified_time":"2021-05-25T12:51:26+00:00","og_image":[{"width":1280,"height":766,"url":"https:\/\/kadan.eu\/de\/wp-content\/uploads\/2019\/09\/42124206_2034112303566159_5192740117994799104_o.jpg","type":"image\/jpeg"}],"twitter_card":"summary_large_image","twitter_misc":{"Odhadovan\u00e1 doba \u010dten\u00ed":"4 minuty"},"schema":{"@context":"https:\/\/schema.org","@graph":[{"@type":"Organization","@id":"https:\/\/kadan.eu\/de\/#organization","name":"Turistick\u00e9 str\u00e1nky m\u011bsta Kada\u0148","url":"https:\/\/kadan.eu\/de\/","sameAs":[],"logo":{"@type":"ImageObject","@id":"https:\/\/kadan.eu\/de\/#logo","inLanguage":"cs","url":"https:\/\/kadan.eu\/de\/wp-content\/uploads\/2019\/06\/logo.jpg","contentUrl":"https:\/\/kadan.eu\/de\/wp-content\/uploads\/2019\/06\/logo.jpg","width":669,"height":669,"caption":"Turistick\u00e9 str\u00e1nky m\u011bsta Kada\u0148"},"image":{"@id":"https:\/\/kadan.eu\/de\/#logo"}},{"@type":"WebSite","@id":"https:\/\/kadan.eu\/de\/#website","url":"https:\/\/kadan.eu\/de\/","name":"Turistick\u00e9 str\u00e1nky m\u011bsta Kada\u0148","description":"","publisher":{"@id":"https:\/\/kadan.eu\/de\/#organization"},"potentialAction":[{"@type":"SearchAction","target":{"@type":"EntryPoint","urlTemplate":"https:\/\/kadan.eu\/de\/?s={search_term_string}"},"query-input":"required name=search_term_string"}],"inLanguage":"cs"},{"@type":"ImageObject","@id":"https:\/\/kadan.eu\/de\/die-stadt-der-geschichten\/#primaryimage","inLanguage":"cs","url":"https:\/\/kadan.eu\/de\/wp-content\/uploads\/2019\/09\/42124206_2034112303566159_5192740117994799104_o.jpg","contentUrl":"https:\/\/kadan.eu\/de\/wp-content\/uploads\/2019\/09\/42124206_2034112303566159_5192740117994799104_o.jpg","width":1280,"height":766,"caption":"N\u00e1b\u0159e\u017e\u00ed maxipsa F\u00edka Kada\u0148"},{"@type":"WebPage","@id":"https:\/\/kadan.eu\/de\/die-stadt-der-geschichten\/#webpage","url":"https:\/\/kadan.eu\/de\/die-stadt-der-geschichten\/","name":"Turistick\u00e9 str\u00e1nky m\u011bsta Kada\u0148 | Die Stadt der Geschichten","isPartOf":{"@id":"https:\/\/kadan.eu\/de\/#website"},"primaryImageOfPage":{"@id":"https:\/\/kadan.eu\/de\/die-stadt-der-geschichten\/#primaryimage"},"datePublished":"2019-08-13T12:54:20+00:00","dateModified":"2021-05-25T12:51:26+00:00","description":"S Kadan\u00ed, se poj\u00ed mnoho p\u0159\u00edb\u011bh\u016f a legend. Nejdete v nich b\u00e1jn\u00e9 bytosti, ryt\u00ed\u0159e, katy, stra\u0161idla, v\u00edly i trpasl\u00edky. Dovolte n\u00e1m p\u0159estavit v\u00e1m n\u011bkter\u00e9 z nich.","breadcrumb":{"@id":"https:\/\/kadan.eu\/de\/die-stadt-der-geschichten\/#breadcrumb"},"inLanguage":"cs","potentialAction":[{"@type":"ReadAction","target":["https:\/\/kadan.eu\/de\/die-stadt-der-geschichten\/"]}]},{"@type":"BreadcrumbList","@id":"https:\/\/kadan.eu\/de\/die-stadt-der-geschichten\/#breadcrumb","itemListElement":[{"@type":"ListItem","position":1,"name":"Dom\u016f","item":"https:\/\/kadan.eu\/de\/"},{"@type":"ListItem","position":2,"name":"Die Stadt der Geschichten"}]}]}},"_links":{"self":[{"href":"https:\/\/kadan.eu\/de\/wp-json\/wp\/v2\/pages\/2099"}],"collection":[{"href":"https:\/\/kadan.eu\/de\/wp-json\/wp\/v2\/pages"}],"about":[{"href":"https:\/\/kadan.eu\/de\/wp-json\/wp\/v2\/types\/page"}],"author":[{"embeddable":true,"href":"https:\/\/kadan.eu\/de\/wp-json\/wp\/v2\/users\/2"}],"replies":[{"embeddable":true,"href":"https:\/\/kadan.eu\/de\/wp-json\/wp\/v2\/comments?post=2099"}],"version-history":[{"count":29,"href":"https:\/\/kadan.eu\/de\/wp-json\/wp\/v2\/pages\/2099\/revisions"}],"predecessor-version":[{"id":7003,"href":"https:\/\/kadan.eu\/de\/wp-json\/wp\/v2\/pages\/2099\/revisions\/7003"}],"wp:featuredmedia":[{"embeddable":true,"href":"https:\/\/kadan.eu\/de\/wp-json\/wp\/v2\/media\/3993"}],"wp:attachment":[{"href":"https:\/\/kadan.eu\/de\/wp-json\/wp\/v2\/media?parent=2099"}],"curies":[{"name":"wp","href":"https:\/\/api.w.org\/{rel}","templated":true}]}}